{"id":361,"date":"2025-11-22T10:23:20","date_gmt":"2025-11-22T09:23:20","guid":{"rendered":"https:\/\/editionslescrocos.com\/?page_id=361"},"modified":"2025-12-01T23:55:47","modified_gmt":"2025-12-01T22:55:47","slug":"mentions-legales","status":"publish","type":"page","link":"https:\/\/editionslescrocos.com\/?page_id=361","title":{"rendered":"Mentions l\u00e9gales"},"content":{"rendered":"\n<div class=\"wp-block-group\" style=\"padding-top:0;padding-right:var(--wp--preset--spacing--80);padding-bottom:0;padding-left:var(--wp--preset--spacing--80)\"><div class=\"wp-block-group__inner-container is-layout-constrained wp-container-core-group-is-layout-d1478627 wp-block-group-is-layout-constrained\">\n<h2 class=\"wp-block-heading has-text-align-center has-large-font-size\" style=\"padding-top:var(--wp--preset--spacing--60);padding-bottom:var(--wp--preset--spacing--60)\">MENTIONS L\u00c9GALES<\/h2>\n\n\n\n<h3 class=\"wp-block-heading\">Editeur<\/h3>\n\n\n\n<ul class=\"wp-block-list\">\n<li>La soci\u00e9t\u00e9 Editions les Crocos Soci\u00e9t\u00e9 par action simplifi\u00e9e au capital social de 5 000 euros<\/li>\n\n\n\n<li>N\u00b0RCS : 898 008 438<\/li>\n\n\n\n<li>N\u00b0 TVA intercommunautaire : FR 94898008438<\/li>\n\n\n\n<li>Adresse du si\u00e8ge social : 2B rue Louis Bouquet, 69009 Lyon, France<\/li>\n\n\n\n<li>T\u00e9l\u00e9phone : +33 7 84 02 99 06<\/li>\n\n\n\n<li>Adresse e-mail : contact@editionslescrocos.com<\/li>\n<\/ul>\n\n\n\n<h3 class=\"wp-block-heading\">Directeur de publication<\/h3>\n\n\n\n<p>Le directeur de publication du pr\u00e9sent site internet est Monsieur St\u00e9phane Perraud, joignable aux m\u00eames coordonn\u00e9es que l&rsquo;\u00e9diteur.<\/p>\n\n\n\n<h3 class=\"wp-block-heading\">H\u00e9bergeur<\/h3>\n\n\n\n<p>o2switch\u2028SAS au capital de 100 000 \u20ac\u2028RCS Clermont-Ferrand : 510 909 807\u2028Adresse : chemin des Pardiaux, 63000 Clermont-Ferrand, France\u2028T\u00e9l\u00e9phone : 04 44 44 60 40\u2028Site web : https:\/\/www.o2switch.fr\/<\/p>\n\n\n\n<h3 class=\"wp-block-heading\">Propri\u00e9t\u00e9 intellectuelle<\/h3>\n\n\n\n<p>Sous r\u00e9serve des droits de ses partenaires, le contenu du site est la propri\u00e9t\u00e9 exclusive de l\u2019\u00c9diteur et est prot\u00e9g\u00e9 par les lois fran\u00e7aises et internationales relatives \u00e0 la propri\u00e9t\u00e9 intellectuelle. Ce droit de propri\u00e9t\u00e9 inclut, le cas \u00e9ch\u00e9ant, les bases de donn\u00e9es pr\u00e9sentes sur le site qui sont prot\u00e9g\u00e9es au titre du droit sui generis des producteurs de bases de donn\u00e9es.<\/p>\n\n\n\n<p>Les \u00e9l\u00e9ments du site, pris dans leur ensemble ou individuellement, ne peuvent faire l\u2019objet d\u2019aucune utilisation, transformation, traduction, adaptation, reproduction, exploitation, totale ou partielle, non express\u00e9ment autoris\u00e9e par l\u2019\u00c9diteur, sous peine de poursuites. Cela signifie notamment que les utilisateurs du site ne peuvent t\u00e9l\u00e9charger ou copier-coller ces contenus \u00e0 d\u00e9faut d\u2019autorisation expresse par la loi ou par l\u2019\u00c9diteur.<br>Les marques, logos, photographies, textes, illustrations, vid\u00e9os, et plus g\u00e9n\u00e9ralement l\u2019ensemble des contenus du site sont prot\u00e9g\u00e9s.<\/p>\n\n\n\n<h3 class=\"wp-block-heading\">Liens hypertextes<\/h3>\n\n\n\n<p>Les sites tiers vers lesquels renvoient certains liens hypertextes sont \u00e9dit\u00e9s sous la seule responsabilit\u00e9 de leurs propri\u00e9taires.<br>Le site est susceptible de diriger l\u2019utilisateur via des liens hypertextes vers d\u2019autres sites internet du m\u00eame \u00c9diteur ou de tiers. Il appartient \u00e0 l\u2019utilisateur de consulter les mentions l\u00e9gales de ces sites et de respecter leurs \u00e9ventuelles conditions d\u2019utilisation.<\/p>\n\n\n\n<p>L\u2019\u00c9diteur ne pourra en aucun cas \u00eatre tenu pour responsable des informations diffus\u00e9es sur les sites vers lesquels renvoient des liens hypertextes pr\u00e9sents sur son site ainsi que de tous pr\u00e9judices de quelque nature que ce soit r\u00e9sultant notamment de l\u2019acc\u00e8s \u00e0 ceux-ci.<\/p>\n\n\n\n<p>Si une personne dirige ses utilisateurs vers le pr\u00e9sent site internet, l\u2019\u00c9diteur se r\u00e9serve la possibilit\u00e9 de demander la suppression du lien hypertexte pointant vers ce site s\u2019il estime que ce lien n\u2019est pas conforme \u00e0 ses droits et int\u00e9r\u00eats l\u00e9gitimes.<\/p>\n\n\n\n<h3 class=\"wp-block-heading\">Cr\u00e9dits<\/h3>\n\n\n\n<p>Site r\u00e9alis\u00e9 par Thomas Bourgeois<br>E-mail&nbsp;: contact@troopa.fr<br>Site internet&nbsp;: www.troopa.fr\u2028Photographies : St\u00e9phane Perraud (tous droits r\u00e9serv\u00e9s)<\/p>\n\n\n\n<h2 class=\"wp-block-heading\">Politique de confidentialit\u00e9<\/h2>\n\n\n\n<p>Derni\u00e8re mise \u00e0 jour : 18 novembre 2025<\/p>\n\n\n\n<p>Les deux choses les plus importantes \u00e0 retenir (sinon \u00e7a va \u00eatre long) :<\/p>\n\n\n\n<ol class=\"wp-block-list\">\n<li>Nous avons veill\u00e9 \u00e0 limiter les informations personnelles demand\u00e9es au strict n\u00e9cessaire (conform\u00e9ment au principe de minimisation des donn\u00e9es) pour l&rsquo;ex\u00e9cution de votre demande.<\/li>\n\n\n\n<li>Notre soci\u00e9t\u00e9, Editions les Crocos, ne vend ni ne loue en aucun cas vos donn\u00e9es personnelles \u00e0 des tiers \u00e0 des fins de marketing ou \u00e0 toute autre fin que ce soit.<\/li>\n<\/ol>\n\n\n\n<h3 class=\"wp-block-heading\">1. D\u00c9FINITIONS<\/h3>\n\n\n\n<p>Les termes assortis d\u2019une majuscule renvoient aux d\u00e9finitions suivantes :<\/p>\n\n\n\n<p><strong>La \u00ab Soci\u00e9t\u00e9 \u00bb<\/strong> \u00e9galement d\u00e9sign\u00e9e comme l&rsquo;\u00c9diteur du Site, d\u00e9signe la soci\u00e9t\u00e9 Editions les Crocos dont le si\u00e8ge est situ\u00e9 2B rue Louis Bouquet, 69009 Lyon, immatricul\u00e9e au Registre du Commerce et des Soci\u00e9t\u00e9s sous le num\u00e9ro 898 008 438 dont le num\u00e9ro de TVA intracommunautaire est FR 94898008438.<\/p>\n\n\n\n<p><strong>Le \u00ab Site \u00bb<\/strong> d\u00e9signe le site internet accessible \u00e0 partir du lien URL https:\/\/www.editionslescrocos.com.<\/p>\n\n\n\n<p><strong>\u00ab Vous<\/strong> \u00bb d\u00e9signe les personnes concern\u00e9es par les Traitements effectu\u00e9s sur le Site (utilisateurs, prospects, clients\u2026).<\/p>\n\n\n\n<p>La \u00ab <strong>Politique<\/strong> \u00bb d\u00e9signe la pr\u00e9sente politique de confidentialit\u00e9.<\/p>\n\n\n\n<p>Une \u00ab <strong>Donn\u00e9e<\/strong> \u00bb correspond \u00e0 toute information sur une personne physique identifi\u00e9e ou identifiable (la \u00ab <strong>personne concern\u00e9e<\/strong> \u00bb) directement ou indirectement, notamment par r\u00e9f\u00e9rence \u00e0 un identifiant (nom, num\u00e9ro d&rsquo;identification, donn\u00e9es de localisation, identifiant en ligne\u2026) ou \u00e0 un ou plusieurs \u00e9l\u00e9ments propres \u00e0 son identit\u00e9.<\/p>\n\n\n\n<p>Un \u00ab <strong>Traitement<\/strong> \u00bb correspond \u00e0 toute op\u00e9ration appliqu\u00e9e \u00e0 des Donn\u00e9es (collecte, enregistrement, organisation, conservation, adaptation, communication par transmission, diffusion, effacement\u2026).<\/p>\n\n\n\n<p>Un \u00ab <strong>responsable de traitement<\/strong> \u00bb est celui qui, seul ou conjointement avec d&rsquo;autres, d\u00e9termine les finalit\u00e9s et les moyens du traitement et un \u00ab <strong>sous-traitant<\/strong> \u00bb est celui qui traite des Donn\u00e9es pour le compte du responsable du traitement. Sur le Site, sauf mention contraire, nous sommes responsables de traitement des Donn\u00e9es.<\/p>\n\n\n\n<p>Un \u00ab <strong>destinataire<\/strong> \u00bb est la personne physique ou morale, l&rsquo;autorit\u00e9 publique, le service ou tout autre organisme qui re\u00e7oit communication de donn\u00e9es personnelles, qu&rsquo;il s&rsquo;agisse ou non d&rsquo;un tiers.<\/p>\n\n\n\n<p>La \u00ab <strong>R\u00e9glementation<\/strong> \u00bb d\u00e9signe le R\u00e8glement (UE) 2016\/679 du Parlement europ\u00e9en et du Conseil du 27 avril 2016 relatif \u00e0 la protection des personnes physiques \u00e0 l&rsquo;\u00e9gard du traitement des donn\u00e9es \u00e0 caract\u00e8re personnel et \u00e0 la libre circulation de ces donn\u00e9es (\u2018\u2019RGPD\u2019\u2019) ; la Loi n\u00b0 78-17 du 6 janvier 1978 relative \u00e0 l&rsquo;informatique, aux fichiers et aux libert\u00e9s ; les r\u00e8gles applicables en mati\u00e8re de prospection commerciale pr\u00e9vues par le Code des postes et des t\u00e9l\u00e9communications, et plus g\u00e9n\u00e9ralement les lois et r\u00e8glements applicables aux Traitements de Donn\u00e9es que nous r\u00e9alisons<\/p>\n\n\n\n<h3 class=\"wp-block-heading\">2. SITE ET PROSPECTION COMMERCIALE<\/h3>\n\n\n\n<p>Le Site pr\u00e9sente les activit\u00e9s de notre Soci\u00e9t\u00e9 et divers formulaires (contact, abonnement \u00e0 la newsletter\u2026). En compl\u00e9tant les formulaires et en communiquant avec nous via le Site, vous nous transmettez les cat\u00e9gories d\u2019informations suivantes :<\/p>\n\n\n\n<p>&#8211; <strong>Donn\u00e9es d\u2019identit\u00e9<\/strong> : nom<\/p>\n\n\n\n<p>&#8211; <strong>Donn\u00e9es de contact et correspondances<\/strong> : adresse mail.<\/p>\n\n\n\n<p>En cas de demande via notre formulaire, la nature de votre demande et le contenu de votre demande.<\/p>\n\n\n\n<p>Conform\u00e9ment \u00e0 notre int\u00e9r\u00eat l\u00e9gitime, et le cas \u00e9ch\u00e9ant lorsque cela est n\u00e9cessaire \u00e0 l&rsquo;ex\u00e9cution de mesures pr\u00e9contractuelles prises \u00e0 votre demande ou d&rsquo;un contrat, nous r\u00e9alisons des traitements sur les Donn\u00e9es susvis\u00e9es pour les finalit\u00e9s suivantes :<\/p>\n\n\n\n<p>&#8211; Pr\u00e9sentation des produits et services de la Soci\u00e9t\u00e9 ;<\/p>\n\n\n\n<p>&#8211; Gestion, traitement et suivi des demandes et des \u00e9changes avec la Soci\u00e9t\u00e9, via le Site ;<\/p>\n\n\n\n<p>&#8211; Gestion de la relation avec les prospects ;<\/p>\n\n\n\n<p>&#8211; Gestion des avis des personnes sur des produits, services ou contenus de la Soci\u00e9t\u00e9 ;<\/p>\n\n\n\n<p>&#8211; Prospection et\/ou envoi d\u2019informations, gestion des op\u00e9rations techniques de prospection, choix des personnes pour r\u00e9aliser des actions de fid\u00e9lisation, prospection, sondage, test produit ;<\/p>\n\n\n\n<p>&#8211; Organisation de jeux concours, de loteries ou de toute op\u00e9ration promotionnelle sur le Site.<\/p>\n\n\n\n<p>Les donn\u00e9es utilis\u00e9es \u00e0 des fins de gestion de la prospection commerciale sont conserv\u00e9es au maximum pendant trois ans \u00e0 compter du dernier contact actif \u00e9manant du prospect ou client, ou avant en cas de retrait de votre consentement \u00e0 recevoir des messages de notre part. Les Donn\u00e9es des avis et contributions sont conserv\u00e9es pendant la dur\u00e9e d\u2019acc\u00e8s au public de l\u2019avis sur le Site.<\/p>\n\n\n\n<h3 class=\"wp-block-heading\">3. \u00c9V\u00c9NEMENTS<\/h3>\n\n\n\n<p><strong>Inscriptions et organisation.<\/strong> Nous pouvons organiser des \u00e9v\u00e8nements en pr\u00e9sentiel ou \u00e0 distance, des conf\u00e9rences, \u00e9v\u00e8nements festifs ou d\u2019affaire (les \u00ab Ev\u00e8nements \u00bb) qui peuvent \u00eatre gratuits ou payants. Les donn\u00e9es personnelles n\u00e9cessaire \u00e0 l\u2019organisation, la gestion, le traitement et le suivi des invitations, des inscriptions et des participations \u00e0 ces Ev\u00e8nements font l\u2019objet de traitements informatis\u00e9s de donn\u00e9es. Ces Donn\u00e9es peuvent \u00eatre archiv\u00e9es pendant cinq ans apr\u00e8s l&rsquo;\u00e9v\u00e9nement.<\/p>\n\n\n\n<p><strong>Image.<\/strong> Par ailleurs, nous pourrons \u00eatre amen\u00e9s \u00e0 fixer votre image et\/ou votre voix sur des supports photos, audios ou vid\u00e9os lors d\u2019un Ev\u00e8nement. Les captations pourront \u00eatre enregistr\u00e9es et publi\u00e9es par la Soci\u00e9t\u00e9, y compris sur les r\u00e9seaux sociaux conform\u00e9ment \u00e0 ses int\u00e9r\u00eats l\u00e9gitimes. Si vous ne souhaitez pas appara\u00eetre nous vous demandons de nous en informer au pr\u00e9alable, de couper votre cam\u00e9ra en cas d\u2019\u00e9v\u00e8nement \u00e0 distance, de vous placer en fond de salle, de ne pas participer aux photos group\u00e9es, de ne pas faire un signe au photographe \/ cameraman en cas d\u2019\u00e9v\u00e8nement en pr\u00e9sentiel.<\/p>\n\n\n\n<h3 class=\"wp-block-heading\">4. R\u00c9SEAUX SOCIAUX ET SITES TIERS<\/h3>\n\n\n\n<p><strong>Echanges sur les r\u00e9seaux sociaux.<\/strong> Nous pouvons vous contacter ou r\u00e9pondre \u00e0 vos questions via les r\u00e9seaux sociaux, si vous nous avez contact\u00e9s dans un premier temps par ce biais. Vous \u00eates inform\u00e9s que l\u2019usage des r\u00e9seaux sociaux entra\u00eene des traitements de donn\u00e9es \u00e0 caract\u00e8re personnel par les fournisseurs de ces r\u00e9seaux (voir leur politique de confidentialit\u00e9).<\/p>\n\n\n\n<p><strong>Informations publiques.<\/strong> Les informations vous concernant, que vous nous avez transmises, peuvent \u00e9ventuellement \u00eatre enrichies pour des finalit\u00e9s commerciales, de prospection, de communication, de sollicitation ou de marketing, au moyen d\u2019autres sources d\u2019informations comme les r\u00e9seaux sociaux. Cela comprend les informations dites \u00ab publiques \u00bb ou auxquelles nous pouvons avoir acc\u00e8s en tant qu\u2019administrateur d\u2019une page ou d\u2019un groupe. La base l\u00e9gale de ce traitement est notre int\u00e9r\u00eat l\u00e9gitime en tant que soci\u00e9t\u00e9 commerciale.<\/p>\n\n\n\n<p><strong>Interconnexion.<\/strong> Dans le cas ou votre espace membre peut se connecter \u00e0 un autre service (par exemple, un r\u00e9seau social) pour faire des envois crois\u00e9s alors le service tiers pourra nous communiquer des informations dont vous avez autoris\u00e9 la divulgation. Vous \u00eates inform\u00e9 que les \u00e9diteurs de services tiers pourront \u00e9galement collecter des informations concernant la consultation et\/ou l\u2019utilisation du Site, conform\u00e9ment \u00e0 leur propre politique de traitement des donn\u00e9es personnelles. Plus d\u2019informations sur l\u2019inscription au Site \u00e0 partir d\u2019un compte tiers pour :<\/p>\n\n\n\n<p>Facebook : https:\/\/www.facebook.com\/help\/223184117694507<a href=\"https:\/\/www.facebook.com\/help\/223184117694507\"> <\/a>; https:\/\/developers.facebook.com\/docs\/facebook-login\/overview<\/p>\n\n\n\n<p>Google : https:\/\/support.google.com\/accounts\/answer\/112802?co=GENIE.Platform%3DDesktop&amp;hl=fr<\/p>\n\n\n\n<p>Instagram&nbsp;:<br>https:\/\/help.instagram.com\/157983956568271<\/p>\n\n\n\n<p>LinkedIn<br>https:\/\/www.linkedin.com\/help\/linkedin?lang=fr<\/p>\n\n\n\n<h3 class=\"wp-block-heading\">5. EXERCICE DE VOS DROITS<\/h3>\n\n\n\n<p><strong>Pour toute demande d\u2019exercice des droits susvis\u00e9s ou pour plus d\u2019informations, vous pouvez contacter la Soci\u00e9t\u00e9 \u00e0 l\u2019adresse :<\/strong> <a href=\"mailto:contact@editionslescrocos.com\">contact@editionslescrocos.com<\/a> ou par voie postale \u00e0 l\u2019adresse du si\u00e8ge de la Soci\u00e9t\u00e9 indiqu\u00e9e en-t\u00eate.<\/p>\n\n\n\n<p>Conform\u00e9ment \u00e0 la r\u00e9glementation, vous disposez des droits suivants sur vos Donn\u00e9es :<\/p>\n\n\n\n<p>&#8211; <strong>Droit d\u2019acc\u00e8s<\/strong> \u00e0 vos Donn\u00e9es, incluant le droit d\u2019en demander copie, et aux informations fournies dans la pr\u00e9sente politique de confidentialit\u00e9 (art. 15 RGPD). Lorsque la base l\u00e9gale du traitement de donn\u00e9es est notre int\u00e9r\u00eat l\u00e9gitime, vous avez la possibilit\u00e9 de demander les informations relatives \u00e0 la mise en balance que nous avons effectu\u00e9e entre les int\u00e9r\u00eats de nos clients et ceux de la Soci\u00e9t\u00e9, pr\u00e9alablement \u00e0 ce traitement.<\/p>\n\n\n\n<p>&#8211; <strong>Droit de rectification<\/strong> (art. 16 RGPD) et de mise \u00e0 jour de vos donn\u00e9es dont nous disposons.<\/p>\n\n\n\n<p>&#8211; <strong>Droit \u00e0 l\u2019effacement<\/strong> de vos Donn\u00e9es (art. 17 RGPD) lorsque les donn\u00e9es ne nous sont plus n\u00e9cessaires, que vous avez retir\u00e9 votre consentement \u00e0 leur Traitement (s\u2019il reposait sur notre consentement) ou que vous vous opposez au Traitement reposant sur notre int\u00e9r\u00eat l\u00e9gitime ou au traitement effectu\u00e9 \u00e0 des fins de prospection ou \u00e0 des fins de profilage li\u00e9 \u00e0 la prospection.<\/p>\n\n\n\n<p>&#8211; <strong>Droit de retirer \u00e0 tout moment votre consentement<\/strong> (art. 13-2c RGPD) pour tous les traitements de donn\u00e9es reposant sur la base l\u00e9gale de votre consentement. Par ailleurs, en mati\u00e8re de prospection commerciale, vous avez la possibilit\u00e9 de vous d\u00e9sinscrire \u00e0 tout moment de nos listes de diffusion en cliquant sur le lien de d\u00e9sabonnement pr\u00e9sent dans nos communications ou en nous contactant pour ne plus recevoir de message de sollicitation.<\/p>\n\n\n\n<p>&#8211; <strong>Droit \u00e0 la limitation<\/strong> du Traitement, qui, sauf motif imp\u00e9rieux, ne pourra plus \u00eatre mis en \u0153uvre qu\u2019avec votre accord (art.18 RGPD) lorsque :<\/p>\n\n\n\n<p>&#8211; Vous contestez l\u2019exactitude des donn\u00e9es, pendant le temps n\u00e9cessaire \u00e0 leur v\u00e9rification,<\/p>\n\n\n\n<p>&#8211; Si le traitement de donn\u00e9es est illicite mais que vous vous opposez \u00e0 l\u2019effacement des donn\u00e9es et choisissez plut\u00f4t la limitation du traitement,<\/p>\n\n\n\n<p>&#8211; Lorsque nous n\u2019avons plus besoin des donn\u00e9es mais qu\u2019elles vous sont encore n\u00e9cessaires pour la constatation, l\u2019exercice ou la d\u00e9fense de vos droits en justice.<\/p>\n\n\n\n<p>&#8211; Lorsque vous vous \u00eates oppos\u00e9 au traitement fond\u00e9 sur notre int\u00e9r\u00eat l\u00e9gitime, pendant le temps n\u00e9cessaire \u00e0 la mise en balance de nos int\u00e9r\u00eats respectifs.<\/p>\n\n\n\n<p>&#8211; <strong>Droit \u00e0 la portabilit\u00e9<\/strong> des Donn\u00e9es directement fournies par la personne concern\u00e9e lorsqu\u2019elles font l\u2019objet de traitements automatis\u00e9s fond\u00e9s sur votre consentement ou sur un contrat (art. 20 RGPD). Ce droit signifie que vous avez la possibilit\u00e9 de demander la communication de ces donn\u00e9es dans un format structur\u00e9, couramment utilis\u00e9 et lisible par machine afin qu\u2019elles soient communiqu\u00e9es \u00e0 un autre responsable de traitement.<\/p>\n\n\n\n<p>&#8211; <strong>Droit d\u2019opposition<\/strong> (art. 21 RGPD) au traitement de vos donn\u00e9es lorsque ce Traitement a pour base l\u00e9gale notre int\u00e9r\u00eat l\u00e9gitime.<\/p>\n\n\n\n<p>&#8211; <strong>Droit de d\u00e9finir le sort de vos Donn\u00e9es apr\u00e8s votre mort<\/strong> (art. 40-1 de la loi 78-17 du 6 janvier 1978) et de choisir \u00e9ventuellement un tiers de confiance \u00e0 qui la Soci\u00e9t\u00e9 devra les confier.<\/p>\n\n\n\n<p>Vous pouvez \u00e9galement obtenir [plus d\u2019informations sur le site de la CNIL. (https:\/\/www.cnil.fr\/fr\/les-droits-pour-maitriser-vos-donnees-personnelles)<br>Ou par courrier&nbsp;: Commission nationale de l\u2019informatique et des libert\u00e9s (CNIL)\u20283 Place de Fontenoy \u2014 TSA 80715 \u2014 75334 Paris Cedex 07<\/p>\n\n\n\n<p>En cas de demande d\u2019exercice, la Soci\u00e9t\u00e9 se r\u00e9serve la possibilit\u00e9 de vous demander de pr\u00e9ciser votre demande et de fournir un justificatif d\u2019identit\u00e9 (qui sera conserv\u00e9 un an en cas d\u2019exercice du droit d\u2019acc\u00e8s ou de rectification et trois ans en cas d\u2019exercice du droit d\u2019opposition). Si notre r\u00e9ponse ne vous apportait pas une pleine satisfaction, vous b\u00e9n\u00e9ficiez toujours de la <strong>possibilit\u00e9 d\u2019introduire une r\u00e9clamation<\/strong> aupr\u00e8s de l\u2019autorit\u00e9 de contr\u00f4le et de protection des Donn\u00e9es personnelles dont vous relevez (en France, la CNIL).<\/p>\n\n\n\n<h3 class=\"wp-block-heading\">6. DUR\u00c9E DE CONSERVATION<\/h3>\n\n\n\n<p><strong>Engagements.<\/strong> Des moyens de suppression effective des Donn\u00e9es sont mis en place d\u00e8s lors que la dur\u00e9e de conservation ou d&rsquo;archivage n\u00e9cessaire \u00e0 l&rsquo;accomplissement des finalit\u00e9s d\u00e9termin\u00e9es ou impos\u00e9es est atteinte, notamment apr\u00e8s suppression de votre compte aupr\u00e8s de notre Soci\u00e9t\u00e9 ou au terme du contrat avec notre Soci\u00e9t\u00e9.<\/p>\n\n\n\n<p><strong>Minimisation.<\/strong> En tout \u00e9tat de cause, les Donn\u00e9es faisant l&rsquo;objet d&rsquo;un Traitement ne sont pas conserv\u00e9es au-del\u00e0 du temps n\u00e9cessaire \u00e0 l&rsquo;ex\u00e9cution des obligations d\u00e9finies lors de la conclusion du contrat, ou pos\u00e9es par la l\u00e9gislation en vigueur. Au-del\u00e0, elles pourront \u00eatre anonymis\u00e9es et conserv\u00e9es \u00e0 des fins statistiques, notamment sous une forme agr\u00e9g\u00e9e.<\/p>\n\n\n\n<p><strong>Contentieux.<\/strong> De m\u00eame, nous pouvons archiver les informations d\u00e9montrant l\u2019ex\u00e9cution de nos obligations contractuelles jusqu\u2019\u00e0 l\u2019expiration des d\u00e9lais de prescription \/ forclusion applicables aux actions en justices, et ce pour la bonne d\u00e9fense de nos int\u00e9r\u00eats devant les juridictions en cas de contentieux ult\u00e9rieur. Cela concerne notamment mais non exclusivement les dur\u00e9es pr\u00e9vues par le code de commerce, le code civil et le code de la consommation.<\/p>\n\n\n\n<h3 class=\"wp-block-heading\">7. DESTINATAIRES<\/h3>\n\n\n\n<p><strong>Engagements.<\/strong> Nous nous engageons \u00e0 ce que tout destinataire de donn\u00e9es pr\u00e9sente des garanties contractuelles suffisantes et appropri\u00e9es pour respecter vos droits, afin que le traitement r\u00e9ponde aux exigences du RGPD lorsque ce r\u00e8glement s\u2019applique (notamment en mati\u00e8re de sous-traitance). Sur la base de nos obligations l\u00e9gales, vos Donn\u00e9es pourront \u00eatre divulgu\u00e9es en application d&rsquo;une loi, d&rsquo;un r\u00e8glement ou en vertu d&rsquo;une d\u00e9cision d&rsquo;une autorit\u00e9 r\u00e9glementaire ou judiciaire comp\u00e9tente.<\/p>\n\n\n\n<p>Les informations que vous nous communiquez sont \u00e0 usage interne par les personnes habilit\u00e9es, elles sont strictement confidentielles et ne peuvent \u00eatre divulgu\u00e9es \u00e0 des tiers, sauf dans les conditions pr\u00e9vues par la R\u00e9glementation en cas d\u2019accord expr\u00e8s ou si vous avez d\u00e9cid\u00e9 de les rendre publiques.<\/p>\n\n\n\n<p><strong>Sous-traitance.<\/strong> Nos prestataires externes (ex : fournisseurs, transporteurs\u2026) peuvent, dans le cadre des traitements d\u00e9crits ci-avant, \u00eatre destinataires de donn\u00e9es personnelles lorsque cela est n\u00e9cessaire \u00e0 la r\u00e9alisation de leur mission.<\/p>\n\n\n\n<p><strong>Transfert hors UE<\/strong>. Nous nous engageons \u00e0 veiller au respect de la r\u00e9glementation applicable relative aux transferts des donn\u00e9es vers des pays situ\u00e9s en dehors de l\u2019Union Europ\u00e9enne et notamment selon les modalit\u00e9s suivantes :<\/p>\n\n\n\n<p>&#8211; Nous transf\u00e9rerons les donn\u00e9es des visiteurs, prospects et clients vers des pays reconnus comme offrant un niveau de protection ad\u00e9quat ;<\/p>\n\n\n\n<p>&#8211; Lorsque le pays de destination ne b\u00e9n\u00e9ficie pas d\u2019un niveau de protection ad\u00e9quat, nous encadrons les flux par des outils de transfert conformes \u00e0 la r\u00e9glementation (clauses contractuelles types de la commission europ\u00e9enne, notamment).<\/p>\n\n\n\n<p><strong>Agr\u00e9gation de donn\u00e9es non personnelles.<\/strong> Nous pouvons publier, divulguer et utiliser les informations agr\u00e9g\u00e9es (informations relatives aux utilisateurs du site, aux prospects, aux clients\u2026) que nous combinons de sorte qu\u2019aucune personne physique ne soit identifiable individuellement. Ce traitement est effectu\u00e9 conform\u00e9ment \u00e0 notre int\u00e9r\u00eat l\u00e9gitime \u00e0 des fins statistiques, d\u2019analyse du secteur et du march\u00e9, de pr\u00e9sentation de nos activit\u00e9s, \u00e0 des fins promotionnelles et publicitaires et \u00e0 d\u2019autres fins commerciales.<\/p>\n\n\n\n<h3 class=\"wp-block-heading\">8. S\u00c9CURIT\u00c9 INFORMATIQUE<\/h3>\n\n\n\n<p><strong>Engagements.<\/strong> Nous nous engageons \u00e0 mettre en \u0153uvre les mesures techniques et organisationnelles appropri\u00e9es gr\u00e2ce \u00e0 des moyens de s\u00e9curisation physiques et logistiques pour limiter les risques d&rsquo;acc\u00e8s accidentels, non autoris\u00e9s ou ill\u00e9gaux, de divulgation, d&rsquo;alt\u00e9ration, de perte ou encore de destruction des donn\u00e9es personnelles vous concernant.<\/p>\n\n\n\n<p><strong>Avertissements.<\/strong> Nous vous invitons \u00e0 rester prudent(e) sur ce que vous d\u00e9cidez de rendre public sur internet, notamment les <strong>donn\u00e9es personnelles<\/strong> relevant de votre vie priv\u00e9e ou sensibles <strong>rendues publiques \u00e0 votre initiative<\/strong> ou d\u00e9duites <em>via<\/em> vos contributions, commentaires et prises de position de quelque nature que ce soit sur le Site, ou encore les r\u00e9seaux sociaux sur des groupes et\/ou conversations avec d\u2019autres utilisateurs du Site.<\/p>\n\n\n\n<p><strong>Protocole Https.<\/strong> L\u2019adresse URL du Site est accompagn\u00e9e d\u2019un cadenas ferm\u00e9 ou une cl\u00e9 appara\u00eet en bas \u00e0 droite de votre navigateur signalant l\u2019existence du protocole de s\u00e9curit\u00e9 Https, applicable au stockage des donn\u00e9es notamment. Cela signifie que vous \u00eates dans une zone de navigation s\u00e9curis\u00e9e.<\/p>\n\n\n\n<p><strong>Violation de donn\u00e9es.<\/strong> Dans l&rsquo;\u00e9ventualit\u00e9 o\u00f9 un \u00e9v\u00e8nement entra\u00eenant la r\u00e9alisation des risques de modification, de disparition ou d\u2019acc\u00e8s non autoris\u00e9 aux Donn\u00e9es, nous nous engageons \u00e0 :<\/p>\n\n\n\n<p>&#8211; Examiner les causes de l&rsquo;incident ;<\/p>\n\n\n\n<p>&#8211; Prendre les mesures n\u00e9cessaires pour limiter les effets n\u00e9gatifs et pr\u00e9judices pouvant r\u00e9sulter dudit incident ;<\/p>\n\n\n\n<p>&#8211; Notifier l&rsquo;incident \u00e0 l\u2019autorit\u00e9 comp\u00e9tente et\/ou aux personnes concern\u00e9es dans les plus brefs d\u00e9lais lorsque cela r\u00e9pond \u00e0 une exigence l\u00e9gale.<\/p>\n\n\n\n<p>En aucun cas les engagements d\u00e9finis au point ci-dessus ne peuvent \u00eatre assimil\u00e9s \u00e0 une quelconque reconnaissance de faute ou de responsabilit\u00e9 de la Soci\u00e9t\u00e9 quant \u00e0 la survenance de cet incident.<\/p>\n\n\n\n<h3 class=\"wp-block-heading\">9. GENERALITES<\/h3>\n\n\n\n<p><strong>Caract\u00e8re obligatoire.<\/strong> Nous avons veill\u00e9 \u00e0 vous demander tr\u00e8s peu d\u2019informations personnelles pour l\u2019ex\u00e9cution de votre demande. En cas de demande incompl\u00e8te (par exemple : commande en ligne, demande de renseignements, etc.), la Soci\u00e9t\u00e9 se r\u00e9serve le droit de demander des informations compl\u00e9mentaires ou d\u2019\u00e9carter par tout moyen technique la possibilit\u00e9 de valider le formulaire concern\u00e9.<\/p>\n\n\n\n<p><strong>Liens hypertextes.<\/strong> Le Site peut fournir des liens vers d\u2019autres sites, applications et services que les siens, qui peuvent \u00eatre exploit\u00e9s par des soci\u00e9t\u00e9s tierces. Nous ne sommes pas responsables du traitement des donn\u00e9es personnelles effectu\u00e9s par ces sites tiers, ou les sites pointant vers le Site, dont l\u2019utilisateur est invit\u00e9 \u00e0 consulter les politiques de protection des donn\u00e9es personnelles pour plus d\u2019informations. La Politique est applicable uniquement aux activit\u00e9s de la Soci\u00e9t\u00e9, qui ne pourra \u00eatre tenue responsable des manquements d\u2019un tiers \u00e0 ses obligations en mati\u00e8re de protection des donn\u00e9es personnelles.<\/p>\n\n\n\n<p><strong>Champ d\u2019application.<\/strong> La Politique n\u2019est pas exhaustive de l\u2019ensemble des traitements et nous nous r\u00e9servons la possibilit\u00e9 de la compl\u00e9ter par tout moyen.<\/p>\n\n\n\n<p><strong>Langue.<\/strong> La Politique est r\u00e9dig\u00e9e en fran\u00e7ais. Dans le cas o\u00f9 elle serait traduite en une ou plusieurs langues, seul le texte fran\u00e7ais ferait foi en cas de litige.<\/p>\n\n\n\n<p><strong>Non-renonciation.<\/strong> L&rsquo;inapplication temporaire ou permanente d&rsquo;une ou plusieurs clauses des pr\u00e9sentes ne saurait valoir renonciation de sa part aux autres clauses des pr\u00e9sentes qui continuent \u00e0 produire leurs effets.<\/p>\n\n\n\n<p><strong>Modifications &#8211; Mises \u00e0 jour.<\/strong> Nous nous r\u00e9servons la possibilit\u00e9 de modifier la pr\u00e9sente politique de confidentialit\u00e9. Les personnes concern\u00e9es seront averties lorsque cela est pr\u00e9vu par la r\u00e9glementation applicable. La date de mise \u00e0 jour est indiqu\u00e9e en en-t\u00eate et nous vous invitons \u00e0 la consulter r\u00e9guli\u00e8rement.<\/p>\n\n\n\n<h3 class=\"wp-block-heading\">10. INFORMATION SUR LES COOKIES<\/h3>\n\n\n\n<p><strong>Pr\u00e9sentation :<\/strong> Les cookies et traceurs (ci-apr\u00e8s \u00ab Cookies \u00bb) d\u00e9signent les t\u00e9moins de connexion et plus g\u00e9n\u00e9ralement, tout fichier &#8211; d\u00e9pos\u00e9 lors de la consultation d\u2019un site web ou d\u2019une application mobile, de l\u2019installation ou de l\u2019utilisation d\u2019un logiciel dans l\u2019\u00e9quipement terminal de l\u2019utilisateur &#8211; ayant pour objet la lecture ou l\u2019\u00e9criture d\u2019informations dans cet \u00e9quipement. Les Cookies nous permettent de collecter des <strong>Donn\u00e9es de consultation du Site<\/strong> (adresse IP, fournisseur d\u2019acc\u00e8s \u00e0 Internet, configuration mat\u00e9rielle, configuration logicielle, type et langue du navigateur\u2026).<\/p>\n\n\n\n<p>Les Cookies peuvent \u00eatre d\u00e9pos\u00e9s par la Soci\u00e9t\u00e9 ou par des soci\u00e9t\u00e9s tierces sans votre consentement lorsqu\u2019ils sont strictement n\u00e9cessaires au fonctionnement du site ou pour faciliter la communication au public en ligne, par exemple lorsqu\u2019ils sont destin\u00e9s \u00e0 l\u2019authentification, \u00e0 garder en m\u00e9moire le contenu d\u2019un panier d\u2019achat, \u00e0 g\u00e9n\u00e9rer des statistiques de fr\u00e9quentation, ou encore pour limiter l\u2019acc\u00e8s gratuit \u00e0 un \u00e9chantillon de contenu demand\u00e9 par les utilisateurs.<\/p>\n\n\n\n<p><strong>Dur\u00e9e<\/strong> : La dur\u00e9e maximale de conservation des Cookies est de 13 mois apr\u00e8s leur premier d\u00e9p\u00f4t dans votre terminal et cette dur\u00e9e n\u2019est pas prolong\u00e9e \u00e0 chaque visite.<br>Les donn\u00e9es collect\u00e9es via les Cookies ne sont pas conserv\u00e9es au-del\u00e0 de 25 mois.<\/p>\n\n\n\n<p><strong>Consentement au d\u00e9p\u00f4t de Cookies :<\/strong> Vous \u00eates inform\u00e9 de la pr\u00e9sence des Cookies non strictement n\u00e9cessaires par un bandeau d\u2019information sur le Site. A l\u2019exception des cas d\u2019usage non soumis au consentement, les Cookies et traceurs ne feront l\u2019objet d\u2019un d\u00e9p\u00f4t sur votre terminal qu\u2019avec votre accord expr\u00e8s. Il pourra vous \u00eatre demand\u00e9 p\u00e9riodiquement de r\u00e9it\u00e9rer votre consentement, afin de nous assurer que celui-ci est toujours valide.<\/p>\n\n\n\n<p><strong>Param\u00e9trage des Cookies :<\/strong> Vous avez la possibilit\u00e9 de modifier vos pr\u00e9f\u00e9rences directement via le Site gr\u00e2ce \u00e0 l\u2019outil de param\u00e9trage d\u00e9di\u00e9, ou via les param\u00e8tres de votre navigateur (<a href=\"https:\/\/support.mozilla.org\/fr\/kb\/protection-renforcee-contre-pistage-firefox-ordinateur?redirectlocale=fr&amp;redirectslug=activer-desactiver-cookies\">Firefox<\/a> avec protection renforc\u00e9e contre le pistage ; <a href=\"https:\/\/support.mozilla.org\/fr\/kb\/effacer-les-cookies-pour-supprimer-les-information\">Firefox<\/a> avec suppression des Cookies ; <a href=\"https:\/\/support.google.com\/chrome\/answer\/95647?hl=fr\">Chrome<\/a> ; Internet Explorer <a href=\"https:\/\/support.apple.com\/fr-fr\/guide\/safari\/sfri11471\/mac\">;<\/a> <a href=\"https:\/\/support.apple.com\/fr-fr\/guide\/safari\/sfri11471\/mac\">Safari<\/a> <a href=\"https:\/\/help.opera.com\/en\/latest\/web-preferences\/#cookies\">; Opera<\/a> ; <a href=\"https:\/\/support.microsoft.com\/en-us\/windows\/microsoft-edge-browsing-data-and-privacy-bb8174ba-9d73-dcf2-9b4a-c582b4e640dd\">Microsoft Edge<\/a>). Vous pouvez \u00e9galement configurer le navigateur de votre terminal afin d\u2019activer l\u2019option \u00ab Do Not Track \u00bb, qui indiquera aux sites visit\u00e9s, aux r\u00e9gies publicitaires ou aux applications que vous ne souhaitez pas \u00eatre \u00ab suivi \u00bb. Cette fonctionnalit\u00e9 est disponible notamment pour les navigateurs suivants : <a href=\"https:\/\/support.mozilla.org\/fr\/kb\/comment-activer-option-ne-pas-pister\">Firefox<\/a> ; <a href=\"https:\/\/support.google.com\/chrome\/answer\/114836\">Chrome <\/a>; <a href=\"https:\/\/support.microsoft.com\/fr-fr\/help\/17288\/windows-internet-explorer-11-use-do-not-track\">Internet<\/a> <a href=\"https:\/\/support.microsoft.com\/fr-fr\/help\/17288\/windows-internet-explorer-11-use-do-not-track\">Explorer <\/a>; <a href=\"https:\/\/support.apple.com\/kb\/PH21416?locale=fr_FR\">Safari <\/a>; <a href=\"http:\/\/help.opera.com\/Windows\/12.10\/en\/notrack.html\">Opera <\/a>; <a href=\"https:\/\/privacy.microsoft.com\/fr-FR\/windows-10-microsoft-edge-and-privacy\">Microsoft Edge.<\/a><\/p>\n\n\n\n<p><strong>En cas de refus des Cookies non indispensables au fonctionnement du Site :<\/strong> Certaines fonctionnalit\u00e9s du Site tels que les lecteurs vid\u00e9o ou des contenus interactifs font appel \u00e0 des services propos\u00e9s par des tiers et d\u00e9posent des Cookies leur permettant d\u2019identifier votre consultation du contenu. En cas de refus du d\u00e9p\u00f4t de ces Cookies, les fonctionnalit\u00e9s de personnalisation ne pourront pas fonctionner et les contenus qui vous seront propos\u00e9s (notamment les suggestions de vid\u00e9os ou publicit\u00e9s) seront toujours pr\u00e9sentes mais seront sans lien avec vos centres d\u2019int\u00e9r\u00eat.<\/p>\n\n\n\n<p><strong>Types de Cookies :<\/strong> Outre les Cookies ayant pour finalit\u00e9 exclusive de permettre ou faciliter la communication via notre Site ou les Cookies strictement n\u00e9cessaires \u00e0 la fourniture du Site ou Service auquel vous avez souscrit, nous utilisons des Cookies et traceurs pour la finalit\u00e9 suivante :<\/p>\n\n\n\n<p>&#8211; <strong>Mesure d\u2019audience<\/strong> : La Soci\u00e9t\u00e9 utilise des traceurs dans le but de mesurer l\u2019audience du Site afin d\u2019optimiser le Site en fonction des statistiques sur sa fr\u00e9quentation et les navigations des internautes.<\/p>\n\n\n\n<h3 class=\"wp-block-heading\">11. POUR NOUS CONTACTER<\/h3>\n\n\n\n<p>Toute question concernant la Politique de confidentialit\u00e9 Editions les Crocos peut \u00eatre adress\u00e9e en cliquant sur le formulaire contact sur le site, ou via e-mail \u00e0 : contact@editionslescrocos.com<\/p>\n<\/div><\/div>\n","protected":false},"excerpt":{"rendered":"<p>MENTIONS L\u00c9GALES Editeur Directeur de publication Le directeur de publication du pr\u00e9sent site internet est Monsieur St\u00e9phane Perraud, joignable aux m\u00eames coordonn\u00e9es que l&rsquo;\u00e9diteur. H\u00e9bergeur o2switch\u2028SAS au capital de 100 000 \u20ac\u2028RCS Clermont-Ferrand : 510 909 807\u2028Adresse : chemin des Pardiaux, 63000 Clermont-Ferrand, France\u2028T\u00e9l\u00e9phone : 04 44 44 60 40\u2028Site web : https:\/\/www.o2switch.fr\/ Propri\u00e9t\u00e9 intellectuelle&#8230;<\/p>\n","protected":false},"author":1,"featured_media":0,"parent":0,"menu_order":0,"comment_status":"closed","ping_status":"closed","template":"","meta":{"_kadence_starter_templates_imported_post":false,"_kad_post_transparent":"","_kad_post_title":"","_kad_post_layout":"","_kad_post_sidebar_id":"","_kad_post_content_style":"","_kad_post_vertical_padding":"","_kad_post_feature":"","_kad_post_feature_position":"","_kad_post_header":false,"_kad_post_footer":false,"_kad_post_classname":"","footnotes":""},"class_list":["post-361","page","type-page","status-publish","hentry"],"_links":{"self":[{"href":"https:\/\/editionslescrocos.com\/index.php?rest_route=\/wp\/v2\/pages\/361","targetHints":{"allow":["GET"]}}],"collection":[{"href":"https:\/\/editionslescrocos.com\/index.php?rest_route=\/wp\/v2\/pages"}],"about":[{"href":"https:\/\/editionslescrocos.com\/index.php?rest_route=\/wp\/v2\/types\/page"}],"author":[{"embeddable":true,"href":"https:\/\/editionslescrocos.com\/index.php?rest_route=\/wp\/v2\/users\/1"}],"replies":[{"embeddable":true,"href":"https:\/\/editionslescrocos.com\/index.php?rest_route=%2Fwp%2Fv2%2Fcomments&post=361"}],"version-history":[{"count":18,"href":"https:\/\/editionslescrocos.com\/index.php?rest_route=\/wp\/v2\/pages\/361\/revisions"}],"predecessor-version":[{"id":1059,"href":"https:\/\/editionslescrocos.com\/index.php?rest_route=\/wp\/v2\/pages\/361\/revisions\/1059"}],"wp:attachment":[{"href":"https:\/\/editionslescrocos.com\/index.php?rest_route=%2Fwp%2Fv2%2Fmedia&parent=361"}],"curies":[{"name":"wp","href":"https:\/\/api.w.org\/{rel}","templated":true}]}}