{"id":196,"date":"2025-11-22T13:53:13","date_gmt":"2025-11-22T12:53:13","guid":{"rendered":"https:\/\/editionslescrocos.com\/?page_id=196"},"modified":"2025-12-02T13:52:38","modified_gmt":"2025-12-02T12:52:38","slug":"points-de-vente","status":"publish","type":"page","link":"https:\/\/editionslescrocos.com\/?page_id=196","title":{"rendered":"Points de vente"},"content":{"rendered":"<div class=\"wp-block-image\">\n<figure class=\"aligncenter size-full is-resized\" style=\"margin-right:var(--wp--preset--spacing--80);margin-left:var(--wp--preset--spacing--80)\"><img loading=\"lazy\" decoding=\"async\" width=\"1230\" height=\"750\" src=\"https:\/\/editionslescrocos.com\/wp-content\/uploads\/2025\/11\/Affiche_PointsdeVente.png\" alt=\"\" class=\"wp-image-307\" style=\"aspect-ratio:16\/9;object-fit:cover;width:1070px\" srcset=\"https:\/\/editionslescrocos.com\/wp-content\/uploads\/2025\/11\/Affiche_PointsdeVente.png 1230w, https:\/\/editionslescrocos.com\/wp-content\/uploads\/2025\/11\/Affiche_PointsdeVente-300x183.png 300w, https:\/\/editionslescrocos.com\/wp-content\/uploads\/2025\/11\/Affiche_PointsdeVente-1024x624.png 1024w, https:\/\/editionslescrocos.com\/wp-content\/uploads\/2025\/11\/Affiche_PointsdeVente-768x468.png 768w\" sizes=\"auto, (max-width: 1230px) 100vw, 1230px\" \/><\/figure>\n<\/div>\n\n\n<h1 class=\"wp-block-heading has-text-align-center has-large-font-size\">O\u00d9 TROUVER NOS LIVRES<\/h1>\n\n\n\n<p class=\"has-text-align-center has-large-font-size\"><em>\u00c0 Lyon et ailleurs&#8230;<\/em><\/p>\n\n\n\n<h3 class=\"wp-block-heading\" style=\"padding-right:var(--wp--preset--spacing--80);padding-left:var(--wp--preset--spacing--80)\"><strong>LYON ( PAR ARRONDISSEMENTS)<\/strong><\/h3>\n\n\n\n<p><\/p>\n\n\n\n<div class=\"wp-block-group is-layout-grid wp-container-core-group-is-layout-2165c098 wp-block-group-is-layout-grid\" style=\"min-height:0px;padding-top:0;padding-right:var(--wp--preset--spacing--80);padding-bottom:0;padding-left:var(--wp--preset--spacing--80);line-height:0\">\n<div class=\"wp-block-group wp-container-content-cf841b22\" style=\"min-height:200px;padding-right:0;padding-left:0;line-height:1.5\"><div class=\"wp-block-group__inner-container is-layout-constrained wp-container-core-group-is-layout-a7c31ef8 wp-block-group-is-layout-constrained\">\n<p class=\"has-medium-font-size\"><strong>\u00c0 Titre d&rsquo;Aile<\/strong><\/p>\n\n\n\n<div class=\"wp-block-group wp-container-content-d64d2fc5\" style=\"line-height:0\"><div class=\"wp-block-group__inner-container is-layout-constrained wp-block-group-is-layout-constrained\">\n<p style=\"line-height:1.8\">La librairie jeunesse des Pentes de la Croix-Rousse. C\u00e9line nous soutient depuis le d\u00e9but.<\/p>\n<\/div><\/div>\n\n\n\n<p><a href=\"https:\/\/share.google\/K8kwJ1G4VsO5ce44T\" target=\"_blank\" rel=\"noreferrer noopener\">23 rue des Tables Claudiennes, 69001 Lyon<\/a><\/p>\n\n\n\n<div class=\"wp-block-buttons is-layout-flex wp-block-buttons-is-layout-flex\">\n<div class=\"wp-block-button\"><a class=\"wp-block-button__link wp-element-button\" href=\"http:\/\/atitredaile.fr\" target=\"_blank\" rel=\"noreferrer noopener\">Site web<\/a><\/div>\n<\/div>\n<\/div><\/div>\n\n\n\n<div class=\"wp-block-group wp-container-content-cf841b22\" style=\"min-height:200px;padding-right:0;padding-left:0;line-height:1.5\"><div class=\"wp-block-group__inner-container is-layout-constrained wp-container-core-group-is-layout-a7c31ef8 wp-block-group-is-layout-constrained\">\n<p class=\"has-medium-font-size\"><strong>Le livre en pente<\/strong><\/p>\n\n\n\n<div class=\"wp-block-group wp-container-content-d64d2fc5\" style=\"line-height:0\"><div class=\"wp-block-group__inner-container is-layout-constrained wp-block-group-is-layout-constrained\">\n<p style=\"line-height:1.8\">Une petite librairie, sympa et d\u00e9contract\u00e9e, en haut des<br> pentes de la Croix-Rousse. Tutoiement de rigueur.<\/p>\n<\/div><\/div>\n\n\n\n<p><a href=\"https:\/\/share.google\/VYqSO1nn6YCLTsPIl\" target=\"_blank\" rel=\"noreferrer noopener\">18 Rue des Pierres Plant\u00e9es, 69001 Lyon<\/a><\/p>\n\n\n\n<div class=\"wp-block-buttons is-layout-flex wp-block-buttons-is-layout-flex\">\n<div class=\"wp-block-button\"><a class=\"wp-block-button__link wp-element-button\" href=\"http:\/\/facebook.com\/lelivreenpente\" target=\"_blank\" rel=\"noreferrer noopener\">Site web<\/a><\/div>\n<\/div>\n<\/div><\/div>\n<\/div>\n\n\n\n<div class=\"wp-block-group is-layout-grid wp-container-core-group-is-layout-2165c098 wp-block-group-is-layout-grid\" style=\"min-height:0px;padding-top:0;padding-right:var(--wp--preset--spacing--80);padding-bottom:0;padding-left:var(--wp--preset--spacing--80);line-height:0\">\n<div class=\"wp-block-group wp-container-content-cf841b22\" style=\"min-height:200px;padding-right:0;padding-left:0;line-height:1.5\"><div class=\"wp-block-group__inner-container is-layout-constrained wp-container-core-group-is-layout-a7c31ef8 wp-block-group-is-layout-constrained\">\n<p class=\"has-medium-font-size\"><strong>Librairie Adrienne<\/strong><\/p>\n\n\n\n<div class=\"wp-block-group wp-container-content-d64d2fc5\" style=\"line-height:0\"><div class=\"wp-block-group__inner-container is-layout-constrained wp-block-group-is-layout-constrained\">\n<p style=\"line-height:1.8\">Le nom de cette librairie rend hommage \u00e0 Adrienne Monnier, l\u2019une des premi\u00e8res femmes \u00e0 avoir mont\u00e9 une librairie en France<\/p>\n<\/div><\/div>\n\n\n\n<p><a href=\"https:\/\/share.google\/lqi1tK22Hc7rgMvMF\" target=\"_blank\" rel=\"noreferrer noopener\">70 rue de la Charit\u00e9, 69002 Lyon<\/a><\/p>\n\n\n\n<div class=\"wp-block-buttons is-layout-flex wp-block-buttons-is-layout-flex\">\n<div class=\"wp-block-button\"><a class=\"wp-block-button__link wp-element-button\" href=\"http:\/\/librairie-adrienne.com\" target=\"_blank\" rel=\"noreferrer noopener\">Site web<\/a><\/div>\n<\/div>\n<\/div><\/div>\n\n\n\n<div class=\"wp-block-group wp-container-content-cf841b22\" style=\"min-height:200px;padding-right:0;padding-left:0;line-height:1.5\"><div class=\"wp-block-group__inner-container is-layout-constrained wp-container-core-group-is-layout-a7c31ef8 wp-block-group-is-layout-constrained\">\n<p class=\"has-medium-font-size\"><strong>Librairie Passages<\/strong><\/p>\n\n\n\n<div class=\"wp-block-group wp-container-content-d64d2fc5\" style=\"line-height:0\"><div class=\"wp-block-group__inner-container is-layout-constrained wp-block-group-is-layout-constrained\">\n<p style=\"line-height:1.8\">Que vous soyez de passage \u00e0 Lyon ou non, entrez. Le choix est vaste\u2026<\/p>\n<\/div><\/div>\n\n\n\n<p><a href=\"https:\/\/share.google\/p8CQuUVBFyG8UoEyt\" target=\"_blank\" rel=\"noreferrer noopener\">11 rue de Brest, 69002 Lyon<\/a><\/p>\n\n\n\n<div class=\"wp-block-buttons is-layout-flex wp-block-buttons-is-layout-flex\">\n<div class=\"wp-block-button\"><a class=\"wp-block-button__link wp-element-button\" href=\"http:\/\/librairiepassages.fr\" target=\"_blank\" rel=\"noreferrer noopener\">Site web<\/a><\/div>\n<\/div>\n<\/div><\/div>\n<\/div>\n\n\n\n<div class=\"wp-block-group is-layout-grid wp-container-core-group-is-layout-2165c098 wp-block-group-is-layout-grid\" style=\"min-height:0px;padding-top:0;padding-right:var(--wp--preset--spacing--80);padding-bottom:0;padding-left:var(--wp--preset--spacing--80);line-height:0\">\n<div class=\"wp-block-group wp-container-content-cf841b22\" style=\"min-height:200px;padding-right:0;padding-left:0;line-height:1.5\"><div class=\"wp-block-group__inner-container is-layout-constrained wp-container-core-group-is-layout-a7c31ef8 wp-block-group-is-layout-constrained\">\n<p class=\"has-medium-font-size\"><strong>La Procure Saint-Paul<\/strong><\/p>\n\n\n\n<div class=\"wp-block-group wp-container-content-d64d2fc5\" style=\"line-height:0\"><div class=\"wp-block-group__inner-container is-layout-constrained wp-block-group-is-layout-constrained\">\n<p style=\"line-height:1.8\">Une librairie catholique, au choix de livres et de BD tr\u00e8s \u00e9clectique !<\/p>\n<\/div><\/div>\n\n\n\n<p><a href=\"https:\/\/share.google\/3LzoKFSm4oHiVtbGU\" target=\"_blank\" rel=\"noreferrer noopener\">8 Place Bellecour, 69002 Lyon<\/a><\/p>\n\n\n\n<div class=\"wp-block-buttons is-layout-flex wp-block-buttons-is-layout-flex\">\n<div class=\"wp-block-button\"><a class=\"wp-block-button__link wp-element-button\" href=\"http:\/\/facebook.com\/LaProcure\" target=\"_blank\" rel=\"noreferrer noopener\">Site web<\/a><\/div>\n<\/div>\n<\/div><\/div>\n\n\n\n<div class=\"wp-block-group wp-container-content-cf841b22\" style=\"min-height:200px;padding-right:0;padding-left:0;line-height:1.5\"><div class=\"wp-block-group__inner-container is-layout-constrained wp-container-core-group-is-layout-a7c31ef8 wp-block-group-is-layout-constrained\">\n<p class=\"has-medium-font-size\"><strong>Decitre Bellecour<\/strong><\/p>\n\n\n\n<div class=\"wp-block-group wp-container-content-d64d2fc5\" style=\"line-height:0\"><div class=\"wp-block-group__inner-container is-layout-constrained wp-block-group-is-layout-constrained\">\n<p style=\"line-height:1.8\">Saviez-vous que la premi\u00e8re librairie Decitre a \u00e9t\u00e9 cr\u00e9\u00e9e place Bellecour en 1907 ?<\/p>\n<\/div><\/div>\n\n\n\n<p><a href=\"https:\/\/share.google\/MebQZgs9NgBT6A4yT\" target=\"_blank\" rel=\"noreferrer noopener\">29 Place Bellecour, 69002 Lyon<\/a><\/p>\n\n\n\n<div class=\"wp-block-buttons is-layout-flex wp-block-buttons-is-layout-flex\">\n<div class=\"wp-block-button\"><a class=\"wp-block-button__link wp-element-button\" href=\"http:\/\/facebook.com\/Decitrebellecour\" target=\"_blank\" rel=\"noreferrer noopener\">Site web<\/a><\/div>\n<\/div>\n<\/div><\/div>\n<\/div>\n\n\n\n<div class=\"wp-block-group is-layout-grid wp-container-core-group-is-layout-2165c098 wp-block-group-is-layout-grid\" style=\"min-height:0px;padding-top:0;padding-right:var(--wp--preset--spacing--80);padding-bottom:0;padding-left:var(--wp--preset--spacing--80);line-height:0\">\n<div class=\"wp-block-group wp-container-content-cf841b22\" style=\"min-height:200px;padding-right:0;padding-left:0;line-height:1.5\"><div class=\"wp-block-group__inner-container is-layout-constrained wp-container-core-group-is-layout-a7c31ef8 wp-block-group-is-layout-constrained\">\n<p class=\"has-medium-font-size\"><strong>Exp\u00e9rience<\/strong><\/p>\n\n\n\n<div class=\"wp-block-group wp-container-content-d64d2fc5\" style=\"line-height:0\"><div class=\"wp-block-group__inner-container is-layout-constrained wp-block-group-is-layout-constrained\">\n<p style=\"line-height:1.8\">La librairie BD historique de Lyon. Sur les vo\u00fbtes, 30 ans de d\u00e9dicaces des plus grands dessinateurs vous contemplent.<\/p>\n<\/div><\/div>\n\n\n\n<p><a href=\"https:\/\/share.google\/LJtWMV93YO1xse4qi\" target=\"_blank\" rel=\"noreferrer noopener\">5 place Antonin Poncet, 69002 Lyon<\/a><\/p>\n\n\n\n<div class=\"wp-block-buttons is-layout-flex wp-block-buttons-is-layout-flex\">\n<div class=\"wp-block-button\"><a class=\"wp-block-button__link wp-element-button\" href=\"http:\/\/librairie-experience.com\" target=\"_blank\" rel=\"noreferrer noopener\">Site web<\/a><\/div>\n<\/div>\n<\/div><\/div>\n\n\n\n<div class=\"wp-block-group wp-container-content-cf841b22\" style=\"min-height:200px;padding-right:0;padding-left:0;line-height:1.5\"><div class=\"wp-block-group__inner-container is-layout-constrained wp-container-core-group-is-layout-a7c31ef8 wp-block-group-is-layout-constrained\">\n<p class=\"has-medium-font-size\"><strong>Gibert Joseph<\/strong><\/p>\n\n\n\n<div class=\"wp-block-group wp-container-content-d64d2fc5\" style=\"line-height:0\"><div class=\"wp-block-group__inner-container is-layout-constrained wp-block-group-is-layout-constrained\">\n<p style=\"line-height:1.8\">Tr\u00e8s grande librairie sur trois rues. La partie BD est accessible par le quai.<\/p>\n<\/div><\/div>\n\n\n\n<p><a href=\"https:\/\/share.google\/kOsbSQ1PvpdWibB15\" target=\"_blank\" rel=\"noreferrer noopener\">3 Quai du Dr Gailleton, 69002 Lyon<\/a><\/p>\n\n\n\n<div class=\"wp-block-buttons is-layout-flex wp-block-buttons-is-layout-flex\">\n<div class=\"wp-block-button\"><a class=\"wp-block-button__link wp-element-button\" href=\"http:\/\/facebook.com\/GibertLibrairieLyon\" target=\"_blank\" rel=\"noreferrer noopener\">Site web<\/a><\/div>\n<\/div>\n<\/div><\/div>\n<\/div>\n\n\n\n<div class=\"wp-block-group is-layout-grid wp-container-core-group-is-layout-2165c098 wp-block-group-is-layout-grid\" style=\"min-height:0px;padding-top:0;padding-right:var(--wp--preset--spacing--80);padding-bottom:0;padding-left:var(--wp--preset--spacing--80);line-height:0\">\n<div class=\"wp-block-group wp-container-content-cf841b22\" style=\"min-height:200px;padding-right:0;padding-left:0;line-height:1.5\"><div class=\"wp-block-group__inner-container is-layout-constrained wp-container-core-group-is-layout-a7c31ef8 wp-block-group-is-layout-constrained\">\n<p class=\"has-medium-font-size\"><strong>Momie Kids<\/strong><\/p>\n\n\n\n<div class=\"wp-block-group wp-container-content-d64d2fc5\" style=\"line-height:0\"><div class=\"wp-block-group__inner-container is-layout-constrained wp-block-group-is-layout-constrained\">\n<p style=\"line-height:1.8\">Des mangas, des comics, des BD\u2026 Et cette adresse 100 % jeunesse.<\/p>\n<\/div><\/div>\n\n\n\n<p><a href=\"https:\/\/share.google\/JtfIQFugnCI8SHl3L\" target=\"_blank\" rel=\"noreferrer noopener\">47 Rue Victor Hugo, 69002 Lyon<\/a><\/p>\n\n\n\n<div class=\"wp-block-buttons is-layout-flex wp-block-buttons-is-layout-flex\">\n<div class=\"wp-block-button\"><a class=\"wp-block-button__link wp-element-button\" href=\"http:\/\/momie.fr\" target=\"_blank\" rel=\"noreferrer noopener\">Site web<\/a><\/div>\n<\/div>\n<\/div><\/div>\n\n\n\n<div class=\"wp-block-group wp-container-content-cf841b22\" style=\"min-height:200px;padding-right:0;padding-left:0;line-height:1.5\"><div class=\"wp-block-group__inner-container is-layout-constrained wp-container-core-group-is-layout-a7c31ef8 wp-block-group-is-layout-constrained\">\n<p class=\"has-medium-font-size\"><strong>Decitre Confluence<\/strong><\/p>\n\n\n\n<div class=\"wp-block-group wp-container-content-d64d2fc5\" style=\"line-height:0\"><div class=\"wp-block-group__inner-container is-layout-constrained wp-block-group-is-layout-constrained\">\n<p style=\"line-height:1.8\">Le commerce essentiel du centre commercial\u2026<\/p>\n<\/div><\/div>\n\n\n\n<p><a href=\"https:\/\/share.google\/kvpjHchfwoQORkD68\" target=\"_blank\" rel=\"noreferrer noopener\">112 Cours Charlemagne, 69002 Lyon<\/a><\/p>\n\n\n\n<div class=\"wp-block-buttons is-layout-flex wp-block-buttons-is-layout-flex\">\n<div class=\"wp-block-button\"><a class=\"wp-block-button__link wp-element-button\" href=\"http:\/\/facebook.com\/DecitreConfluence\" target=\"_blank\" rel=\"noreferrer noopener\">Site web<\/a><\/div>\n<\/div>\n<\/div><\/div>\n<\/div>\n\n\n\n<div class=\"wp-block-group is-layout-grid wp-container-core-group-is-layout-2165c098 wp-block-group-is-layout-grid\" style=\"min-height:0px;padding-top:0;padding-right:var(--wp--preset--spacing--80);padding-bottom:0;padding-left:var(--wp--preset--spacing--80);line-height:0\">\n<div class=\"wp-block-group wp-container-content-cf841b22\" style=\"min-height:200px;padding-right:0;padding-left:0;line-height:1.5\"><div class=\"wp-block-group__inner-container is-layout-constrained wp-container-core-group-is-layout-a7c31ef8 wp-block-group-is-layout-constrained\">\n<p class=\"has-medium-font-size\"><strong>Mus\u00e9e des Confluences<\/strong><\/p>\n\n\n\n<div class=\"wp-block-group wp-container-content-d64d2fc5\" style=\"line-height:0\"><div class=\"wp-block-group__inner-container is-layout-constrained wp-block-group-is-layout-constrained\">\n<p style=\"line-height:1.8\">Le premier mus\u00e9e de France en termes de fr\u00e9quentation, hors Paris ! Profitez-en aussi pour visiter la librairie<\/p>\n<\/div><\/div>\n\n\n\n<p><a href=\"https:\/\/share.google\/OfpMFDxQVeIXAR6eX\" target=\"_blank\" rel=\"noreferrer noopener\">86 Quai Perrache, 69002 Lyon<\/a><\/p>\n\n\n\n<div class=\"wp-block-buttons is-layout-flex wp-block-buttons-is-layout-flex\">\n<div class=\"wp-block-button\"><a class=\"wp-block-button__link wp-element-button\" href=\"http:\/\/museedesconfluences.fr\" target=\"_blank\" rel=\"noreferrer noopener\">Site web<\/a><\/div>\n<\/div>\n<\/div><\/div>\n\n\n\n<div class=\"wp-block-group wp-container-content-cf841b22\" style=\"min-height:200px;padding-right:0;padding-left:0;line-height:1.5\"><div class=\"wp-block-group__inner-container is-layout-constrained wp-container-core-group-is-layout-a7c31ef8 wp-block-group-is-layout-constrained\">\n<p class=\"has-medium-font-size\"><strong>La Librairie du Tramway<\/strong><\/p>\n\n\n\n<div class=\"wp-block-group wp-container-content-d64d2fc5\" style=\"line-height:0\"><div class=\"wp-block-group__inner-container is-layout-constrained wp-block-group-is-layout-constrained\">\n<p style=\"line-height:1.8\">Lumineuse, chaleureuse et bien achaland\u00e9e\u2026 Bienvenue \u00e0 bord !<\/p>\n<\/div><\/div>\n\n\n\n<p><a href=\"https:\/\/share.google\/l3YTovPci4bGBKmou\" target=\"_blank\" rel=\"noreferrer noopener\">92 Rue Moncey, 69003 Lyon<\/a><\/p>\n\n\n\n<div class=\"wp-block-buttons is-layout-flex wp-block-buttons-is-layout-flex\">\n<div class=\"wp-block-button\"><a class=\"wp-block-button__link wp-element-button\" href=\"http:\/\/lalibrairiedutramway.com\" target=\"_blank\" rel=\"noreferrer noopener\">Site web<\/a><\/div>\n<\/div>\n<\/div><\/div>\n<\/div>\n\n\n\n<div class=\"wp-block-group is-layout-grid wp-container-core-group-is-layout-2165c098 wp-block-group-is-layout-grid\" style=\"min-height:0px;padding-top:0;padding-right:var(--wp--preset--spacing--80);padding-bottom:0;padding-left:var(--wp--preset--spacing--80);line-height:0\">\n<div class=\"wp-block-group wp-container-content-cf841b22\" style=\"min-height:200px;padding-right:0;padding-left:0;line-height:1.5\"><div class=\"wp-block-group__inner-container is-layout-constrained wp-container-core-group-is-layout-a7c31ef8 wp-block-group-is-layout-constrained\">\n<p class=\"has-medium-font-size\"><strong>Gl\u00e9nat Lyon<\/strong><\/p>\n\n\n\n<div class=\"wp-block-group wp-container-content-d64d2fc5\" style=\"line-height:0\"><div class=\"wp-block-group__inner-container is-layout-constrained wp-block-group-is-layout-constrained\">\n<p style=\"line-height:1.8\">Montez directement au niveau 2 du centre commercial et entrez ici. Respirez. Tout va bien, vous \u00eates entre de bonnes mains.<\/p>\n<\/div><\/div>\n\n\n\n<p><a href=\"https:\/\/share.google\/ITALhlldX3AgE6lph\" target=\"_blank\" rel=\"noreferrer noopener\">Centre commercial de la Part-Dieu, 69003 Lyon<\/a><\/p>\n\n\n\n<div class=\"wp-block-buttons is-layout-flex wp-block-buttons-is-layout-flex\">\n<div class=\"wp-block-button\"><a class=\"wp-block-button__link wp-element-button\" href=\"http:\/\/librairielyon.glenat.com\" target=\"_blank\" rel=\"noreferrer noopener\">Site web<\/a><\/div>\n<\/div>\n<\/div><\/div>\n\n\n\n<div class=\"wp-block-group wp-container-content-cf841b22\" style=\"min-height:200px;padding-right:0;padding-left:0;line-height:1.5\"><div class=\"wp-block-group__inner-container is-layout-constrained wp-container-core-group-is-layout-a7c31ef8 wp-block-group-is-layout-constrained\">\n<p class=\"has-medium-font-size\"><strong>Decitre Part-Dieu<\/strong><\/p>\n\n\n\n<div class=\"wp-block-group wp-container-content-d64d2fc5\" style=\"line-height:0\"><div class=\"wp-block-group__inner-container is-layout-constrained wp-block-group-is-layout-constrained\">\n<p style=\"line-height:1.8\">La seconde bonne raison d&rsquo;aller braver le plus grand centre commercial de Lyon\u2026<\/p>\n<\/div><\/div>\n\n\n\n<p><a href=\"https:\/\/share.google\/5Ppy8A2WjPmkM5K83\" target=\"_blank\" rel=\"noreferrer noopener\">17 Rue Dr Bouchut, 69003 Lyon<\/a><\/p>\n\n\n\n<div class=\"wp-block-buttons is-layout-flex wp-block-buttons-is-layout-flex\">\n<div class=\"wp-block-button\"><a class=\"wp-block-button__link wp-element-button\" href=\"http:\/\/facebook.com\/DecitreLaPartDieu\" target=\"_blank\" rel=\"noreferrer noopener\">Site web<\/a><\/div>\n<\/div>\n<\/div><\/div>\n<\/div>\n\n\n\n<div class=\"wp-block-group is-layout-grid wp-container-core-group-is-layout-2165c098 wp-block-group-is-layout-grid\" style=\"min-height:0px;padding-top:0;padding-right:var(--wp--preset--spacing--80);padding-bottom:0;padding-left:var(--wp--preset--spacing--80);line-height:0\">\n<div class=\"wp-block-group wp-container-content-cf841b22\" style=\"min-height:200px;padding-right:0;padding-left:0;line-height:1.5\"><div class=\"wp-block-group__inner-container is-layout-constrained wp-container-core-group-is-layout-a7c31ef8 wp-block-group-is-layout-constrained\">\n<p class=\"has-medium-font-size\"><strong>La Librairie du Cours<\/strong><\/p>\n\n\n\n<div class=\"wp-block-group wp-container-content-d64d2fc5\" style=\"line-height:0\"><div class=\"wp-block-group__inner-container is-layout-constrained wp-block-group-is-layout-constrained\">\n<p style=\"line-height:1.8\">La librairie a ouvert une deuxi\u00e8me boutique enti\u00e8rement consacr\u00e9e \u00e0 la jeunesse<\/p>\n<\/div><\/div>\n\n\n\n<p><a href=\"https:\/\/share.google\/34rvDgalA3ReiKTlp\" target=\"_blank\" rel=\"noreferrer noopener\">83 cours du docteur Long, 69003 Lyon<\/a><\/p>\n\n\n\n<div class=\"wp-block-buttons is-layout-flex wp-block-buttons-is-layout-flex\">\n<div class=\"wp-block-button\"><a class=\"wp-block-button__link wp-element-button\" href=\"http:\/\/83 cours du docteur Long \u2014 lalibrairieducours.fr\" target=\"_blank\" rel=\"noreferrer noopener\">Site web<\/a><\/div>\n<\/div>\n<\/div><\/div>\n\n\n\n<div class=\"wp-block-group wp-container-content-cf841b22\" style=\"min-height:200px;padding-right:0;padding-left:0;line-height:1.5\"><div class=\"wp-block-group__inner-container is-layout-constrained wp-container-core-group-is-layout-a7c31ef8 wp-block-group-is-layout-constrained\">\n<p class=\"has-medium-font-size\"><strong>L&rsquo;Esprit livre<\/strong><\/p>\n\n\n\n<div class=\"wp-block-group wp-container-content-d64d2fc5\" style=\"line-height:0\"><div class=\"wp-block-group__inner-container is-layout-constrained wp-block-group-is-layout-constrained\">\n<p style=\"line-height:1.8\">Une super librairie de quartier avec des conseils pointus en sciences humaines et en jeunesse. Demandez Camille de notre part, vous serez bien re\u00e7us.<\/p>\n<\/div><\/div>\n\n\n\n<p><a href=\"https:\/\/share.google\/4lQggFVi6Bfad6nEZ\" target=\"_blank\" rel=\"noreferrer noopener\">76 Rue du Dauphin\u00e9, 69003 Lyon<\/a><\/p>\n\n\n\n<div class=\"wp-block-buttons is-layout-flex wp-block-buttons-is-layout-flex\">\n<div class=\"wp-block-button\"><a class=\"wp-block-button__link wp-element-button\" href=\"http:\/\/lesprit-livre.fr\" target=\"_blank\" rel=\"noreferrer noopener\">Site web<\/a><\/div>\n<\/div>\n<\/div><\/div>\n<\/div>\n\n\n\n<div class=\"wp-block-group is-layout-grid wp-container-core-group-is-layout-2165c098 wp-block-group-is-layout-grid\" style=\"min-height:0px;padding-top:0;padding-right:var(--wp--preset--spacing--80);padding-bottom:0;padding-left:var(--wp--preset--spacing--80);line-height:0\">\n<div class=\"wp-block-group wp-container-content-cf841b22\" style=\"min-height:200px;padding-right:0;padding-left:0;line-height:1.5\"><div class=\"wp-block-group__inner-container is-layout-constrained wp-container-core-group-is-layout-a7c31ef8 wp-block-group-is-layout-constrained\">\n<p class=\"has-medium-font-size\"><strong>U Culture Montchat<\/strong><\/p>\n\n\n\n<div class=\"wp-block-group wp-container-content-d64d2fc5\" style=\"line-height:0\"><div class=\"wp-block-group__inner-container is-layout-constrained wp-block-group-is-layout-constrained\">\n<p style=\"line-height:1.8\">Un bon rayon jeunesse dans ce lieu inattendu. Pour les conseils, demandez Lisa<\/p>\n<\/div><\/div>\n\n\n\n<p><a href=\"https:\/\/share.google\/31101Ombj6LKw76X7\" target=\"_blank\" rel=\"noreferrer noopener\">2 place Antoinette, 69003 Lyon<\/a><\/p>\n\n\n\n<div class=\"wp-block-buttons is-layout-flex wp-block-buttons-is-layout-flex\">\n<div class=\"wp-block-button\"><a class=\"wp-block-button__link wp-element-button\" href=\"http:\/\/facebook.com\/Uculture-Montchat\" target=\"_blank\" rel=\"noreferrer noopener\">Site web<\/a><\/div>\n<\/div>\n<\/div><\/div>\n\n\n\n<div class=\"wp-block-group wp-container-content-cf841b22\" style=\"min-height:200px;padding-right:0;padding-left:0;line-height:1.5\"><div class=\"wp-block-group__inner-container is-layout-constrained wp-container-core-group-is-layout-a7c31ef8 wp-block-group-is-layout-constrained\">\n<p class=\"has-medium-font-size\"><strong>Librairie LA BD<\/strong><\/p>\n\n\n\n<div class=\"wp-block-group wp-container-content-d64d2fc5\" style=\"line-height:0\"><div class=\"wp-block-group__inner-container is-layout-constrained wp-block-group-is-layout-constrained\">\n<p style=\"line-height:1.8\">La librairie BD de la Croix-Rousse. Gros soutien depuis le d\u00e9but.<\/p>\n<\/div><\/div>\n\n\n\n<p><a href=\"https:\/\/share.google\/BSgCkE9V4YO0fOPu7\" target=\"_blank\" rel=\"noreferrer noopener\">50 grande rue de la Croix-Rousse, 69004 Lyon<\/a><\/p>\n\n\n\n<div class=\"wp-block-buttons is-layout-flex wp-block-buttons-is-layout-flex\">\n<div class=\"wp-block-button\"><a class=\"wp-block-button__link wp-element-button\" href=\"http:\/\/labd.net\" target=\"_blank\" rel=\"noreferrer noopener\">Site web<\/a><\/div>\n<\/div>\n<\/div><\/div>\n<\/div>\n\n\n\n<div class=\"wp-block-group is-layout-grid wp-container-core-group-is-layout-2165c098 wp-block-group-is-layout-grid\" style=\"min-height:0px;padding-top:0;padding-right:var(--wp--preset--spacing--80);padding-bottom:0;padding-left:var(--wp--preset--spacing--80);line-height:0\">\n<div class=\"wp-block-group wp-container-content-cf841b22\" style=\"min-height:200px;padding-right:0;padding-left:0;line-height:1.5\"><div class=\"wp-block-group__inner-container is-layout-constrained wp-container-core-group-is-layout-a7c31ef8 wp-block-group-is-layout-constrained\">\n<p class=\"has-medium-font-size\"><strong>Vivement dimanche<\/strong><\/p>\n\n\n\n<div class=\"wp-block-group wp-container-content-d64d2fc5\" style=\"line-height:0\"><div class=\"wp-block-group__inner-container is-layout-constrained wp-block-group-is-layout-constrained\">\n<p style=\"line-height:1.8\">Ici on trouve 3 librairies. La Benjamine est ax\u00e9e 100 % jeunesse.<\/p>\n<\/div><\/div>\n\n\n\n<p><a href=\"https:\/\/share.google\/eK3ofo06PXds0sKNT\" target=\"_blank\" rel=\"noreferrer noopener\">7 rue de Mail, 69004 Lyon<\/a><\/p>\n\n\n\n<div class=\"wp-block-buttons is-layout-flex wp-block-buttons-is-layout-flex\">\n<div class=\"wp-block-button\"><a class=\"wp-block-button__link wp-element-button\" href=\"http:\/\/vivementdimanche.com\" target=\"_blank\" rel=\"noreferrer noopener\">Site web<\/a><\/div>\n<\/div>\n<\/div><\/div>\n\n\n\n<div class=\"wp-block-group wp-container-content-cf841b22\" style=\"min-height:200px;padding-right:0;padding-left:0;line-height:1.5\"><div class=\"wp-block-group__inner-container is-layout-constrained wp-container-core-group-is-layout-a7c31ef8 wp-block-group-is-layout-constrained\">\n<p class=\"has-medium-font-size\"><strong>Librairie des Canuts<\/strong><\/p>\n\n\n\n<div class=\"wp-block-group wp-container-content-d64d2fc5\" style=\"line-height:0\"><div class=\"wp-block-group__inner-container is-layout-constrained wp-block-group-is-layout-constrained\">\n<p style=\"line-height:1.8\">G\u00e9n\u00e9raliste, mais avec un joli fond d&rsquo;ouvrages sur Lyon. Pour le rayon jeunesse, descendez l&rsquo;escalier et demandez Emma.<\/p>\n<\/div><\/div>\n\n\n\n<p><a href=\"https:\/\/share.google\/FwvBviBUTtS2XXfvQ\" target=\"_blank\" rel=\"noreferrer noopener\">17 Place de la Croix-Rousse, 69004 Lyon<\/a><\/p>\n\n\n\n<div class=\"wp-block-buttons is-layout-flex wp-block-buttons-is-layout-flex\">\n<div class=\"wp-block-button\"><a class=\"wp-block-button__link wp-element-button\" href=\"http:\/\/lalibrairiedescanuts.wordpress.com\" target=\"_blank\" rel=\"noreferrer noopener\">Site web<\/a><\/div>\n<\/div>\n<\/div><\/div>\n<\/div>\n\n\n\n<div class=\"wp-block-group is-layout-grid wp-container-core-group-is-layout-2165c098 wp-block-group-is-layout-grid\" style=\"min-height:0px;padding-top:0;padding-right:var(--wp--preset--spacing--80);padding-bottom:0;padding-left:var(--wp--preset--spacing--80);line-height:0\">\n<div class=\"wp-block-group wp-container-content-cf841b22\" style=\"min-height:200px;padding-right:0;padding-left:0;line-height:1.5\"><div class=\"wp-block-group__inner-container is-layout-constrained wp-container-core-group-is-layout-a7c31ef8 wp-block-group-is-layout-constrained\">\n<p class=\"has-medium-font-size\"><strong>La Virevolte<\/strong><\/p>\n\n\n\n<div class=\"wp-block-group wp-container-content-d64d2fc5\" style=\"line-height:0\"><div class=\"wp-block-group__inner-container is-layout-constrained wp-block-group-is-layout-constrained\">\n<p style=\"line-height:1.8\">Des choix affirm\u00e9s par des libraires engag\u00e9.e.s.<\/p>\n<\/div><\/div>\n\n\n\n<p><a href=\"https:\/\/share.google\/I148kbr1T3ZYSoE6K\" target=\"_blank\" rel=\"noreferrer noopener\">4 rue Octavio Mey, 69005 Lyon<\/a><\/p>\n\n\n\n<div class=\"wp-block-buttons is-layout-flex wp-block-buttons-is-layout-flex\">\n<div class=\"wp-block-button\"><a class=\"wp-block-button__link wp-element-button\" href=\"http:\/\/facebook.com\/librairielavirevolte\" target=\"_blank\" rel=\"noreferrer noopener\">Site web<\/a><\/div>\n<\/div>\n<\/div><\/div>\n\n\n\n<div class=\"wp-block-group wp-container-content-cf841b22\" style=\"min-height:200px;padding-right:0;padding-left:0;line-height:1.5\"><div class=\"wp-block-group__inner-container is-layout-constrained wp-container-core-group-is-layout-a7c31ef8 wp-block-group-is-layout-constrained\">\n<p class=\"has-medium-font-size\"><strong>Librairie Esperluette<\/strong><\/p>\n\n\n\n<div class=\"wp-block-group wp-container-content-d64d2fc5\" style=\"line-height:0\"><div class=\"wp-block-group__inner-container is-layout-constrained wp-block-group-is-layout-constrained\">\n<p style=\"line-height:1.8\">Perch\u00e9 sur la colline de Saint-Just, Xavier vous attend avec ses conseils avis\u00e9s. Allez-y de notre part.<\/p>\n<\/div><\/div>\n\n\n\n<p><a href=\"https:\/\/share.google\/z8nV2UfcpRjV8f0Kl\" target=\"_blank\" rel=\"noreferrer noopener\">44 Rue de Trion, 69005 Lyon<\/a><\/p>\n\n\n\n<div class=\"wp-block-buttons is-layout-flex wp-block-buttons-is-layout-flex\">\n<div class=\"wp-block-button\"><a class=\"wp-block-button__link wp-element-button\" href=\"http:\/\/librairie-esperluette.fr\" target=\"_blank\" rel=\"noreferrer noopener\">Site web<\/a><\/div>\n<\/div>\n<\/div><\/div>\n<\/div>\n\n\n\n<div class=\"wp-block-group is-layout-grid wp-container-core-group-is-layout-2165c098 wp-block-group-is-layout-grid\" style=\"min-height:0px;padding-top:0;padding-right:var(--wp--preset--spacing--80);padding-bottom:0;padding-left:var(--wp--preset--spacing--80);line-height:0\">\n<div class=\"wp-block-group wp-container-content-cf841b22\" style=\"min-height:200px;padding-right:0;padding-left:0;line-height:1.5\"><div class=\"wp-block-group__inner-container is-layout-constrained wp-container-core-group-is-layout-a7c31ef8 wp-block-group-is-layout-constrained\">\n<p class=\"has-medium-font-size\"><strong>La boutique de Fourvi\u00e8re<\/strong><\/p>\n\n\n\n<div class=\"wp-block-group wp-container-content-d64d2fc5\" style=\"line-height:0\"><div class=\"wp-block-group__inner-container is-layout-constrained wp-block-group-is-layout-constrained\">\n<p style=\"line-height:1.8\">Montez les 345 marches de la basilique\u2026 Et offrez-vous un livre au retour pour vous reposer.<\/p>\n<\/div><\/div>\n\n\n\n<p><a href=\"https:\/\/share.google\/1GbIXKj1qXtrGsBKS\" target=\"_blank\" rel=\"noreferrer noopener\">7 place de Fourvi\u00e8re, 69005 Lyon<\/a><\/p>\n\n\n\n<div class=\"wp-block-buttons is-layout-flex wp-block-buttons-is-layout-flex\">\n<div class=\"wp-block-button\"><a class=\"wp-block-button__link wp-element-button\" href=\"http:\/\/boutiquedefourviere.com\" target=\"_blank\" rel=\"noreferrer noopener\">Site web<\/a><\/div>\n<\/div>\n<\/div><\/div>\n\n\n\n<div class=\"wp-block-group wp-container-content-cf841b22\" style=\"min-height:200px;padding-right:0;padding-left:0;line-height:1.5\"><div class=\"wp-block-group__inner-container is-layout-constrained wp-container-core-group-is-layout-a7c31ef8 wp-block-group-is-layout-constrained\">\n<p class=\"has-medium-font-size\"><strong>Mus\u00e9e Lugdunum<\/strong><\/p>\n\n\n\n<div class=\"wp-block-group wp-container-content-d64d2fc5\" style=\"line-height:0\"><div class=\"wp-block-group__inner-container is-layout-constrained wp-block-group-is-layout-constrained\">\n<p style=\"line-height:1.8\">Dans la boutique du Mus\u00e9e gallo-romain, vous trouverez certainement les vestiges de nos livres\u2026 Ils sont fous ces Crocos !<\/p>\n<\/div><\/div>\n\n\n\n<p><a href=\"https:\/\/share.google\/DYC0VYHOUU8U21Cqz\" target=\"_blank\" rel=\"noreferrer noopener\">17 rue Cl\u00e9berg, 69005 Lyon<\/a><\/p>\n\n\n\n<div class=\"wp-block-buttons is-layout-flex wp-block-buttons-is-layout-flex\">\n<div class=\"wp-block-button\"><a class=\"wp-block-button__link wp-element-button\" href=\"http:\/\/lugdunum.grandlyon.com\" target=\"_blank\" rel=\"noreferrer noopener\">Site web<\/a><\/div>\n<\/div>\n<\/div><\/div>\n<\/div>\n\n\n\n<div class=\"wp-block-group is-layout-grid wp-container-core-group-is-layout-2165c098 wp-block-group-is-layout-grid\" style=\"min-height:0px;padding-top:0;padding-right:var(--wp--preset--spacing--80);padding-bottom:0;padding-left:var(--wp--preset--spacing--80);line-height:0\">\n<div class=\"wp-block-group wp-container-content-cf841b22\" style=\"min-height:200px;padding-right:0;padding-left:0;line-height:1.5\"><div class=\"wp-block-group__inner-container is-layout-constrained wp-container-core-group-is-layout-a7c31ef8 wp-block-group-is-layout-constrained\">\n<p class=\"has-medium-font-size\"><strong>Les Zam S\u0153urs<\/strong><\/p>\n\n\n\n<div class=\"wp-block-group wp-container-content-d64d2fc5\" style=\"line-height:0\"><div class=\"wp-block-group__inner-container is-layout-constrained wp-block-group-is-layout-constrained\">\n<p style=\"line-height:1.8\">Une librairie salon de th\u00e9 brocante mont\u00e9e par deux s\u0153urs. Ouvert le dimanche&nbsp;!<\/p>\n<\/div><\/div>\n\n\n\n<p><a href=\"https:\/\/share.google\/UgWO6qvXaWwNLFHSd\" target=\"_blank\" rel=\"noreferrer noopener\">5 quai Fulchiron, 69005 Lyon<\/a><\/p>\n\n\n\n<div class=\"wp-block-buttons is-layout-flex wp-block-buttons-is-layout-flex\">\n<div class=\"wp-block-button\"><a class=\"wp-block-button__link wp-element-button\" href=\"https:\/\/www.instagram.com\/les_zam_soeurs\/\" target=\"_blank\" rel=\"noreferrer noopener\">Site web<\/a><\/div>\n<\/div>\n<\/div><\/div>\n\n\n\n<div class=\"wp-block-group wp-container-content-cf841b22\" style=\"min-height:200px;padding-right:0;padding-left:0;line-height:1.5\"><div class=\"wp-block-group__inner-container is-layout-constrained wp-container-core-group-is-layout-a7c31ef8 wp-block-group-is-layout-constrained\">\n<p class=\"has-medium-font-size\"><strong>Le Rameau d&rsquo;or<\/strong><\/p>\n\n\n\n<div class=\"wp-block-group wp-container-content-d64d2fc5\" style=\"line-height:0\"><div class=\"wp-block-group__inner-container is-layout-constrained wp-block-group-is-layout-constrained\">\n<p style=\"line-height:1.8\">Une des plus anciennes librairies de Lyon, ind\u00e9pendante et fi\u00e8re de l&rsquo;\u00eatre.<\/p>\n<\/div><\/div>\n\n\n\n<p><a href=\"https:\/\/share.google\/D6Ws44PDTBsGwJIp1\" target=\"_blank\" rel=\"noreferrer noopener\">32 Cours Franklin Roosevelt, 69006 Lyon<\/a><\/p>\n\n\n\n<div class=\"wp-block-buttons is-layout-flex wp-block-buttons-is-layout-flex\">\n<div class=\"wp-block-button\"><a class=\"wp-block-button__link wp-element-button\" href=\"http:\/\/librairie-rameaudor.com\" target=\"_blank\" rel=\"noreferrer noopener\">Site web<\/a><\/div>\n<\/div>\n<\/div><\/div>\n<\/div>\n\n\n\n<div class=\"wp-block-group is-layout-grid wp-container-core-group-is-layout-2165c098 wp-block-group-is-layout-grid\" style=\"min-height:0px;padding-top:0;padding-right:var(--wp--preset--spacing--80);padding-bottom:0;padding-left:var(--wp--preset--spacing--80);line-height:0\">\n<div class=\"wp-block-group wp-container-content-cf841b22\" style=\"min-height:200px;padding-right:0;padding-left:0;line-height:1.5\"><div class=\"wp-block-group__inner-container is-layout-constrained wp-container-core-group-is-layout-a7c31ef8 wp-block-group-is-layout-constrained\">\n<p class=\"has-medium-font-size\"><strong>L&rsquo;Astragale<\/strong><\/p>\n\n\n\n<div class=\"wp-block-group wp-container-content-d64d2fc5\" style=\"line-height:0\"><div class=\"wp-block-group__inner-container is-layout-constrained wp-block-group-is-layout-constrained\">\n<p style=\"line-height:1.8\">La librairie des Brotteaux. Pour la jeunesse, demandez M\u00e9lanie.<\/p>\n<\/div><\/div>\n\n\n\n<p><a href=\"https:\/\/share.google\/PEq90gSv2wuyFZH7v\" target=\"_blank\" rel=\"noreferrer noopener\">108 Rue de S\u00e8ze, 69006 Lyon<\/a><\/p>\n\n\n\n<div class=\"wp-block-buttons is-layout-flex wp-block-buttons-is-layout-flex\">\n<div class=\"wp-block-button\"><a class=\"wp-block-button__link wp-element-button\" href=\"http:\/\/facebook.com\/Librairie-LAstragale\" target=\"_blank\" rel=\"noreferrer noopener\">Site web<\/a><\/div>\n<\/div>\n<\/div><\/div>\n\n\n\n<div class=\"wp-block-group wp-container-content-cf841b22\" style=\"min-height:200px;padding-right:0;padding-left:0;line-height:1.5\"><div class=\"wp-block-group__inner-container is-layout-constrained wp-container-core-group-is-layout-a7c31ef8 wp-block-group-is-layout-constrained\">\n<p class=\"has-medium-font-size\"><strong>La Procure classique<\/strong><\/p>\n\n\n\n<div class=\"wp-block-group wp-container-content-d64d2fc5\" style=\"line-height:0\"><div class=\"wp-block-group__inner-container is-layout-constrained wp-block-group-is-layout-constrained\">\n<p style=\"line-height:1.8\">Catholique et \u00e9clectique\u2026 Une vraie librairie de quartier.<\/p>\n<\/div><\/div>\n\n\n\n<p><a href=\"https:\/\/share.google\/fJm2tTuKUW1Uo5op8\" target=\"_blank\" rel=\"noreferrer noopener\"> 42 av Mar\u00e9chal de Saxe, 69006 Lyon<\/a><\/p>\n\n\n\n<div class=\"wp-block-buttons is-layout-flex wp-block-buttons-is-layout-flex\">\n<div class=\"wp-block-button\"><a class=\"wp-block-button__link wp-element-button\" href=\"http:\/\/facebook.com\/librairieclassique.laprocure.lyon6\" target=\"_blank\" rel=\"noreferrer noopener\">Site web<\/a><\/div>\n<\/div>\n<\/div><\/div>\n<\/div>\n\n\n\n<div class=\"wp-block-group is-layout-grid wp-container-core-group-is-layout-2165c098 wp-block-group-is-layout-grid\" style=\"min-height:0px;padding-top:0;padding-right:var(--wp--preset--spacing--80);padding-bottom:0;padding-left:var(--wp--preset--spacing--80);line-height:0\">\n<div class=\"wp-block-group wp-container-content-cf841b22\" style=\"min-height:200px;padding-right:0;padding-left:0;line-height:1.5\"><div class=\"wp-block-group__inner-container is-layout-constrained wp-container-core-group-is-layout-a7c31ef8 wp-block-group-is-layout-constrained\">\n<p class=\"has-medium-font-size\"><strong>Inter-Fun<\/strong><\/p>\n\n\n\n<div class=\"wp-block-group wp-container-content-d64d2fc5\" style=\"line-height:0\"><div class=\"wp-block-group__inner-container is-layout-constrained wp-block-group-is-layout-constrained\">\n<p style=\"line-height:1.8\">Une librairie jeunesse qui propose des titres en fran\u00e7ais, mais aussi en anglais, en espagnol, en allemand et en italien. So fun !<\/p>\n<\/div><\/div>\n\n\n\n<p><a href=\"https:\/\/share.google\/3z6CYGRyfhhhkcjVL\" target=\"_blank\" rel=\"noreferrer noopener\">108 Rue de S\u00e8ze, 69006 Lyon<\/a><\/p>\n\n\n\n<div class=\"wp-block-buttons is-layout-flex wp-block-buttons-is-layout-flex\">\n<div class=\"wp-block-button\"><a class=\"wp-block-button__link wp-element-button\" href=\"http:\/\/inter-fun.fr\" target=\"_blank\" rel=\"noreferrer noopener\">Site web<\/a><\/div>\n<\/div>\n<\/div><\/div>\n\n\n\n<div class=\"wp-block-group wp-container-content-cf841b22\" style=\"min-height:200px;padding-right:0;padding-left:0;line-height:1.5\"><div class=\"wp-block-group__inner-container is-layout-constrained wp-container-core-group-is-layout-a7c31ef8 wp-block-group-is-layout-constrained\">\n<p class=\"has-medium-font-size\"><strong>La Page suivante<\/strong><\/p>\n\n\n\n<div class=\"wp-block-group wp-container-content-d64d2fc5\" style=\"line-height:0\"><div class=\"wp-block-group__inner-container is-layout-constrained wp-block-group-is-layout-constrained\">\n<p style=\"line-height:1.8\">Avant d&rsquo;aller bouquiner au Parc de la T\u00eate d&rsquo;Or, un d\u00e9tour ici s&rsquo;impose.<\/p>\n<\/div><\/div>\n\n\n\n<p><a href=\"https:\/\/share.google\/AJ0b7ExlAQD6VD77c\" target=\"_blank\" rel=\"noreferrer noopener\"> 66 Rue Duguesclin, 69006 Lyon<\/a><\/p>\n\n\n\n<div class=\"wp-block-buttons is-layout-flex wp-block-buttons-is-layout-flex\">\n<div class=\"wp-block-button\"><a class=\"wp-block-button__link wp-element-button\" href=\"http:\/\/lapagesuivante.com\" target=\"_blank\" rel=\"noreferrer noopener\">Site web<\/a><\/div>\n<\/div>\n<\/div><\/div>\n<\/div>\n\n\n\n<div class=\"wp-block-group is-layout-grid wp-container-core-group-is-layout-2165c098 wp-block-group-is-layout-grid\" style=\"min-height:0px;padding-top:0;padding-right:var(--wp--preset--spacing--80);padding-bottom:0;padding-left:var(--wp--preset--spacing--80);line-height:0\">\n<div class=\"wp-block-group wp-container-content-cf841b22\" style=\"min-height:200px;padding-right:0;padding-left:0;line-height:1.5\"><div class=\"wp-block-group__inner-container is-layout-constrained wp-container-core-group-is-layout-a7c31ef8 wp-block-group-is-layout-constrained\">\n<p class=\"has-medium-font-size\"><strong>Les Biblios<\/strong><\/p>\n\n\n\n<div class=\"wp-block-group wp-container-content-d64d2fc5\" style=\"line-height:0\"><div class=\"wp-block-group__inner-container is-layout-constrained wp-block-group-is-layout-constrained\">\n<p style=\"line-height:1.8\">Une librairie g\u00e9n\u00e9raliste avec un grand choix de livres sur la mer et le jardin. Et plein de p\u00e9pites jeunesse !<\/p>\n<\/div><\/div>\n\n\n\n<p><a href=\"https:\/\/share.google\/Svx9OB0sb39uhU4vd\" target=\"_blank\" rel=\"noreferrer noopener\">34 rue Cuvier, 69006 Lyon<\/a><\/p>\n\n\n\n<div class=\"wp-block-buttons is-layout-flex wp-block-buttons-is-layout-flex\">\n<div class=\"wp-block-button\"><a class=\"wp-block-button__link wp-element-button\" href=\"http:\/\/lesbiblios.com\" target=\"_blank\" rel=\"noreferrer noopener\">Site web<\/a><\/div>\n<\/div>\n<\/div><\/div>\n\n\n\n<div class=\"wp-block-group wp-container-content-cf841b22\" style=\"min-height:200px;padding-right:0;padding-left:0;line-height:1.5\"><div class=\"wp-block-group__inner-container is-layout-constrained wp-container-core-group-is-layout-a7c31ef8 wp-block-group-is-layout-constrained\">\n<p class=\"has-medium-font-size\"><strong>Comics Zone<\/strong><\/p>\n\n\n\n<div class=\"wp-block-group wp-container-content-d64d2fc5\" style=\"line-height:0\"><div class=\"wp-block-group__inner-container is-layout-constrained wp-block-group-is-layout-constrained\">\n<p style=\"line-height:1.8\">Le temple de la BD, du manga et du comics.<\/p>\n<\/div><\/div>\n\n\n\n<p><a href=\"https:\/\/share.google\/0hwKhkbI1UJeT9A3L\" target=\"_blank\" rel=\"noreferrer noopener\">322 rue Garibaldi 69007 Lyon<\/a><\/p>\n\n\n\n<div class=\"wp-block-buttons is-layout-flex wp-block-buttons-is-layout-flex\">\n<div class=\"wp-block-button\"><a class=\"wp-block-button__link wp-element-button\" href=\"http:\/\/comics-zone.com\" target=\"_blank\" rel=\"noreferrer noopener\">Site web<\/a><\/div>\n<\/div>\n<\/div><\/div>\n<\/div>\n\n\n\n<div class=\"wp-block-group is-layout-grid wp-container-core-group-is-layout-2165c098 wp-block-group-is-layout-grid\" style=\"min-height:0px;padding-top:0;padding-right:var(--wp--preset--spacing--80);padding-bottom:0;padding-left:var(--wp--preset--spacing--80);line-height:0\">\n<div class=\"wp-block-group wp-container-content-cf841b22\" style=\"min-height:200px;padding-right:0;padding-left:0;line-height:1.5\"><div class=\"wp-block-group__inner-container is-layout-constrained wp-container-core-group-is-layout-a7c31ef8 wp-block-group-is-layout-constrained\">\n<p class=\"has-medium-font-size\"><strong><strong><strong><strong>La case en plus<\/strong><\/strong><\/strong><\/strong><\/p>\n\n\n\n<div class=\"wp-block-group wp-container-content-d64d2fc5\" style=\"line-height:0\"><div class=\"wp-block-group__inner-container is-layout-constrained wp-block-group-is-layout-constrained\">\n<p style=\"line-height:1.8\">Plus vaste, plus lumineuse et encore mieux achaland\u00e9e\u2026 Venez tester la nouvelle adresse.<\/p>\n<\/div><\/div>\n\n\n\n<p><a href=\"https:\/\/share.google\/3FmdrtK9y9YUVCVug\" target=\"_blank\" rel=\"noreferrer noopener\">9 Avenue Jean Jaur\u00e8s, 69007 Lyon<\/a><\/p>\n\n\n\n<div class=\"wp-block-buttons is-layout-flex wp-block-buttons-is-layout-flex\">\n<div class=\"wp-block-button\"><a class=\"wp-block-button__link wp-element-button\" href=\"https:\/\/www.canalbd.net\/la-case-en-plus\/\" target=\"_blank\" rel=\"noreferrer noopener\">Site web<\/a><\/div>\n<\/div>\n<\/div><\/div>\n\n\n\n<div class=\"wp-block-group wp-container-content-cf841b22\" style=\"min-height:200px;padding-right:0;padding-left:0;line-height:1.5\"><div class=\"wp-block-group__inner-container is-layout-constrained wp-container-core-group-is-layout-a7c31ef8 wp-block-group-is-layout-constrained\">\n<p class=\"has-medium-font-size\"><strong>Terre des livres<\/strong><\/p>\n\n\n\n<div class=\"wp-block-group wp-container-content-d64d2fc5\" style=\"line-height:0\"><div class=\"wp-block-group__inner-container is-layout-constrained wp-block-group-is-layout-constrained\">\n<p style=\"line-height:1.8\">Des livres jusqu&rsquo;au plafond et un vrai parti pris politique. On adore fouiner ici !<\/p>\n<\/div><\/div>\n\n\n\n<p><a href=\"https:\/\/share.google\/VYfGpxY72WebYptZI\" target=\"_blank\" rel=\"noreferrer noopener\">86 rue de Marseille, 69007 Lyon<\/a><\/p>\n\n\n\n<div class=\"wp-block-buttons is-layout-flex wp-block-buttons-is-layout-flex\">\n<div class=\"wp-block-button\"><a class=\"wp-block-button__link wp-element-button\" href=\"http:\/\/terredeslivres.fr\" target=\"_blank\" rel=\"noreferrer noopener\">Site web<\/a><\/div>\n<\/div>\n<\/div><\/div>\n<\/div>\n\n\n\n<div class=\"wp-block-group is-layout-grid wp-container-core-group-is-layout-2165c098 wp-block-group-is-layout-grid\" style=\"min-height:0px;padding-top:0;padding-right:var(--wp--preset--spacing--80);padding-bottom:0;padding-left:var(--wp--preset--spacing--80);line-height:0\">\n<div class=\"wp-block-group wp-container-content-cf841b22\" style=\"min-height:200px;padding-right:0;padding-left:0;line-height:1.5\"><div class=\"wp-block-group__inner-container is-layout-constrained wp-container-core-group-is-layout-a7c31ef8 wp-block-group-is-layout-constrained\">\n<p class=\"has-medium-font-size\"><strong>Traits d&rsquo;Union<\/strong><\/p>\n\n\n\n<div class=\"wp-block-group wp-container-content-d64d2fc5\" style=\"line-height:0\"><div class=\"wp-block-group__inner-container is-layout-constrained wp-block-group-is-layout-constrained\">\n<p style=\"line-height:1.8\">Il manquait une librairie \u00e0 Gerland. Un tr\u00e8s grand lieu o\u00f9 l&rsquo;on a de la place pour fl\u00e2ner.<\/p>\n<\/div><\/div>\n\n\n\n<p><a href=\"https:\/\/share.google\/PH5O35RpsSxV1yLKA\" target=\"_blank\" rel=\"noreferrer noopener\">61 rue des Girondins 69007 Lyon<\/a><\/p>\n\n\n\n<div class=\"wp-block-buttons is-layout-flex wp-block-buttons-is-layout-flex\">\n<div class=\"wp-block-button\"><a class=\"wp-block-button__link wp-element-button\" href=\"http:\/\/instagram.com\/librairietraitsdunion\" target=\"_blank\" rel=\"noreferrer noopener\">Site web<\/a><\/div>\n<\/div>\n<\/div><\/div>\n\n\n\n<div class=\"wp-block-group wp-container-content-cf841b22\" style=\"min-height:200px;padding-right:0;padding-left:0;line-height:1.5\"><div class=\"wp-block-group__inner-container is-layout-constrained wp-container-core-group-is-layout-a7c31ef8 wp-block-group-is-layout-constrained\">\n<p class=\"has-medium-font-size\"><strong>Librairie La Madeleine<\/strong><\/p>\n\n\n\n<div class=\"wp-block-group wp-container-content-d64d2fc5\" style=\"line-height:0\"><div class=\"wp-block-group__inner-container is-layout-constrained wp-block-group-is-layout-constrained\">\n<p style=\"line-height:1.8\">On aime le coin lecture pour enfants, avec petites chaises et table en bois, pris d&rsquo;assaut \u00e0 l&rsquo;heure du go\u00fbter.<\/p>\n<\/div><\/div>\n\n\n\n<p><a href=\"https:\/\/share.google\/WwyoAJYi2EFa5PRpK\" target=\"_blank\" rel=\"noreferrer noopener\">16 Rue de la Madeleine, 69007 Lyon<\/a><\/p>\n\n\n\n<div class=\"wp-block-buttons is-layout-flex wp-block-buttons-is-layout-flex\">\n<div class=\"wp-block-button\"><a class=\"wp-block-button__link wp-element-button\" href=\"http:\/\/facebook.com\/librairielamadeleine\" target=\"_blank\" rel=\"noreferrer noopener\">Site web<\/a><\/div>\n<\/div>\n<\/div><\/div>\n<\/div>\n\n\n\n<div class=\"wp-block-group is-layout-grid wp-container-core-group-is-layout-2165c098 wp-block-group-is-layout-grid\" style=\"min-height:0px;padding-top:0;padding-right:var(--wp--preset--spacing--80);padding-bottom:0;padding-left:var(--wp--preset--spacing--80);line-height:0\">\n<div class=\"wp-block-group wp-container-content-cf841b22\" style=\"min-height:200px;padding-right:0;padding-left:0;line-height:1.5\"><div class=\"wp-block-group__inner-container is-layout-constrained wp-container-core-group-is-layout-a7c31ef8 wp-block-group-is-layout-constrained\">\n<p class=\"has-medium-font-size\"><strong>Damn Fine Bookstore<\/strong><\/p>\n\n\n\n<div class=\"wp-block-group wp-container-content-d64d2fc5\" style=\"line-height:0\"><div class=\"wp-block-group__inner-container is-layout-constrained wp-block-group-is-layout-constrained\">\n<p style=\"line-height:1.8\">Une librairie internationale, avec des livres en anglais, allemand, italien, espagnol et portugais ainsi qu\u2019un un coffee shop. The place to be !<\/p>\n<\/div><\/div>\n\n\n\n<p><a href=\"https:\/\/share.google\/PMhVTaWCGFCImqWEV\" target=\"_blank\" rel=\"noreferrer noopener\">20 Rue Bechevelin, 69007 Lyon<\/a><\/p>\n\n\n\n<div class=\"wp-block-buttons is-layout-flex wp-block-buttons-is-layout-flex\">\n<div class=\"wp-block-button\"><a class=\"wp-block-button__link wp-element-button\" href=\"http:\/\/damnfinebookstore.com\" target=\"_blank\" rel=\"noreferrer noopener\">Site web<\/a><\/div>\n<\/div>\n<\/div><\/div>\n\n\n\n<div class=\"wp-block-group wp-container-content-cf841b22\" style=\"min-height:200px;padding-right:0;padding-left:0;line-height:1.5\"><div class=\"wp-block-group__inner-container is-layout-constrained wp-container-core-group-is-layout-a7c31ef8 wp-block-group-is-layout-constrained\">\n<p class=\"has-medium-font-size\"><strong>Vagalume<\/strong><\/p>\n\n\n\n<div class=\"wp-block-group wp-container-content-d64d2fc5\" style=\"line-height:0\"><div class=\"wp-block-group__inner-container is-layout-constrained wp-block-group-is-layout-constrained\">\n<p style=\"line-height:1.8\">Il manquait une librairie \u00e0 Gerland. C&rsquo;est r\u00e9par\u00e9. Vagalume est sp\u00e9cialis\u00e9e dans la jeunesse et propose un espace caf\u00e9 tr\u00e8s sympa. Pour \u00e9clairer votre lanterne, vagalume signifie \u00ab\u00a0ver luisant\u00a0\u00bb en portugais\u2026<\/p>\n<\/div><\/div>\n\n\n\n<p><a href=\"https:\/\/share.google\/EmiI1EyiQSMhyCPAw\" target=\"_blank\" rel=\"noreferrer noopener\">38 Place des Pavillons, 69007 Lyon<\/a><\/p>\n\n\n\n<div class=\"wp-block-buttons is-layout-flex wp-block-buttons-is-layout-flex\">\n<div class=\"wp-block-button\"><a class=\"wp-block-button__link wp-element-button\" href=\"http:\/\/librairie-vagalume.com\" target=\"_blank\" rel=\"noreferrer noopener\">Site web<\/a><\/div>\n<\/div>\n<\/div><\/div>\n<\/div>\n\n\n\n<div class=\"wp-block-group is-layout-grid wp-container-core-group-is-layout-2165c098 wp-block-group-is-layout-grid\" style=\"min-height:0px;padding-top:0;padding-right:var(--wp--preset--spacing--80);padding-bottom:0;padding-left:var(--wp--preset--spacing--80);line-height:0\">\n<div class=\"wp-block-group wp-container-content-cf841b22\" style=\"min-height:200px;padding-right:0;padding-left:0;line-height:1.5\"><div class=\"wp-block-group__inner-container is-layout-constrained wp-container-core-group-is-layout-a7c31ef8 wp-block-group-is-layout-constrained\">\n<p class=\"has-medium-font-size\"><strong>Librairie de la place<\/strong><\/p>\n\n\n\n<div class=\"wp-block-group wp-container-content-d64d2fc5\" style=\"line-height:0\"><div class=\"wp-block-group__inner-container is-layout-constrained wp-block-group-is-layout-constrained\">\n<p style=\"line-height:1.8\">On aime venir y d\u00e9nicher un livre de voyage et bien s\u00fbr\u2026 Des livres jeunesse !<\/p>\n<\/div><\/div>\n\n\n\n<p><a href=\"https:\/\/share.google\/eHpv5vqZyYZRwq3hX\" target=\"_blank\" rel=\"noreferrer noopener\">12 place Ambroise Courtois , 69008 Lyon<\/a><\/p>\n\n\n\n<div class=\"wp-block-buttons is-layout-flex wp-block-buttons-is-layout-flex\">\n<div class=\"wp-block-button\"><a class=\"wp-block-button__link wp-element-button\" href=\"http:\/\/facebook.com\/librairiedelaplace.fr\" target=\"_blank\" rel=\"noreferrer noopener\">Site web<\/a><\/div>\n<\/div>\n<\/div><\/div>\n\n\n\n<div class=\"wp-block-group wp-container-content-cf841b22\" style=\"min-height:200px;padding-right:0;padding-left:0;line-height:1.5\"><div class=\"wp-block-group__inner-container is-layout-constrained wp-container-core-group-is-layout-a7c31ef8 wp-block-group-is-layout-constrained\">\n<p class=\"has-medium-font-size\"><strong>B\u00e9b\u00e9 Frog<\/strong><\/p>\n\n\n\n<div class=\"wp-block-group wp-container-content-d64d2fc5\" style=\"line-height:0\"><div class=\"wp-block-group__inner-container is-layout-constrained wp-block-group-is-layout-constrained\">\n<p style=\"line-height:1.8\">Des jeux, des jouets, mais aussi des livres pour les tout petits&nbsp;!<\/p>\n<\/div><\/div>\n\n\n\n<p><a href=\"https:\/\/share.google\/lMk6r3KgMY9zj1D7M\" target=\"_blank\" rel=\"noreferrer noopener\">113 av des Fr\u00e8res lumi\u00e8re 69008 Lyon<\/a><\/p>\n\n\n\n<div class=\"wp-block-buttons is-layout-flex wp-block-buttons-is-layout-flex\">\n<div class=\"wp-block-button\"><a class=\"wp-block-button__link wp-element-button\" href=\"http:\/\/bebe-frog.com\" target=\"_blank\" rel=\"noreferrer noopener\">Site web<\/a><\/div>\n<\/div>\n<\/div><\/div>\n<\/div>\n\n\n\n<div class=\"wp-block-group is-layout-grid wp-container-core-group-is-layout-2165c098 wp-block-group-is-layout-grid\" style=\"min-height:0px;padding-top:0;padding-right:var(--wp--preset--spacing--80);padding-bottom:0;padding-left:var(--wp--preset--spacing--80);line-height:0\">\n<div class=\"wp-block-group wp-container-content-cf841b22\" style=\"min-height:200px;padding-right:0;padding-left:0;line-height:1.5\"><div class=\"wp-block-group__inner-container is-layout-constrained wp-container-core-group-is-layout-a7c31ef8 wp-block-group-is-layout-constrained\">\n<p class=\"has-medium-font-size\"><strong>La Tani\u00e8re<\/strong><\/p>\n\n\n\n<div class=\"wp-block-group wp-container-content-d64d2fc5\" style=\"line-height:0\"><div class=\"wp-block-group__inner-container is-layout-constrained wp-block-group-is-layout-constrained\">\n<p style=\"line-height:1.8\">Une librairie associative populaire o\u00f9 l\u2019on trouve aussi bien du neuf que de l\u2019occasion.<\/p>\n<\/div><\/div>\n\n\n\n<p><a href=\"https:\/\/share.google\/Suww0dJb1Ug75gyHi\" target=\"_blank\" rel=\"noreferrer noopener\">68 bd des Etats-Unis , 69008 Lyon<\/a><\/p>\n\n\n\n<div class=\"wp-block-buttons is-layout-flex wp-block-buttons-is-layout-flex\">\n<div class=\"wp-block-button\"><a class=\"wp-block-button__link wp-element-button\" href=\"https:\/\/www.instagram.com\/librairielataniere\/\" target=\"_blank\" rel=\"noreferrer noopener\">Site web<\/a><\/div>\n<\/div>\n<\/div><\/div>\n\n\n\n<div class=\"wp-block-group wp-container-content-cf841b22\" style=\"min-height:200px;padding-right:0;padding-left:0;line-height:1.5\"><div class=\"wp-block-group__inner-container is-layout-constrained wp-container-core-group-is-layout-a7c31ef8 wp-block-group-is-layout-constrained\">\n<p class=\"has-medium-font-size\"><strong>Au Bonheur des Ogres<\/strong><\/p>\n\n\n\n<div class=\"wp-block-group wp-container-content-d64d2fc5\" style=\"line-height:0\"><div class=\"wp-block-group__inner-container is-layout-constrained wp-block-group-is-layout-constrained\">\n<p style=\"line-height:1.8\">Conseils avis\u00e9s, choix vari\u00e9s, livres \u00e0 d\u00e9vorer\u2026 Les Crocos en croquent pour les Ogres !<\/p>\n<\/div><\/div>\n\n\n\n<p><a href=\"https:\/\/share.google\/LSuMhCWtu0cFhgkNT\" target=\"_blank\" rel=\"noreferrer noopener\">9 grande rue Vaise, 69009 Lyon<\/a><\/p>\n\n\n\n<div class=\"wp-block-buttons is-layout-flex wp-block-buttons-is-layout-flex\">\n<div class=\"wp-block-button\"><a class=\"wp-block-button__link wp-element-button\" href=\"http:\/\/facebook.com\/librairielabonheurdesogres\" target=\"_blank\" rel=\"noreferrer noopener\">Site web<\/a><\/div>\n<\/div>\n<\/div><\/div>\n<\/div>\n\n\n<style>.wp-block-kadence-spacer.kt-block-spacer-196_5ffd32-8c .kt-block-spacer{height:60px;}.wp-block-kadence-spacer.kt-block-spacer-196_5ffd32-8c .kt-divider{border-top-width:3px;height:1px;border-top-color:#eee;width:80%;border-top-style:solid;}<\/style>\n<div class=\"wp-block-kadence-spacer aligncenter kt-block-spacer-196_5ffd32-8c\"><div class=\"kt-block-spacer kt-block-spacer-halign-center\"><hr class=\"kt-divider\"\/><\/div><\/div>\n\n\n\n<h3 class=\"wp-block-heading\" style=\"padding-right:var(--wp--preset--spacing--80);padding-left:var(--wp--preset--spacing--80)\"><strong>VILLEURBANNE<\/strong><\/h3>\n\n\n\n<p><\/p>\n\n\n\n<div class=\"wp-block-group is-layout-grid wp-container-core-group-is-layout-2165c098 wp-block-group-is-layout-grid\" style=\"min-height:0px;padding-top:0;padding-right:var(--wp--preset--spacing--80);padding-bottom:0;padding-left:var(--wp--preset--spacing--80);line-height:0\">\n<div class=\"wp-block-group wp-container-content-cf841b22\" style=\"min-height:200px;padding-right:0;padding-left:0;line-height:1.5\"><div class=\"wp-block-group__inner-container is-layout-constrained wp-container-core-group-is-layout-a7c31ef8 wp-block-group-is-layout-constrained\">\n<p class=\"has-medium-font-size\"><strong>Fantasio<\/strong><\/p>\n\n\n\n<div class=\"wp-block-group wp-container-content-d64d2fc5\" style=\"line-height:0\"><div class=\"wp-block-group__inner-container is-layout-constrained wp-block-group-is-layout-constrained\">\n<p style=\"line-height:1.8\">La plus grosse librairie de Villeurbanne, au c\u0153ur des Gratte-ciel.<\/p>\n<\/div><\/div>\n\n\n\n<p><a href=\"https:\/\/share.google\/2CZlCQsp5sGONRWhX\" target=\"_blank\" rel=\"noreferrer noopener\">33 avenue Henri Barbusse, 69100 Villeurbanne<\/a><\/p>\n\n\n\n<div class=\"wp-block-buttons is-layout-flex wp-block-buttons-is-layout-flex\">\n<div class=\"wp-block-button\"><a class=\"wp-block-button__link wp-element-button\" href=\"http:\/\/facebook.com\/librairiefantasio\" target=\"_blank\" rel=\"noreferrer noopener\">Site web<\/a><\/div>\n<\/div>\n<\/div><\/div>\n\n\n\n<div class=\"wp-block-group wp-container-content-cf841b22\" style=\"min-height:200px;padding-right:0;padding-left:0;line-height:1.5\"><div class=\"wp-block-group__inner-container is-layout-constrained wp-container-core-group-is-layout-a7c31ef8 wp-block-group-is-layout-constrained\">\n<p class=\"has-medium-font-size\"><strong>Exp\u00e9rience bis<\/strong><\/p>\n\n\n\n<div class=\"wp-block-group wp-container-content-d64d2fc5\" style=\"line-height:0\"><div class=\"wp-block-group__inner-container is-layout-constrained wp-block-group-is-layout-constrained\">\n<p style=\"line-height:1.8\">La librairie BD de Villeurbanne. Au rayon jeunesse, la p\u00e9tillante Flo, tout droit sortie d&rsquo;un album\u2026<\/p>\n<\/div><\/div>\n\n\n\n<p><a href=\"https:\/\/share.google\/GUwSua8w0vbU4Lase\" target=\"_blank\" rel=\"noreferrer noopener\">42 rue Michel Servet, 69100 Villeurbanne<\/a><\/p>\n\n\n\n<div class=\"wp-block-buttons is-layout-flex wp-block-buttons-is-layout-flex\">\n<div class=\"wp-block-button\"><a class=\"wp-block-button__link wp-element-button\" href=\"http:\/\/librairie-experience.com\" target=\"_blank\" rel=\"noreferrer noopener\">Site web<\/a><\/div>\n<\/div>\n<\/div><\/div>\n<\/div>\n\n\n\n<div class=\"wp-block-group is-layout-grid wp-container-core-group-is-layout-2165c098 wp-block-group-is-layout-grid\" style=\"min-height:0px;padding-top:0;padding-right:var(--wp--preset--spacing--80);padding-bottom:0;padding-left:var(--wp--preset--spacing--80);line-height:0\">\n<div class=\"wp-block-group wp-container-content-cf841b22\" style=\"min-height:200px;padding-right:0;padding-left:0;line-height:1.5\"><div class=\"wp-block-group__inner-container is-layout-constrained wp-container-core-group-is-layout-a7c31ef8 wp-block-group-is-layout-constrained\">\n<p class=\"has-medium-font-size\"><strong>Lettres \u00e0 croquer<\/strong><\/p>\n\n\n\n<div class=\"wp-block-group wp-container-content-d64d2fc5\" style=\"line-height:0\"><div class=\"wp-block-group__inner-container is-layout-constrained wp-block-group-is-layout-constrained\">\n<p style=\"line-height:1.8\">Des libraires qui croquent des livres ? Aux Editions les crocos, on ne peut que craquer.<\/p>\n<\/div><\/div>\n\n\n\n<p><a href=\"https:\/\/share.google\/dkaGsmUMS3hMOAehh\" target=\"_blank\" rel=\"noreferrer noopener\">104 Cours Emile Zola, 69100 Villeurbanne<\/a><\/p>\n\n\n\n<div class=\"wp-block-buttons is-layout-flex wp-block-buttons-is-layout-flex\">\n<div class=\"wp-block-button\"><a class=\"wp-block-button__link wp-element-button\" href=\"http:\/\/lettresacroquer.fr\" target=\"_blank\" rel=\"noreferrer noopener\">Site web<\/a><\/div>\n<\/div>\n<\/div><\/div>\n\n\n\n<p><\/p>\n<\/div>\n\n\n<style>.wp-block-kadence-spacer.kt-block-spacer-196_f0b34c-d4 .kt-block-spacer{height:60px;}.wp-block-kadence-spacer.kt-block-spacer-196_f0b34c-d4 .kt-divider{border-top-width:3px;height:1px;border-top-color:#eee;width:80%;border-top-style:solid;}<\/style>\n<div class=\"wp-block-kadence-spacer aligncenter kt-block-spacer-196_f0b34c-d4\"><div class=\"kt-block-spacer kt-block-spacer-halign-center\"><hr class=\"kt-divider\"\/><\/div><\/div>\n\n\n\n<h3 class=\"wp-block-heading\" style=\"padding-right:var(--wp--preset--spacing--80);padding-left:var(--wp--preset--spacing--80)\"><strong>EST LYONNAIS<\/strong><\/h3>\n\n\n\n<p><\/p>\n\n\n\n<div class=\"wp-block-group is-layout-grid wp-container-core-group-is-layout-2165c098 wp-block-group-is-layout-grid\" style=\"min-height:0px;padding-top:0;padding-right:var(--wp--preset--spacing--80);padding-bottom:0;padding-left:var(--wp--preset--spacing--80);line-height:0\">\n<div class=\"wp-block-group wp-container-content-cf841b22\" style=\"min-height:200px;padding-right:0;padding-left:0;line-height:1.5\"><div class=\"wp-block-group__inner-container is-layout-constrained wp-container-core-group-is-layout-a7c31ef8 wp-block-group-is-layout-constrained\">\n<p class=\"has-medium-font-size\"><strong>La Bougeotte<\/strong><\/p>\n\n\n\n<div class=\"wp-block-group wp-container-content-d64d2fc5\" style=\"line-height:0\"><div class=\"wp-block-group__inner-container is-layout-constrained wp-block-group-is-layout-constrained\">\n<p style=\"line-height:1.8\">Une librairie itin\u00e9rante qu\u2019on retrouve sur les march\u00e9s de Saint-Fons, V\u00e9nissieux, Feyzin, Montluel, Cr\u00e9pieux\u2026 Des communes sans librairie&nbsp;!<\/p>\n<\/div><\/div>\n\n\n\n<p><\/p>\n\n\n\n<div class=\"wp-block-buttons is-layout-flex wp-block-buttons-is-layout-flex\">\n<div class=\"wp-block-button\"><a class=\"wp-block-button__link wp-element-button\" href=\"https:\/\/asso.chez-mon-libraire.fr\/librairie\/librairie\/280.html\" target=\"_blank\" rel=\"noreferrer noopener\">Site web<\/a><\/div>\n<\/div>\n<\/div><\/div>\n\n\n\n<div class=\"wp-block-group wp-container-content-cf841b22\" style=\"min-height:200px;padding-right:0;padding-left:0;line-height:1.5\"><div class=\"wp-block-group__inner-container is-layout-constrained wp-container-core-group-is-layout-a7c31ef8 wp-block-group-is-layout-constrained\">\n<p class=\"has-medium-font-size\"><strong>Librairie Bron presse<\/strong><\/p>\n\n\n\n<div class=\"wp-block-group wp-container-content-d64d2fc5\" style=\"line-height:0\"><div class=\"wp-block-group__inner-container is-layout-constrained wp-block-group-is-layout-constrained\">\n<p style=\"line-height:1.8\">La librairie de Bron. Beaucoup de presse, mais aussi plein d\u2019albums jeunesse au fond du magasin.<\/p>\n<\/div><\/div>\n\n\n\n<p><a href=\"https:\/\/share.google\/9e898fcqkWmkY70yI\" target=\"_blank\" rel=\"noreferrer noopener\">150 av. Franklin Roosevelt 69500 Bron<\/a><\/p>\n\n\n\n<div class=\"wp-block-buttons is-layout-flex wp-block-buttons-is-layout-flex\">\n<div class=\"wp-block-button\"><a class=\"wp-block-button__link wp-element-button\" href=\"http:\/\/librairiebronpresse.wordpress.com\" target=\"_blank\" rel=\"noreferrer noopener\">Site web<\/a><\/div>\n<\/div>\n<\/div><\/div>\n<\/div>\n\n\n\n<div class=\"wp-block-group is-layout-grid wp-container-core-group-is-layout-2165c098 wp-block-group-is-layout-grid\" style=\"min-height:0px;padding-top:0;padding-right:var(--wp--preset--spacing--80);padding-bottom:0;padding-left:var(--wp--preset--spacing--80);line-height:0\">\n<div class=\"wp-block-group wp-container-content-cf841b22\" style=\"min-height:200px;padding-right:0;padding-left:0;line-height:1.5\"><div class=\"wp-block-group__inner-container is-layout-constrained wp-container-core-group-is-layout-a7c31ef8 wp-block-group-is-layout-constrained\">\n<p class=\"has-medium-font-size\"><strong>Librairie Colibris<\/strong><\/p>\n\n\n\n<div class=\"wp-block-group wp-container-content-d64d2fc5\" style=\"line-height:0\"><div class=\"wp-block-group__inner-container is-layout-constrained wp-block-group-is-layout-constrained\">\n<p style=\"line-height:1.8\">Ici, on d\u00e9fend beaucoup les \u00e9diteurs et les auteurs locaux. Un d\u00e9tour par Meyzieu s&rsquo;impose.<\/p>\n<\/div><\/div>\n\n\n\n<p><a href=\"https:\/\/share.google\/RBPZuWJoPiDd6gbr8\" target=\"_blank\" rel=\"noreferrer noopener\">9 Rue Antoine Vacher, 69330 Meyzieu<\/a><\/p>\n\n\n\n<div class=\"wp-block-buttons is-layout-flex wp-block-buttons-is-layout-flex\">\n<div class=\"wp-block-button\"><a class=\"wp-block-button__link wp-element-button\" href=\"http:\/\/librairie-colibris.com\" target=\"_blank\" rel=\"noreferrer noopener\">Site web<\/a><\/div>\n<\/div>\n<\/div><\/div>\n\n\n\n<div class=\"wp-block-group wp-container-content-cf841b22\" style=\"min-height:200px;padding-right:0;padding-left:0;line-height:1.5\"><div class=\"wp-block-group__inner-container is-layout-constrained wp-container-core-group-is-layout-a7c31ef8 wp-block-group-is-layout-constrained\">\n<p class=\"has-medium-font-size\"><strong>R\u00e9cit Music<\/strong><\/p>\n\n\n\n<div class=\"wp-block-group wp-container-content-d64d2fc5\" style=\"line-height:0\"><div class=\"wp-block-group__inner-container is-layout-constrained wp-block-group-is-layout-constrained\">\n<p style=\"line-height:1.8\">Au milieu des livres, des guitares ! Une librairie originale o\u00f9 Patrick r\u00e9unit ses deux passions, la musique et la litt\u00e9rature.<\/p>\n<\/div><\/div>\n\n\n\n<p><a href=\"https:\/\/share.google\/iXHB5uiPAx7UhSUY1\" target=\"_blank\" rel=\"noreferrer noopener\">72 rue de la R\u00e9publique 69740 Genas<\/a><\/p>\n\n\n\n<div class=\"wp-block-buttons is-layout-flex wp-block-buttons-is-layout-flex\">\n<div class=\"wp-block-button\"><a class=\"wp-block-button__link wp-element-button\" href=\"http:\/\/recitmusic.fr\" target=\"_blank\" rel=\"noreferrer noopener\">Site web<\/a><\/div>\n<\/div>\n<\/div><\/div>\n\n\n\n<p><\/p>\n<\/div>\n\n\n\n<div class=\"wp-block-group is-layout-grid wp-container-core-group-is-layout-2165c098 wp-block-group-is-layout-grid\" style=\"min-height:0px;padding-top:0;padding-right:var(--wp--preset--spacing--80);padding-bottom:0;padding-left:var(--wp--preset--spacing--80);line-height:0\">\n<div class=\"wp-block-group wp-container-content-cf841b22\" style=\"min-height:200px;padding-right:0;padding-left:0;line-height:1.5\"><div class=\"wp-block-group__inner-container is-layout-constrained wp-container-core-group-is-layout-a7c31ef8 wp-block-group-is-layout-constrained\">\n<p class=\"has-medium-font-size\"><strong>L\u2019Insomnie<\/strong><\/p>\n\n\n\n<div class=\"wp-block-group wp-container-content-d64d2fc5\" style=\"line-height:0\"><div class=\"wp-block-group__inner-container is-layout-constrained wp-block-group-is-layout-constrained\">\n<p style=\"line-height:1.8\">La librairie de D\u00e9cines. En \u00e9t\u00e9, venez profiter de la terrasse<\/p>\n<\/div><\/div>\n\n\n\n<p><a href=\"https:\/\/share.google\/qv5M1MjD6QZORAejq\" target=\"_blank\" rel=\"noreferrer noopener\">7 place Roger Salengro 69150 D\u00e9cines-Charpieu<\/a><\/p>\n\n\n\n<div class=\"wp-block-buttons is-layout-flex wp-block-buttons-is-layout-flex\">\n<div class=\"wp-block-button\"><a class=\"wp-block-button__link wp-element-button\" href=\"http:\/\/instagram.com\/librairielinsomnie\" target=\"_blank\" rel=\"noreferrer noopener\">Site web<\/a><\/div>\n<\/div>\n<\/div><\/div>\n\n\n\n<div class=\"wp-block-group wp-container-content-cf841b22\" style=\"min-height:200px;padding-right:0;padding-left:0;line-height:1.5\"><div class=\"wp-block-group__inner-container is-layout-constrained wp-container-core-group-is-layout-a7c31ef8 wp-block-group-is-layout-constrained\">\n<p class=\"has-medium-font-size\"><strong>Grain de d\u00e9sir<\/strong><\/p>\n\n\n\n<div class=\"wp-block-group wp-container-content-d64d2fc5\" style=\"line-height:0\"><div class=\"wp-block-group__inner-container is-layout-constrained wp-block-group-is-layout-constrained\">\n<p style=\"line-height:1.8\">Dans cette librairie g\u00e9n\u00e9raliste, le plus grand rayon est consacr\u00e9\u2026 \u00e0 la jeunesse. Youhou !<\/p>\n<\/div><\/div>\n\n\n\n<p><a href=\"https:\/\/share.google\/EHR3PF7AE8P5lKMjq\" target=\"_blank\" rel=\"noreferrer noopener\">2 Rue de la Commanderie, 69720 Saint-Bonnet-de-Mure<\/a><\/p>\n\n\n\n<div class=\"wp-block-buttons is-layout-flex wp-block-buttons-is-layout-flex\">\n<div class=\"wp-block-button\"><a class=\"wp-block-button__link wp-element-button\" href=\"http:\/\/facebook.com\/grain.de.desir\" target=\"_blank\" rel=\"noreferrer noopener\">Site web<\/a><\/div>\n<\/div>\n<\/div><\/div>\n\n\n\n<p><\/p>\n<\/div>\n\n\n<style>.wp-block-kadence-spacer.kt-block-spacer-196_2976b3-7f .kt-block-spacer{height:60px;}.wp-block-kadence-spacer.kt-block-spacer-196_2976b3-7f .kt-divider{border-top-width:3px;height:1px;border-top-color:#eee;width:80%;border-top-style:solid;}<\/style>\n<div class=\"wp-block-kadence-spacer aligncenter kt-block-spacer-196_2976b3-7f\"><div class=\"kt-block-spacer kt-block-spacer-halign-center\"><hr class=\"kt-divider\"\/><\/div><\/div>\n\n\n\n<h3 class=\"wp-block-heading\" style=\"padding-right:var(--wp--preset--spacing--80);padding-left:var(--wp--preset--spacing--80)\"><strong>OUEST LYONNAIS<\/strong><\/h3>\n\n\n\n<p><\/p>\n\n\n\n<div class=\"wp-block-group is-layout-grid wp-container-core-group-is-layout-2165c098 wp-block-group-is-layout-grid\" style=\"min-height:0px;padding-top:0;padding-right:var(--wp--preset--spacing--80);padding-bottom:0;padding-left:var(--wp--preset--spacing--80);line-height:0\">\n<div class=\"wp-block-group wp-container-content-cf841b22\" style=\"min-height:200px;padding-right:0;padding-left:0;line-height:1.5\"><div class=\"wp-block-group__inner-container is-layout-constrained wp-container-core-group-is-layout-a7c31ef8 wp-block-group-is-layout-constrained\">\n<p class=\"has-medium-font-size\"><strong>Pleine lune<\/strong><\/p>\n\n\n\n<div class=\"wp-block-group wp-container-content-d64d2fc5\" style=\"line-height:0\"><div class=\"wp-block-group__inner-container is-layout-constrained wp-block-group-is-layout-constrained\">\n<p style=\"line-height:1.8\">Une librairie lumineuse o\u00f9 l&rsquo;on se sent tr\u00e8s vite comme \u00e0 la maison.<\/p>\n<\/div><\/div>\n\n\n\n<p><a href=\"https:\/\/share.google\/BwhzGFYXlnz3JLMhj\" target=\"_blank\" rel=\"noreferrer noopener\">28 promenade des Tuileries, 69160 Tassin-la-Demi-Lune<\/a><\/p>\n\n\n\n<div class=\"wp-block-buttons is-layout-flex wp-block-buttons-is-layout-flex\">\n<div class=\"wp-block-button\"><a class=\"wp-block-button__link wp-element-button\" href=\"http:\/\/facebook.com\/LibrairiePleineLune\" target=\"_blank\" rel=\"noreferrer noopener\">Site web<\/a><\/div>\n<\/div>\n<\/div><\/div>\n\n\n\n<div class=\"wp-block-group wp-container-content-cf841b22\" style=\"min-height:200px;padding-right:0;padding-left:0;line-height:1.5\"><div class=\"wp-block-group__inner-container is-layout-constrained wp-container-core-group-is-layout-a7c31ef8 wp-block-group-is-layout-constrained\">\n<p class=\"has-medium-font-size\"><strong>La Puce \u00e0 l&rsquo;oreille<\/strong><\/p>\n\n\n\n<div class=\"wp-block-group wp-container-content-d64d2fc5\" style=\"line-height:0\"><div class=\"wp-block-group__inner-container is-layout-constrained wp-block-group-is-layout-constrained\">\n<p style=\"line-height:1.8\">Un magasin de jeux et de jouets qui propose aussi un rayon livres bien fourni. Avec les super conseils de Cl\u00e9mentine et Ga\u00ebtane.<\/p>\n<\/div><\/div>\n\n\n\n<p><a href=\"https:\/\/share.google\/RDWC4dILL16QmBxVX\" target=\"_blank\" rel=\"noreferrer noopener\">10 rue Beno\u00eet Talbard, 69130 Ecully<\/a><\/p>\n\n\n\n<div class=\"wp-block-buttons is-layout-flex wp-block-buttons-is-layout-flex\">\n<div class=\"wp-block-button\"><a class=\"wp-block-button__link wp-element-button\" href=\"http:\/\/facebook.com\/lapucealoreille.ecully\" target=\"_blank\" rel=\"noreferrer noopener\">Site web<\/a><\/div>\n<\/div>\n<\/div><\/div>\n<\/div>\n\n\n\n<div class=\"wp-block-group is-layout-grid wp-container-core-group-is-layout-2165c098 wp-block-group-is-layout-grid\" style=\"min-height:0px;padding-top:0;padding-right:var(--wp--preset--spacing--80);padding-bottom:0;padding-left:var(--wp--preset--spacing--80);line-height:0\">\n<div class=\"wp-block-group wp-container-content-cf841b22\" style=\"min-height:200px;padding-right:0;padding-left:0;line-height:1.5\"><div class=\"wp-block-group__inner-container is-layout-constrained wp-container-core-group-is-layout-a7c31ef8 wp-block-group-is-layout-constrained\">\n<p class=\"has-medium-font-size\"><strong>Decitre Ecully<\/strong><\/p>\n\n\n\n<div class=\"wp-block-group wp-container-content-d64d2fc5\" style=\"line-height:0\"><div class=\"wp-block-group__inner-container is-layout-constrained wp-block-group-is-layout-constrained\">\n<p style=\"line-height:1.8\">Enfin une bonne raison d&rsquo;aller dans une galerie marchande !<\/p>\n<\/div><\/div>\n\n\n\n<p><a href=\"https:\/\/maps.app.goo.gl\/XNsGhwyp9ScUFQic7\" target=\"_blank\" rel=\"noreferrer noopener\">Centre commercial Ecully grand Ouest, 69130 Ecully<\/a><\/p>\n\n\n\n<div class=\"wp-block-buttons is-layout-flex wp-block-buttons-is-layout-flex\">\n<div class=\"wp-block-button\"><a class=\"wp-block-button__link wp-element-button\" href=\"http:\/\/facebook.com\/DecitreEcullyGrandOuest\" target=\"_blank\" rel=\"noreferrer noopener\">Site web<\/a><\/div>\n<\/div>\n<\/div><\/div>\n\n\n\n<div class=\"wp-block-group wp-container-content-cf841b22\" style=\"min-height:200px;padding-right:0;padding-left:0;line-height:1.5\"><div class=\"wp-block-group__inner-container is-layout-constrained wp-container-core-group-is-layout-a7c31ef8 wp-block-group-is-layout-constrained\">\n<p class=\"has-medium-font-size\"><strong>Auchan<\/strong><\/p>\n\n\n\n<div class=\"wp-block-group wp-container-content-d64d2fc5\" style=\"line-height:0\"><div class=\"wp-block-group__inner-container is-layout-constrained wp-block-group-is-layout-constrained\">\n<p style=\"line-height:1.8\">Le rayon librairie fait d\u00e9sormais aussi dans le local<\/p>\n<\/div><\/div>\n\n\n\n<p><a href=\"https:\/\/share.google\/1Kre7w4w2hP6qMv3m\" target=\"_blank\" rel=\"noreferrer noopener\">Centre commercial Porte de Lyon, 69570 Dardilly<\/a><\/p>\n<\/div><\/div>\n<\/div>\n\n\n\n<div class=\"wp-block-group is-layout-grid wp-container-core-group-is-layout-2165c098 wp-block-group-is-layout-grid\" style=\"min-height:0px;padding-top:0;padding-right:var(--wp--preset--spacing--80);padding-bottom:0;padding-left:var(--wp--preset--spacing--80);line-height:0\">\n<div class=\"wp-block-group wp-container-content-cf841b22\" style=\"min-height:200px;padding-right:0;padding-left:0;line-height:1.5\"><div class=\"wp-block-group__inner-container is-layout-constrained wp-container-core-group-is-layout-a7c31ef8 wp-block-group-is-layout-constrained\">\n<p class=\"has-medium-font-size\"><strong>Les ateliers et cie<\/strong><\/p>\n\n\n\n<div class=\"wp-block-group wp-container-content-d64d2fc5\" style=\"line-height:0\"><div class=\"wp-block-group__inner-container is-layout-constrained wp-block-group-is-layout-constrained\">\n<p style=\"line-height:1.8\">Une super boutique de cr\u00e9ateurs en vall\u00e9e d&rsquo;Azergues<\/p>\n<\/div><\/div>\n\n\n\n<p><a href=\"https:\/\/share.google\/xcGtD59p2nReW2ZI2\" target=\"_blank\" rel=\"noreferrer noopener\">159 route de Lyon, 69380 Lozanne<\/a><\/p>\n\n\n\n<div class=\"wp-block-buttons is-layout-flex wp-block-buttons-is-layout-flex\">\n<div class=\"wp-block-button\"><a class=\"wp-block-button__link wp-element-button\" href=\"https:\/\/www.instagram.com\/lesateliersandcie\/?hl=fr\" target=\"_blank\" rel=\"noreferrer noopener\">Site web<\/a><\/div>\n<\/div>\n<\/div><\/div>\n\n\n\n<div class=\"wp-block-group wp-container-content-cf841b22\" style=\"min-height:200px;padding-right:0;padding-left:0;line-height:1.5\"><div class=\"wp-block-group__inner-container is-layout-constrained wp-container-core-group-is-layout-a7c31ef8 wp-block-group-is-layout-constrained\">\n<p class=\"has-medium-font-size\"><strong>La Belle Cordi\u00e8re<\/strong><\/p>\n\n\n\n<div class=\"wp-block-group wp-container-content-d64d2fc5\" style=\"line-height:0\"><div class=\"wp-block-group__inner-container is-layout-constrained wp-block-group-is-layout-constrained\">\n<p style=\"line-height:1.8\">La librairie de Charbonni\u00e8res. De la presse, de la papeterie, des jeux\u2026 Et de plus en plus de livres !<\/p>\n<\/div><\/div>\n\n\n\n<p><a href=\"https:\/\/share.google\/Bxe2fjCESmnYnfEVZ\" target=\"_blank\" rel=\"noreferrer noopener\">102 Rte de Paris, 69260 Charbonni\u00e8res-les-Bains<\/a><\/p>\n\n\n\n<div class=\"wp-block-buttons is-layout-flex wp-block-buttons-is-layout-flex\">\n<div class=\"wp-block-button\"><a class=\"wp-block-button__link wp-element-button\" href=\"https:\/\/www.facebook.com\/profile.php?id=61556443932657\" target=\"_blank\" rel=\"noreferrer noopener\">Site web<\/a><\/div>\n<\/div>\n<\/div><\/div>\n\n\n\n<div class=\"wp-block-group wp-container-content-cf841b22\" style=\"min-height:200px;padding-right:0;padding-left:0;line-height:1.5\"><div class=\"wp-block-group__inner-container is-layout-constrained wp-container-core-group-is-layout-a7c31ef8 wp-block-group-is-layout-constrained\">\n<p class=\"has-medium-font-size\"><strong>Le Jardin des lettres<\/strong><\/p>\n\n\n\n<div class=\"wp-block-group wp-container-content-d64d2fc5\" style=\"line-height:0\"><div class=\"wp-block-group__inner-container is-layout-constrained wp-block-group-is-layout-constrained\">\n<p style=\"line-height:1.8\">Ici poussent en permanence de nouveaux livres pour petits et grands enfants\u2026<\/p>\n<\/div><\/div>\n\n\n\n<p><a href=\"https:\/\/share.google\/Gnb29Iji5vIdx2S95\" target=\"_blank\" rel=\"noreferrer noopener\">87 Avenue Edouard Millaud, 69290 Craponne<\/a><\/p>\n\n\n\n<div class=\"wp-block-buttons is-layout-flex wp-block-buttons-is-layout-flex\">\n<div class=\"wp-block-button\"><a class=\"wp-block-button__link wp-element-button\" href=\"http:\/\/jardin-des-lettres.fr\" target=\"_blank\" rel=\"noreferrer noopener\">Site web<\/a><\/div>\n<\/div>\n<\/div><\/div>\n<\/div>\n\n\n\n<div class=\"wp-block-group is-layout-grid wp-container-core-group-is-layout-2165c098 wp-block-group-is-layout-grid\" style=\"min-height:0px;padding-top:0;padding-right:var(--wp--preset--spacing--80);padding-bottom:0;padding-left:var(--wp--preset--spacing--80);line-height:0\">\n<div class=\"wp-block-group wp-container-content-cf841b22\" style=\"min-height:200px;padding-right:0;padding-left:0;line-height:1.5\"><div class=\"wp-block-group__inner-container is-layout-constrained wp-container-core-group-is-layout-a7c31ef8 wp-block-group-is-layout-constrained\">\n<p class=\"has-medium-font-size\"><strong>Librairie des Univers<\/strong><\/p>\n\n\n\n<div class=\"wp-block-group wp-container-content-d64d2fc5\" style=\"line-height:0\"><div class=\"wp-block-group__inner-container is-layout-constrained wp-block-group-is-layout-constrained\">\n<p style=\"line-height:1.8\">Il manquait une librairie \u00e0 Francheville&nbsp;! Merci Beno\u00eet pour cette ouverture tant attendue.<\/p>\n<\/div><\/div>\n\n\n\n<p><a href=\"https:\/\/share.google\/Kf8Rse7PZKY2Ue9oz\" target=\"_blank\" rel=\"noreferrer noopener\">39 av du Chater, 69340 Francheville<\/a><\/p>\n\n\n\n<div class=\"wp-block-buttons is-layout-flex wp-block-buttons-is-layout-flex\">\n<div class=\"wp-block-button\"><a class=\"wp-block-button__link wp-element-button\" href=\"http:\/\/facebook.com\/librairiedesunivers\" target=\"_blank\" rel=\"noreferrer noopener\">Site web<\/a><\/div>\n<\/div>\n<\/div><\/div>\n\n\n\n<div class=\"wp-block-group wp-container-content-cf841b22\" style=\"min-height:200px;padding-right:0;padding-left:0;line-height:1.5\"><div class=\"wp-block-group__inner-container is-layout-constrained wp-container-core-group-is-layout-a7c31ef8 wp-block-group-is-layout-constrained\">\n<p class=\"has-medium-font-size\"><strong>Librairie 36 Grande Rue<\/strong><\/p>\n\n\n\n<div class=\"wp-block-group wp-container-content-d64d2fc5\" style=\"line-height:0\"><div class=\"wp-block-group__inner-container is-layout-constrained wp-block-group-is-layout-constrained\">\n<p style=\"line-height:1.8\">Une caverne d&rsquo;Ali Baba o\u00f9 les enfants sont rois !<\/p>\n<\/div><\/div>\n\n\n\n<p><a href=\"https:\/\/share.google\/zRG2Km2oJF4mSth60\" target=\"_blank\" rel=\"noreferrer noopener\">36 Grande Rue, 69110 Sainte-Foy-l\u00e8s-Lyon<\/a><\/p>\n\n\n\n<div class=\"wp-block-buttons is-layout-flex wp-block-buttons-is-layout-flex\">\n<div class=\"wp-block-button\"><a class=\"wp-block-button__link wp-element-button\" href=\"http:\/\/facebook.com\/36-grande-rue\" target=\"_blank\" rel=\"noreferrer noopener\">Site web<\/a><\/div>\n<\/div>\n<\/div><\/div>\n<\/div>\n\n\n\n<div class=\"wp-block-group is-layout-grid wp-container-core-group-is-layout-2165c098 wp-block-group-is-layout-grid\" style=\"min-height:0px;padding-top:0;padding-right:var(--wp--preset--spacing--80);padding-bottom:0;padding-left:var(--wp--preset--spacing--80);line-height:0\">\n<div class=\"wp-block-group wp-container-content-cf841b22\" style=\"min-height:200px;padding-right:0;padding-left:0;line-height:1.5\"><div class=\"wp-block-group__inner-container is-layout-constrained wp-container-core-group-is-layout-a7c31ef8 wp-block-group-is-layout-constrained\">\n<p class=\"has-medium-font-size\"><strong>Le drugstore du Barriot<\/strong><\/p>\n\n\n\n<div class=\"wp-block-group wp-container-content-d64d2fc5\" style=\"line-height:0\"><div class=\"wp-block-group__inner-container is-layout-constrained wp-block-group-is-layout-constrained\">\n<p style=\"line-height:1.8\">Bien plus qu&rsquo;un tabac-presse. Une adresse inattendue et un vrai sens de l&rsquo;accueil.<\/p>\n<\/div><\/div>\n\n\n\n<p><a href=\"https:\/\/share.google\/XNDRddDRKVhD9ic1I\" target=\"_blank\" rel=\"noreferrer noopener\">25 Chemin de Pierre Blanche, 69570 Dardilly<\/a><\/p>\n\n\n\n<div class=\"wp-block-buttons is-layout-flex wp-block-buttons-is-layout-flex\">\n<div class=\"wp-block-button\"><a class=\"wp-block-button__link wp-element-button\" href=\"http:\/\/facebook.com\/Le-Drugstore-du-Barriot\" target=\"_blank\" rel=\"noreferrer noopener\">Site web<\/a><\/div>\n<\/div>\n<\/div><\/div>\n\n\n\n<div class=\"wp-block-group wp-container-content-cf841b22\" style=\"min-height:200px;padding-right:0;padding-left:0;line-height:1.5\"><div class=\"wp-block-group__inner-container is-layout-constrained wp-container-core-group-is-layout-a7c31ef8 wp-block-group-is-layout-constrained\">\n<p class=\"has-medium-font-size\"><strong>Tabac presse de Saint-Didier<\/strong><\/p>\n\n\n\n<div class=\"wp-block-group wp-container-content-d64d2fc5\" style=\"line-height:0\"><div class=\"wp-block-group__inner-container is-layout-constrained wp-block-group-is-layout-constrained\">\n<p style=\"line-height:1.8\">Encore un tabac-presse o\u00f9 l&rsquo;on aime les livres.<\/p>\n<\/div><\/div>\n\n\n\n<p><a href=\"https:\/\/share.google\/xwyl8cFJWlZTQhuVI\" target=\"_blank\" rel=\"noreferrer noopener\">47 Av. de la R\u00e9publique, 69370 Saint-Didier-au-Mont-d&rsquo;Or<\/a><\/p>\n\n\n\n<div class=\"wp-block-buttons is-layout-flex wp-block-buttons-is-layout-flex\">\n<div class=\"wp-block-button\"><a class=\"wp-block-button__link wp-element-button\" href=\"https:\/\/www.google.com\/search?q=Tabac+presse+de+Saint-Didier&amp;client=firefox-b-d&amp;sca_esv=c27431b204ff2544&amp;sxsrf=AE3TifOIePmEI1dfqPENeXYuxdu1bW3drg%3A1763811432433&amp;ei=aKAhaY6bGrKskdUPvbnP2QM&amp;ved=0ahUKEwiO74XP1YWRAxUyVqQEHb3cMzsQ4dUDCBE&amp;oq=Tabac+presse+de+Saint-Didier&amp;gs_lp=Egxnd3Mtd2l6LXNlcnAiHFRhYmFjIHByZXNzZSBkZSBTYWludC1EaWRpZXIyBhAAGBYYHjIGEAAYFhgeMgYQABgWGB4yBhAAGBYYHjIGEAAYFhgeMggQABgWGAoYHjIGEAAYFhgeMgYQABgWGB4yBhAAGBYYHjIGEAAYFhgeSM0NUNgFWNgFcAF4AZABAJgBxgGgAcYBqgEDMC4xuAEMyAEA-AEB-AECmAICoALSAagCCsICDRAuGMcBGCcY6gIYrwHCAgcQIxgnGOoCmAMG8QVql6UdbOtIIJIHBTEuMC4xoAezB7IHAzItMbgHzAHCBwMyLTLIBwg&amp;sclient=gws-wiz-serp\" target=\"_blank\" rel=\"noreferrer noopener\">Site web<\/a><\/div>\n<\/div>\n<\/div><\/div>\n<\/div>\n\n\n\n<div class=\"wp-block-group is-layout-grid wp-container-core-group-is-layout-2165c098 wp-block-group-is-layout-grid\" style=\"min-height:0px;padding-top:0;padding-right:var(--wp--preset--spacing--80);padding-bottom:0;padding-left:var(--wp--preset--spacing--80);line-height:0\">\n<div class=\"wp-block-group wp-container-content-cf841b22\" style=\"min-height:200px;padding-right:0;padding-left:0;line-height:1.5\"><div class=\"wp-block-group__inner-container is-layout-constrained wp-container-core-group-is-layout-a7c31ef8 wp-block-group-is-layout-constrained\">\n<p class=\"has-medium-font-size\"><strong>Myst\u00e8re et boule de gomme<\/strong><\/p>\n\n\n\n<div class=\"wp-block-group wp-container-content-d64d2fc5\" style=\"line-height:0\"><div class=\"wp-block-group__inner-container is-layout-constrained wp-block-group-is-layout-constrained\">\n<p style=\"line-height:1.8\">La librairie de Saint-Cyr men\u00e9e par trois dr\u00f4les de dames. Ouverte le dimanche matin.<\/p>\n<\/div><\/div>\n\n\n\n<p><a href=\"https:\/\/share.google\/S3C6ZLKsIWjqKtzwL\" target=\"_blank\" rel=\"noreferrer noopener\">Rue du Mont-d&rsquo;Or, 69450 Saint-Cyr-au-Mont-d&rsquo;Or<\/a><\/p>\n\n\n\n<div class=\"wp-block-buttons is-layout-flex wp-block-buttons-is-layout-flex\">\n<div class=\"wp-block-button\"><a class=\"wp-block-button__link wp-element-button\" href=\"http:\/\/mystereetbouledegomme.fr\" target=\"_blank\" rel=\"noreferrer noopener\">Site web<\/a><\/div>\n<\/div>\n<\/div><\/div>\n\n\n\n<div class=\"wp-block-group wp-container-content-cf841b22\" style=\"min-height:200px;padding-right:0;padding-left:0;line-height:1.5\"><div class=\"wp-block-group__inner-container is-layout-constrained wp-container-core-group-is-layout-a7c31ef8 wp-block-group-is-layout-constrained\">\n<p class=\"has-medium-font-size\"><strong>U Culture &amp; Technologie<\/strong><\/p>\n\n\n\n<div class=\"wp-block-group wp-container-content-d64d2fc5\" style=\"line-height:0\"><div class=\"wp-block-group__inner-container is-layout-constrained wp-block-group-is-layout-constrained\">\n<p style=\"line-height:1.8\">Dans la partie librairie, ne manquez pas l&rsquo;espace d\u00e9di\u00e9 aux auteurs et aux \u00e9diteurs locaux<\/p>\n<\/div><\/div>\n\n\n\n<p><a href=\"https:\/\/share.google\/Jor00Rk3FcGkyTkjP\" target=\"_blank\" rel=\"noreferrer noopener\">95 Rue des Martinets, 69210 L&rsquo;Arbresle<\/a><\/p>\n\n\n\n<div class=\"wp-block-buttons is-layout-flex wp-block-buttons-is-layout-flex\">\n<div class=\"wp-block-button\"><a class=\"wp-block-button__link wp-element-button\" href=\"https:\/\/www.uculture.fr\/livres\/jeunesse.html\" target=\"_blank\" rel=\"noreferrer noopener\">Site web<\/a><\/div>\n<\/div>\n<\/div><\/div>\n<\/div>\n\n\n\n<div class=\"wp-block-group is-layout-grid wp-container-core-group-is-layout-2165c098 wp-block-group-is-layout-grid\" style=\"min-height:0px;padding-top:0;padding-right:var(--wp--preset--spacing--80);padding-bottom:0;padding-left:var(--wp--preset--spacing--80);line-height:0\">\n<div class=\"wp-block-group wp-container-content-cf841b22\" style=\"min-height:200px;padding-right:0;padding-left:0;line-height:1.5\"><div class=\"wp-block-group__inner-container is-layout-constrained wp-container-core-group-is-layout-a7c31ef8 wp-block-group-is-layout-constrained\">\n<p class=\"has-medium-font-size\"><strong>Les Sens des mots<\/strong><\/p>\n\n\n\n<div class=\"wp-block-group wp-container-content-d64d2fc5\" style=\"line-height:0\"><div class=\"wp-block-group__inner-container is-layout-constrained wp-block-group-is-layout-constrained\">\n<p style=\"line-height:1.8\">Une immense librairie au c\u0153ur des Monts du Lyonnais<\/p>\n<\/div><\/div>\n\n\n\n<p><a href=\"https:\/\/share.google\/oGDNIu7o3lEqQttAO\" target=\"_blank\" rel=\"noreferrer noopener\">4 grande rue, 69590 Saint-Symphorien-sur-Coise<\/a><\/p>\n\n\n\n<div class=\"wp-block-buttons is-layout-flex wp-block-buttons-is-layout-flex\">\n<div class=\"wp-block-button\"><a class=\"wp-block-button__link wp-element-button\" href=\"https:\/\/www.facebook.com\/p\/Librairie-Les-Sens-des-Mots-100057338174105\/\" target=\"_blank\" rel=\"noreferrer noopener\">Site web<\/a><\/div>\n<\/div>\n<\/div><\/div>\n\n\n\n<div class=\"wp-block-group wp-container-content-cf841b22\" style=\"min-height:200px;padding-right:0;padding-left:0;line-height:1.5\"><div class=\"wp-block-group__inner-container is-layout-constrained wp-container-core-group-is-layout-a7c31ef8 wp-block-group-is-layout-constrained\">\n<p class=\"has-medium-font-size\"><strong>L\u2019arbre \u00e0 souhaits<\/strong><\/p>\n\n\n\n<div class=\"wp-block-group wp-container-content-d64d2fc5\" style=\"line-height:0\"><div class=\"wp-block-group__inner-container is-layout-constrained wp-block-group-is-layout-constrained\">\n<p style=\"line-height:1.8\">Enfin une librairie au village&nbsp;! Avec des go\u00fbts tr\u00e8s s\u00fbrs puisque nos livres sont l\u00e0\u2026<\/p>\n<\/div><\/div>\n\n\n\n<p><a href=\"https:\/\/share.google\/kTzMpVgyy6Nr8uOaD\" target=\"_blank\" rel=\"noreferrer noopener\">1 place du Plomb, 69850 Saint-Martin-en-Haut<\/a><\/p>\n\n\n\n<div class=\"wp-block-buttons is-layout-flex wp-block-buttons-is-layout-flex\">\n<div class=\"wp-block-button\"><a class=\"wp-block-button__link wp-element-button\" href=\"https:\/\/www.facebook.com\/p\/Librairie-LArbre-%C3%A0-souhaits-61575110550069\/\" target=\"_blank\" rel=\"noreferrer noopener\">Site web<\/a><\/div>\n<\/div>\n<\/div><\/div>\n\n\n\n<div class=\"wp-block-group wp-container-content-cf841b22\" style=\"min-height:200px;padding-right:0;padding-left:0;line-height:1.5\"><div class=\"wp-block-group__inner-container is-layout-constrained wp-container-core-group-is-layout-a7c31ef8 wp-block-group-is-layout-constrained\">\n<p class=\"has-medium-font-size\"><strong>Morguelune<\/strong><\/p>\n\n\n\n<div class=\"wp-block-group wp-container-content-d64d2fc5\" style=\"line-height:0\"><div class=\"wp-block-group__inner-container is-layout-constrained wp-block-group-is-layout-constrained\">\n<p style=\"line-height:1.8\">Carole a su cr\u00e9er ici un univers magique et f\u00e9\u00e9rique \u00e0 son image. A d\u00e9couvrir de toute urgence.<\/p>\n<\/div><\/div>\n\n\n\n<p><a href=\"https:\/\/share.google\/r8MoFOFMZtNeaZrSg\" target=\"_blank\" rel=\"noreferrer noopener\">8 rue Centrale, 69550 Amplepuis<\/a><\/p>\n\n\n\n<div class=\"wp-block-buttons is-layout-flex wp-block-buttons-is-layout-flex\">\n<div class=\"wp-block-button\"><a class=\"wp-block-button__link wp-element-button\" href=\"https:\/\/www.librairiemorguelune.com\/\" target=\"_blank\" rel=\"noreferrer noopener\">Site web<\/a><\/div>\n<\/div>\n<\/div><\/div>\n<\/div>\n\n\n<style>.wp-block-kadence-spacer.kt-block-spacer-196_bfc3ac-60 .kt-block-spacer{height:60px;}.wp-block-kadence-spacer.kt-block-spacer-196_bfc3ac-60 .kt-divider{border-top-width:3px;height:1px;border-top-color:#eee;width:80%;border-top-style:solid;}<\/style>\n<div class=\"wp-block-kadence-spacer aligncenter kt-block-spacer-196_bfc3ac-60\"><div class=\"kt-block-spacer kt-block-spacer-halign-center\"><hr class=\"kt-divider\"\/><\/div><\/div>\n\n\n\n<h3 class=\"wp-block-heading\" style=\"padding-right:var(--wp--preset--spacing--80);padding-left:var(--wp--preset--spacing--80)\"><strong>SUD DE LYON<\/strong><\/h3>\n\n\n\n<p><\/p>\n\n\n\n<div class=\"wp-block-group is-layout-grid wp-container-core-group-is-layout-2165c098 wp-block-group-is-layout-grid\" style=\"min-height:0px;padding-top:0;padding-right:var(--wp--preset--spacing--80);padding-bottom:0;padding-left:var(--wp--preset--spacing--80);line-height:0\">\n<div class=\"wp-block-group wp-container-content-cf841b22\" style=\"min-height:200px;padding-right:0;padding-left:0;line-height:1.5\"><div class=\"wp-block-group__inner-container is-layout-constrained wp-container-core-group-is-layout-a7c31ef8 wp-block-group-is-layout-constrained\">\n<p class=\"has-medium-font-size\"><strong>BD Oullins<\/strong><\/p>\n\n\n\n<div class=\"wp-block-group wp-container-content-d64d2fc5\" style=\"line-height:0\"><div class=\"wp-block-group__inner-container is-layout-constrained wp-block-group-is-layout-constrained\">\n<p style=\"line-height:1.8\">Une librairie BD en plein centre d&rsquo;Oullins avec un joli rayon jeunesse. <br>Allez voir Beno\u00eet et V\u00e9ronique de notre part. Vous serez tr\u00e8s bien re\u00e7us.<\/p>\n<\/div><\/div>\n\n\n\n<p><a href=\"https:\/\/share.google\/IAzOTUzM0PSfXm0s3\" target=\"_blank\" rel=\"noreferrer noopener\">3 passage de la Ville, 69600 Oullins<\/a><\/p>\n\n\n\n<div class=\"wp-block-buttons is-layout-flex wp-block-buttons-is-layout-flex\">\n<div class=\"wp-block-button\"><a class=\"wp-block-button__link wp-element-button\" href=\"http:\/\/facebook.com\/profile.php?id=100081033263837\" target=\"_blank\" rel=\"noreferrer noopener\">Site web<\/a><\/div>\n<\/div>\n<\/div><\/div>\n\n\n\n<div class=\"wp-block-group wp-container-content-cf841b22\" style=\"min-height:200px;padding-right:0;padding-left:0;line-height:1.5\"><div class=\"wp-block-group__inner-container is-layout-constrained wp-container-core-group-is-layout-a7c31ef8 wp-block-group-is-layout-constrained\">\n<p class=\"has-medium-font-size\"><strong>Spirale<\/strong><\/p>\n\n\n\n<div class=\"wp-block-group wp-container-content-d64d2fc5\" style=\"line-height:0\"><div class=\"wp-block-group__inner-container is-layout-constrained wp-block-group-is-layout-constrained\">\n<p style=\"line-height:1.8\">La librairie historique de la ville. Demandez C\u00e9cile ou Florence<\/p>\n<\/div><\/div>\n\n\n\n<p><a href=\"https:\/\/share.google\/4IiqYhDg8ar9tLD0F\" target=\"_blank\" rel=\"noreferrer noopener\">162 grande rue, 69600 Oullins<\/a><\/p>\n\n\n\n<div class=\"wp-block-buttons is-layout-flex wp-block-buttons-is-layout-flex\">\n<div class=\"wp-block-button\"><a class=\"wp-block-button__link wp-element-button\" href=\"http:\/\/librairiespirale.com\" target=\"_blank\" rel=\"noreferrer noopener\">Site web<\/a><\/div>\n<\/div>\n<\/div><\/div>\n<\/div>\n\n\n\n<div class=\"wp-block-group is-layout-grid wp-container-core-group-is-layout-2165c098 wp-block-group-is-layout-grid\" style=\"min-height:0px;padding-top:0;padding-right:var(--wp--preset--spacing--80);padding-bottom:0;padding-left:var(--wp--preset--spacing--80);line-height:0\">\n<div class=\"wp-block-group wp-container-content-cf841b22\" style=\"min-height:200px;padding-right:0;padding-left:0;line-height:1.5\"><div class=\"wp-block-group__inner-container is-layout-constrained wp-container-core-group-is-layout-a7c31ef8 wp-block-group-is-layout-constrained\">\n<p class=\"has-medium-font-size\"><strong>Au temps suspendu<\/strong><\/p>\n\n\n\n<div class=\"wp-block-group wp-container-content-d64d2fc5\" style=\"line-height:0\"><div class=\"wp-block-group__inner-container is-layout-constrained wp-block-group-is-layout-constrained\">\n<p style=\"line-height:1.8\">La toute nouvelle librairie de Saint-Genis est une p\u00e9pite&nbsp;!<\/p>\n<\/div><\/div>\n\n\n\n<p><a href=\"https:\/\/share.google\/2jqGQDSFml9HZ1qUS\" target=\"_blank\" rel=\"noreferrer noopener\">2 Mont\u00e9e de l\u2019\u00e9glise, 69230 Saint-Genis-Laval<\/a><\/p>\n\n\n\n<div class=\"wp-block-buttons is-layout-flex wp-block-buttons-is-layout-flex\">\n<div class=\"wp-block-button\"><a class=\"wp-block-button__link wp-element-button\" href=\"https:\/\/www.google.com\/search?q=Au+temps+suspendu+librairie&amp;client=firefox-b-d&amp;sca_esv=c27431b204ff2544&amp;sxsrf=AE3TifOnigvGcEdvetC9SM7JEnyewFICzQ%3A1763811777102&amp;ei=waEhabH6Bd6fkdUPip-FqAQ&amp;ved=0ahUKEwjx3rLz1oWRAxXeT6QEHYpPAUUQ4dUDCBE&amp;oq=Au+temps+suspendu+librairie&amp;gs_lp=Egxnd3Mtd2l6LXNlcnAiG0F1IHRlbXBzIHN1c3BlbmR1IGxpYnJhaXJpZTIFEAAYgAQyBRAAGIAEMggQABiABBiiBDIFEAAY7wUyBRAAGO8FMggQABiABBiiBDIIEAAYgAQYogRI5AZQAFgAcAB4AZABAJgBaqABaqoBAzAuMbgBDMgBAPgBAvgBAZgCAaACbZgDAJIHAzAuMaAHsQSyBwMwLjG4B23CBwMwLjHIBwE&amp;sclient=gws-wiz-serp\" target=\"_blank\" rel=\"noreferrer noopener\">Site web<\/a><\/div>\n<\/div>\n<\/div><\/div>\n\n\n\n<div class=\"wp-block-group wp-container-content-cf841b22\" style=\"min-height:200px;padding-right:0;padding-left:0;line-height:1.5\"><div class=\"wp-block-group__inner-container is-layout-constrained wp-container-core-group-is-layout-a7c31ef8 wp-block-group-is-layout-constrained\">\n<p class=\"has-medium-font-size\"><strong>La bonne \u00e9toile<\/strong><\/p>\n\n\n\n<div class=\"wp-block-group wp-container-content-d64d2fc5\" style=\"line-height:0\"><div class=\"wp-block-group__inner-container is-layout-constrained wp-block-group-is-layout-constrained\">\n<p style=\"line-height:1.8\">Une librairie \u00e9co-responsable avec un espace jeux et un caf\u00e9&nbsp;!<\/p>\n<\/div><\/div>\n\n\n\n<p><a href=\"https:\/\/share.google\/47zxQVNRbqHocvLng\" target=\"_blank\" rel=\"noreferrer noopener\">7 Place de la Croix Jaune, 69540 Irigny<\/a><\/p>\n\n\n\n<div class=\"wp-block-buttons is-layout-flex wp-block-buttons-is-layout-flex\">\n<div class=\"wp-block-button\"><a class=\"wp-block-button__link wp-element-button\" href=\"https:\/\/asso.chez-mon-libraire.fr\/librairie\/librairie\/287.html\" target=\"_blank\" rel=\"noreferrer noopener\">Site web<\/a><\/div>\n<\/div>\n<\/div><\/div>\n<\/div>\n\n\n\n<div class=\"wp-block-group is-layout-grid wp-container-core-group-is-layout-2165c098 wp-block-group-is-layout-grid\" style=\"min-height:0px;padding-top:0;padding-right:var(--wp--preset--spacing--80);padding-bottom:0;padding-left:var(--wp--preset--spacing--80);line-height:0\">\n<div class=\"wp-block-group wp-container-content-cf841b22\" style=\"min-height:200px;padding-right:0;padding-left:0;line-height:1.5\"><div class=\"wp-block-group__inner-container is-layout-constrained wp-container-core-group-is-layout-a7c31ef8 wp-block-group-is-layout-constrained\">\n<p class=\"has-medium-font-size\"><strong>Murmure des m\u00f4mes<\/strong><\/p>\n\n\n\n<div class=\"wp-block-group wp-container-content-d64d2fc5\" style=\"line-height:0\"><div class=\"wp-block-group__inner-container is-layout-constrained wp-block-group-is-layout-constrained\">\n<p style=\"line-height:1.8\">Aux commandes, deux amies papivores qui d\u00e9vorent Les livres pour enfants\u2026 Chez les Crocos, forc\u00e9ment on aime \u00e7a<\/p>\n<\/div><\/div>\n\n\n\n<p><a href=\"https:\/\/share.google\/mnJy4pFji7vqNFdUZ\" target=\"_blank\" rel=\"noreferrer noopener\">131 rue G\u00e9n\u00e9ral de Gaulle 69530 Brignais<\/a><\/p>\n\n\n\n<div class=\"wp-block-buttons is-layout-flex wp-block-buttons-is-layout-flex\">\n<div class=\"wp-block-button\"><a class=\"wp-block-button__link wp-element-button\" href=\"https:\/\/www.murmuredesmots.fr\/\" target=\"_blank\" rel=\"noreferrer noopener\">Site web<\/a><\/div>\n<\/div>\n<\/div><\/div>\n\n\n\n<div class=\"wp-block-group wp-container-content-cf841b22\" style=\"min-height:200px;padding-right:0;padding-left:0;line-height:1.5\"><div class=\"wp-block-group__inner-container is-layout-constrained wp-container-core-group-is-layout-a7c31ef8 wp-block-group-is-layout-constrained\">\n<p class=\"has-medium-font-size\"><strong>Un tout p&rsquo;tit monde<\/strong><\/p>\n\n\n\n<div class=\"wp-block-group wp-container-content-d64d2fc5\" style=\"line-height:0\"><div class=\"wp-block-group__inner-container is-layout-constrained wp-block-group-is-layout-constrained\">\n<p style=\"line-height:1.8\">Enfin une librairie \u00e0 Chaponost ! Pour les conseils, demandez Alexandra.<\/p>\n<\/div><\/div>\n\n\n\n<p><a href=\"https:\/\/share.google\/uLvOAYIEPwlddVqgv\" target=\"_blank\" rel=\"noreferrer noopener\">9 place du Mar\u00e9chal Foch 69630 Chaponost<\/a><\/p>\n\n\n\n<div class=\"wp-block-buttons is-layout-flex wp-block-buttons-is-layout-flex\">\n<div class=\"wp-block-button\"><a class=\"wp-block-button__link wp-element-button\" href=\"http:\/\/facebook.com\/librairieuntoutptitmonde\" target=\"_blank\" rel=\"noreferrer noopener\">Site web<\/a><\/div>\n<\/div>\n<\/div><\/div>\n<\/div>\n\n\n\n<div class=\"wp-block-group is-layout-grid wp-container-core-group-is-layout-2165c098 wp-block-group-is-layout-grid\" style=\"min-height:0px;padding-top:0;padding-right:var(--wp--preset--spacing--80);padding-bottom:0;padding-left:var(--wp--preset--spacing--80);line-height:0\">\n<div class=\"wp-block-group wp-container-content-cf841b22\" style=\"min-height:200px;padding-right:0;padding-left:0;line-height:1.5\"><div class=\"wp-block-group__inner-container is-layout-constrained wp-container-core-group-is-layout-a7c31ef8 wp-block-group-is-layout-constrained\">\n<p class=\"has-medium-font-size\"><strong>Les Cocottes rousses<\/strong><\/p>\n\n\n\n<div class=\"wp-block-group wp-container-content-d64d2fc5\" style=\"line-height:0\"><div class=\"wp-block-group__inner-container is-layout-constrained wp-block-group-is-layout-constrained\">\n<p style=\"line-height:1.8\">Une petite librairie pleine \u00e0 craquer, qui propose en plus des jeux de soci\u00e9t\u00e9. L&rsquo;\u00e9t\u00e9, les livres sortent sur la terrasse.<\/p>\n<\/div><\/div>\n\n\n\n<p><a href=\"https:\/\/share.google\/kTzMpVgyy6Nr8uOaD\" target=\"_blank\" rel=\"noreferrer noopener\">1 place du Plomb, 69850 Saint-Martin-en-Haut<\/a><\/p>\n\n\n\n<div class=\"wp-block-buttons is-layout-flex wp-block-buttons-is-layout-flex\">\n<div class=\"wp-block-button\"><a class=\"wp-block-button__link wp-element-button\" href=\"http:\/\/librairie-lescocottes.fr\" target=\"_blank\" rel=\"noreferrer noopener\">Site web<\/a><\/div>\n<\/div>\n<\/div><\/div>\n<\/div>\n\n\n<style>.wp-block-kadence-spacer.kt-block-spacer-196_17c5d5-52 .kt-block-spacer{height:60px;}.wp-block-kadence-spacer.kt-block-spacer-196_17c5d5-52 .kt-divider{border-top-width:3px;height:1px;border-top-color:#eee;width:80%;border-top-style:solid;}<\/style>\n<div class=\"wp-block-kadence-spacer aligncenter kt-block-spacer-196_17c5d5-52\"><div class=\"kt-block-spacer kt-block-spacer-halign-center\"><hr class=\"kt-divider\"\/><\/div><\/div>\n\n\n\n<h3 class=\"wp-block-heading\" style=\"padding-right:var(--wp--preset--spacing--80);padding-left:var(--wp--preset--spacing--80)\"><strong>NORD DE LYON<\/strong><\/h3>\n\n\n\n<p><\/p>\n\n\n\n<div class=\"wp-block-group is-layout-grid wp-container-core-group-is-layout-2165c098 wp-block-group-is-layout-grid\" style=\"min-height:0px;padding-top:0;padding-right:var(--wp--preset--spacing--80);padding-bottom:0;padding-left:var(--wp--preset--spacing--80);line-height:0\">\n<div class=\"wp-block-group wp-container-content-cf841b22\" style=\"min-height:200px;padding-right:0;padding-left:0;line-height:1.5\"><div class=\"wp-block-group__inner-container is-layout-constrained wp-container-core-group-is-layout-a7c31ef8 wp-block-group-is-layout-constrained\">\n<p class=\"has-medium-font-size\"><strong>Librairie Cordelia<\/strong><\/p>\n\n\n\n<div class=\"wp-block-group wp-container-content-d64d2fc5\" style=\"line-height:0\"><div class=\"wp-block-group__inner-container is-layout-constrained wp-block-group-is-layout-constrained\">\n<p style=\"line-height:1.8\">LA librairie de Caluire. Avec une petite salle enti\u00e8re consacr\u00e9e \u00e0 la jeunesse.<\/p>\n<\/div><\/div>\n\n\n\n<p><a href=\"https:\/\/share.google\/gmFqr2G3xa4XBi3bF\" target=\"_blank\" rel=\"noreferrer noopener\">75 Rue Jean Moulin, 69300 Caluire-et-Cuire<\/a><\/p>\n\n\n\n<div class=\"wp-block-buttons is-layout-flex wp-block-buttons-is-layout-flex\">\n<div class=\"wp-block-button\"><a class=\"wp-block-button__link wp-element-button\" href=\"http:\/\/panierdelivres.com\" target=\"_blank\" rel=\"noreferrer noopener\">Site web<\/a><\/div>\n<\/div>\n<\/div><\/div>\n\n\n\n<div class=\"wp-block-group wp-container-content-cf841b22\" style=\"min-height:200px;padding-right:0;padding-left:0;line-height:1.5\"><div class=\"wp-block-group__inner-container is-layout-constrained wp-container-core-group-is-layout-a7c31ef8 wp-block-group-is-layout-constrained\">\n<p class=\"has-medium-font-size\"><strong>Les mots bleus<\/strong><\/p>\n\n\n\n<div class=\"wp-block-group wp-container-content-d64d2fc5\" style=\"line-height:0\"><div class=\"wp-block-group__inner-container is-layout-constrained wp-block-group-is-layout-constrained\">\n<p style=\"line-height:1.8\">Dans l\u2019espace jeunesse, allez voir Anne-Laure de notre part.<\/p>\n<\/div><\/div>\n\n\n\n<p><a href=\"https:\/\/share.google\/38HxdSMYihiXPBWzv\" target=\"_blank\" rel=\"noreferrer noopener\">13 Rue Pierre Bouvier, 69270 Fontaines-sur-Sa\u00f4ne<\/a><\/p>\n\n\n\n<div class=\"wp-block-buttons is-layout-flex wp-block-buttons-is-layout-flex\">\n<div class=\"wp-block-button\"><a class=\"wp-block-button__link wp-element-button\" href=\"http:\/\/librairielesmotsbleus.com\" target=\"_blank\" rel=\"noreferrer noopener\">Site web<\/a><\/div>\n<\/div>\n<\/div><\/div>\n<\/div>\n\n\n\n<div class=\"wp-block-group is-layout-grid wp-container-core-group-is-layout-2165c098 wp-block-group-is-layout-grid\" style=\"min-height:0px;padding-top:0;padding-right:var(--wp--preset--spacing--80);padding-bottom:0;padding-left:var(--wp--preset--spacing--80);line-height:0\">\n<div class=\"wp-block-group wp-container-content-cf841b22\" style=\"min-height:200px;padding-right:0;padding-left:0;line-height:1.5\"><div class=\"wp-block-group__inner-container is-layout-constrained wp-container-core-group-is-layout-a7c31ef8 wp-block-group-is-layout-constrained\">\n<p class=\"has-medium-font-size\"><strong>Tabac-presse des Monts d&rsquo;Or<\/strong><\/p>\n\n\n\n<div class=\"wp-block-group wp-container-content-d64d2fc5\" style=\"line-height:0\"><div class=\"wp-block-group__inner-container is-layout-constrained wp-block-group-is-layout-constrained\">\n<p style=\"line-height:1.8\">On trouve un \u00e9tonnant rayon de livres consacr\u00e9s au territoire dans ce commerce de proximit\u00e9.<\/p>\n<\/div><\/div>\n\n\n\n<p><a href=\"https:\/\/share.google\/ZNPUZA3wdA8J2XJh8\" target=\"_blank\" rel=\"noreferrer noopener\">7 Place de Verdun 69250 Albigny sur Saone<\/a><\/p>\n\n\n\n<div class=\"wp-block-buttons is-layout-flex wp-block-buttons-is-layout-flex\">\n<div class=\"wp-block-button\"><a class=\"wp-block-button__link wp-element-button\" href=\"https:\/\/www.google.com\/search?q=Tabac-presse+des+Monts+d%27Or&amp;client=firefox-b-d&amp;sca_esv=c27431b204ff2544&amp;sxsrf=AE3TifO5SEjvlari1bxirfpiO7oqFmlwRw%3A1763812039555&amp;ei=x6IhaaHaIe-akdUP1s_YCA&amp;ved=0ahUKEwjh2cXw14WRAxVvTaQEHdYnFgEQ4dUDCBE&amp;uact=5&amp;oq=Tabac-presse+des+Monts+d%27Or&amp;gs_lp=Egxnd3Mtd2l6LXNlcnAiG1RhYmFjLXByZXNzZSBkZXMgTW9udHMgZCdPcjIEECMYJzIGEAAYFhgeMgYQABgWGB4yBhAAGBYYHjIIEAAYFhgKGB4yBhAAGBYYHjIGEAAYFhgeMgYQABgWGB4yCBAAGBYYChgeMggQABgWGAoYHkj8BlAAWLMEcAB4AZABAJgBaKABzAGqAQMwLjK4AQPIAQD4AQGYAgKgAtoBmAMAkgcDMC4yoAfmFLIHAzAuMrgH2gHCBwMyLTLIBws&amp;sclient=gws-wiz-serp\" target=\"_blank\" rel=\"noreferrer noopener\">Site web<\/a><\/div>\n<\/div>\n<\/div><\/div>\n\n\n\n<div class=\"wp-block-group wp-container-content-cf841b22\" style=\"min-height:200px;padding-right:0;padding-left:0;line-height:1.5\"><div class=\"wp-block-group__inner-container is-layout-constrained wp-container-core-group-is-layout-a7c31ef8 wp-block-group-is-layout-constrained\">\n<p class=\"has-medium-font-size\"><strong>La Maison jaune<\/strong><\/p>\n\n\n\n<div class=\"wp-block-group wp-container-content-d64d2fc5\" style=\"line-height:0\"><div class=\"wp-block-group__inner-container is-layout-constrained wp-block-group-is-layout-constrained\">\n<p style=\"line-height:1.8\">Les deux points forts de cette librairie : la BD et la jeunesse\u2026 Avouez que \u00e7a tombe plut\u00f4t bien !<\/p>\n<\/div><\/div>\n\n\n\n<p><a href=\"https:\/\/share.google\/FNDBGB1kuVD6qBnvy\" target=\"_blank\" rel=\"noreferrer noopener\">37 rue de la R\u00e9publique, 69250 Neuville-sur-Sa\u00f4ne<\/a><\/p>\n\n\n\n<div class=\"wp-block-buttons is-layout-flex wp-block-buttons-is-layout-flex\">\n<div class=\"wp-block-button\"><a class=\"wp-block-button__link wp-element-button\" href=\"http:\/\/maisonjaune.fr\" target=\"_blank\" rel=\"noreferrer noopener\">Site web<\/a><\/div>\n<\/div>\n<\/div><\/div>\n<\/div>\n\n\n\n<div class=\"wp-block-group is-layout-grid wp-container-core-group-is-layout-2165c098 wp-block-group-is-layout-grid\" style=\"min-height:0px;padding-top:0;padding-right:var(--wp--preset--spacing--80);padding-bottom:0;padding-left:var(--wp--preset--spacing--80);line-height:0\">\n<div class=\"wp-block-group wp-container-content-cf841b22\" style=\"min-height:200px;padding-right:0;padding-left:0;line-height:1.5\"><div class=\"wp-block-group__inner-container is-layout-constrained wp-container-core-group-is-layout-a7c31ef8 wp-block-group-is-layout-constrained\">\n<p class=\"has-medium-font-size\"><strong>Motamo<\/strong><\/p>\n\n\n\n<div class=\"wp-block-group wp-container-content-d64d2fc5\" style=\"line-height:0\"><div class=\"wp-block-group__inner-container is-layout-constrained wp-block-group-is-layout-constrained\">\n<p style=\"line-height:1.8\">Une librairie o\u00f9 l&rsquo;on peut aussi boire un caf\u00e9, un verre de vin et manger un morceau. Passez-vous le mot.<\/p>\n<\/div><\/div>\n\n\n\n<p><a href=\"https:\/\/share.google\/cPph4SVKfl3vakXhS\" target=\"_blank\" rel=\"noreferrer noopener\">613 route de Lyon, 69480 Anse<\/a><\/p>\n\n\n\n<div class=\"wp-block-buttons is-layout-flex wp-block-buttons-is-layout-flex\">\n<div class=\"wp-block-button\"><a class=\"wp-block-button__link wp-element-button\" href=\"http:\/\/librairie-motamo.fr\" target=\"_blank\" rel=\"noreferrer noopener\">Site web<\/a><\/div>\n<\/div>\n<\/div><\/div>\n<\/div>\n\n\n<style>.wp-block-kadence-spacer.kt-block-spacer-196_e8c1fd-32 .kt-block-spacer{height:60px;}.wp-block-kadence-spacer.kt-block-spacer-196_e8c1fd-32 .kt-divider{border-top-width:3px;height:1px;border-top-color:#eee;width:80%;border-top-style:solid;}<\/style>\n<div class=\"wp-block-kadence-spacer aligncenter kt-block-spacer-196_e8c1fd-32\"><div class=\"kt-block-spacer kt-block-spacer-halign-center\"><hr class=\"kt-divider\"\/><\/div><\/div>\n\n\n\n<h3 class=\"wp-block-heading\" style=\"padding-right:var(--wp--preset--spacing--80);padding-left:var(--wp--preset--spacing--80)\"><strong>BEAUJOLAIS<\/strong><\/h3>\n\n\n\n<p><\/p>\n\n\n\n<div class=\"wp-block-group is-layout-grid wp-container-core-group-is-layout-2165c098 wp-block-group-is-layout-grid\" style=\"min-height:0px;padding-top:0;padding-right:var(--wp--preset--spacing--80);padding-bottom:0;padding-left:var(--wp--preset--spacing--80);line-height:0\">\n<div class=\"wp-block-group wp-container-content-cf841b22\" style=\"min-height:200px;padding-right:0;padding-left:0;line-height:1.5\"><div class=\"wp-block-group__inner-container is-layout-constrained wp-container-core-group-is-layout-a7c31ef8 wp-block-group-is-layout-constrained\">\n<p class=\"has-medium-font-size\"><strong>Librairie des Marais<\/strong><\/p>\n\n\n\n<div class=\"wp-block-group wp-container-content-d64d2fc5\" style=\"line-height:0\"><div class=\"wp-block-group__inner-container is-layout-constrained wp-block-group-is-layout-constrained\">\n<p style=\"line-height:1.8\">Un vrai commerce de proximit\u00e9 avec des choix \u00e9thiques, des coups de c\u0153ur et des partis pris.<\/p>\n<\/div><\/div>\n\n\n\n<p><a href=\"https:\/\/share.google\/lOMiNtnZfQZaIp7b0\" target=\"_blank\" rel=\"noreferrer noopener\">132 Rue de la R\u00e9publique, 69400 Villefranche-sur-Sa\u00f4ne<\/a><\/p>\n\n\n\n<div class=\"wp-block-buttons is-layout-flex wp-block-buttons-is-layout-flex\">\n<div class=\"wp-block-button\"><a class=\"wp-block-button__link wp-element-button\" href=\"http:\/\/librairiedesmarais.com\" target=\"_blank\" rel=\"noreferrer noopener\">Site web<\/a><\/div>\n<\/div>\n<\/div><\/div>\n\n\n\n<div class=\"wp-block-group wp-container-content-cf841b22\" style=\"min-height:200px;padding-right:0;padding-left:0;line-height:1.5\"><div class=\"wp-block-group__inner-container is-layout-constrained wp-container-core-group-is-layout-a7c31ef8 wp-block-group-is-layout-constrained\">\n<p class=\"has-medium-font-size\"><strong>Librairie Develay<\/strong><\/p>\n\n\n\n<div class=\"wp-block-group wp-container-content-d64d2fc5\" style=\"line-height:0\"><div class=\"wp-block-group__inner-container is-layout-constrained wp-block-group-is-layout-constrained\">\n<p style=\"line-height:1.8\">Des livres, de la papeterie, des jeux, des jouets\u2026 Un vaste lieu pour se faire plaisir.<\/p>\n<\/div><\/div>\n\n\n\n<p><a href=\"https:\/\/share.google\/5iUUXo84XmncGvZIk\" target=\"_blank\" rel=\"noreferrer noopener\">1012 Rue nationale, 69400 Villefranche-sur-Sa\u00f4ne<\/a><\/p>\n\n\n\n<div class=\"wp-block-buttons is-layout-flex wp-block-buttons-is-layout-flex\">\n<div class=\"wp-block-button\"><a class=\"wp-block-button__link wp-element-button\" href=\"http:\/\/ebook-develay.net\" target=\"_blank\" rel=\"noreferrer noopener\">Site web<\/a><\/div>\n<\/div>\n<\/div><\/div>\n<\/div>\n\n\n\n<div class=\"wp-block-group is-layout-grid wp-container-core-group-is-layout-2165c098 wp-block-group-is-layout-grid\" style=\"min-height:0px;padding-top:0;padding-right:var(--wp--preset--spacing--80);padding-bottom:0;padding-left:var(--wp--preset--spacing--80);line-height:0\">\n<div class=\"wp-block-group wp-container-content-cf841b22\" style=\"min-height:200px;padding-right:0;padding-left:0;line-height:1.5\"><div class=\"wp-block-group__inner-container is-layout-constrained wp-container-core-group-is-layout-a7c31ef8 wp-block-group-is-layout-constrained\">\n<p class=\"has-medium-font-size\"><strong>La Boussole Val d\u2019Oingt<\/strong><\/p>\n\n\n\n<div class=\"wp-block-group wp-container-content-d64d2fc5\" style=\"line-height:0\"><div class=\"wp-block-group__inner-container is-layout-constrained wp-block-group-is-layout-constrained\">\n<p style=\"line-height:1.8\">Cassiop\u00e9e n\u2019est plus. Bienvenue \u00e0 la nouvelle librairie du Bois d\u2019Oingt&nbsp;!<\/p>\n<\/div><\/div>\n\n\n\n<p><a href=\"https:\/\/share.google\/HuQTDCLf0nciFflBk\" target=\"_blank\" rel=\"noreferrer noopener\">1 rue docteur Burdet 69620 Le Bois d\u2019Oingt<\/a><\/p>\n\n\n\n<div class=\"wp-block-buttons is-layout-flex wp-block-buttons-is-layout-flex\">\n<div class=\"wp-block-button\"><a class=\"wp-block-button__link wp-element-button\" href=\"http:\/\/facebook.com\/laboussolevaldoingt\" target=\"_blank\" rel=\"noreferrer noopener\">Site web<\/a><\/div>\n<\/div>\n<\/div><\/div>\n\n\n\n<div class=\"wp-block-group wp-container-content-cf841b22\" style=\"min-height:200px;padding-right:0;padding-left:0;line-height:1.5\"><div class=\"wp-block-group__inner-container is-layout-constrained wp-container-core-group-is-layout-a7c31ef8 wp-block-group-is-layout-constrained\">\n<p class=\"has-medium-font-size\"><strong>La Libellule<\/strong><\/p>\n\n\n\n<div class=\"wp-block-group wp-container-content-d64d2fc5\" style=\"line-height:0\"><div class=\"wp-block-group__inner-container is-layout-constrained wp-block-group-is-layout-constrained\">\n<p style=\"line-height:1.8\">Une nouvelle librairie dans laquelle Aude cultive la douceur de vivre.<\/p>\n<\/div><\/div>\n\n\n\n<p><a href=\"https:\/\/share.google\/0GvPsNnT2DmIvDvGP\" target=\"_blank\" rel=\"noreferrer noopener\">52 rue de la R\u00e9publique 69220 Belleville-en-Beaujolais<\/a><\/p>\n\n\n\n<div class=\"wp-block-buttons is-layout-flex wp-block-buttons-is-layout-flex\">\n<div class=\"wp-block-button\"><a class=\"wp-block-button__link wp-element-button\" href=\"https:\/\/librairielalibellule.fr\/\" target=\"_blank\" rel=\"noreferrer noopener\">Site web<\/a><\/div>\n<\/div>\n<\/div><\/div>\n<\/div>\n\n\n<style>.wp-block-kadence-spacer.kt-block-spacer-196_f089cd-a2 .kt-block-spacer{height:60px;}.wp-block-kadence-spacer.kt-block-spacer-196_f089cd-a2 .kt-divider{border-top-width:3px;height:1px;border-top-color:#eee;width:80%;border-top-style:solid;}<\/style>\n<div class=\"wp-block-kadence-spacer aligncenter kt-block-spacer-196_f089cd-a2\"><div class=\"kt-block-spacer kt-block-spacer-halign-center\"><hr class=\"kt-divider\"\/><\/div><\/div>\n\n\n\n<h3 class=\"wp-block-heading\" style=\"padding-right:var(--wp--preset--spacing--80);padding-left:var(--wp--preset--spacing--80)\"><strong>AIN<\/strong><\/h3>\n\n\n\n<p><\/p>\n\n\n\n<div class=\"wp-block-group is-layout-grid wp-container-core-group-is-layout-2165c098 wp-block-group-is-layout-grid\" style=\"min-height:0px;padding-top:0;padding-right:var(--wp--preset--spacing--80);padding-bottom:0;padding-left:var(--wp--preset--spacing--80);line-height:0\">\n<div class=\"wp-block-group wp-container-content-cf841b22\" style=\"min-height:200px;padding-right:0;padding-left:0;line-height:1.5\"><div class=\"wp-block-group__inner-container is-layout-constrained wp-container-core-group-is-layout-a7c31ef8 wp-block-group-is-layout-constrained\">\n<p class=\"has-medium-font-size\"><strong>Le Petit boudoir<\/strong><\/p>\n\n\n\n<div class=\"wp-block-group wp-container-content-d64d2fc5\" style=\"line-height:0\"><div class=\"wp-block-group__inner-container is-layout-constrained wp-block-group-is-layout-constrained\">\n<p style=\"line-height:1.8\">Des id\u00e9es cadeaux, des bijoux locaux, de jolis carnets, des trousses color\u00e9es\u2026 <br>Le tout 100 % made in France. Nos livres n&rsquo;ont pas atterri l\u00e0 par hasard.<\/p>\n<\/div><\/div>\n\n\n\n<p><a href=\"https:\/\/share.google\/rSI7YdMwiosb9ej92\" target=\"_blank\" rel=\"noreferrer noopener\">1009 Grande Rue, 01700 Miribel<\/a><\/p>\n\n\n\n<div class=\"wp-block-buttons is-layout-flex wp-block-buttons-is-layout-flex\">\n<div class=\"wp-block-button\"><a class=\"wp-block-button__link wp-element-button\" href=\"http:\/\/facebook.com\/LePetitBoudoir.Miribel\" target=\"_blank\" rel=\"noreferrer noopener\">Site web<\/a><\/div>\n<\/div>\n<\/div><\/div>\n\n\n\n<div class=\"wp-block-group wp-container-content-cf841b22\" style=\"min-height:200px;padding-right:0;padding-left:0;line-height:1.5\"><div class=\"wp-block-group__inner-container is-layout-constrained wp-container-core-group-is-layout-a7c31ef8 wp-block-group-is-layout-constrained\">\n<p class=\"has-medium-font-size\"><strong>La Folle Aventure<\/strong><\/p>\n\n\n\n<div class=\"wp-block-group wp-container-content-d64d2fc5\" style=\"line-height:0\"><div class=\"wp-block-group__inner-container is-layout-constrained wp-block-group-is-layout-constrained\">\n<p style=\"line-height:1.8\">Une librairie g\u00e9niale, fond\u00e9e par un collectif d&rsquo;habitants. Aux manettes : Audrey.<\/p>\n<\/div><\/div>\n\n\n\n<p><a href=\"https:\/\/share.google\/JknSee8Mf4l0TkFXe\" target=\"_blank\" rel=\"noreferrer noopener\">3 Grande rue, 01600 Tr\u00e9voux<\/a><\/p>\n\n\n\n<div class=\"wp-block-buttons is-layout-flex wp-block-buttons-is-layout-flex\">\n<div class=\"wp-block-button\"><a class=\"wp-block-button__link wp-element-button\" href=\"http:\/\/librairie-la-folle-aventure.fr\" target=\"_blank\" rel=\"noreferrer noopener\">Site web<\/a><\/div>\n<\/div>\n<\/div><\/div>\n<\/div>\n\n\n\n<div class=\"wp-block-group is-layout-grid wp-container-core-group-is-layout-2165c098 wp-block-group-is-layout-grid\" style=\"min-height:0px;padding-top:0;padding-right:var(--wp--preset--spacing--80);padding-bottom:0;padding-left:var(--wp--preset--spacing--80);line-height:0\">\n<div class=\"wp-block-group wp-container-content-cf841b22\" style=\"min-height:200px;padding-right:0;padding-left:0;line-height:1.5\"><div class=\"wp-block-group__inner-container is-layout-constrained wp-container-core-group-is-layout-a7c31ef8 wp-block-group-is-layout-constrained\">\n<p class=\"has-medium-font-size\"><strong>D en Bulle<\/strong><\/p>\n\n\n\n<div class=\"wp-block-group wp-container-content-d64d2fc5\" style=\"line-height:0\"><div class=\"wp-block-group__inner-container is-layout-constrained wp-block-group-is-layout-constrained\">\n<p style=\"line-height:1.8\">Une librairie 100 % BD qui laisse une belle place \u00e0 la jeunesse.<\/p>\n<\/div><\/div>\n\n\n\n<p><a href=\"https:\/\/share.google\/vXR2It1XKStifdaUJ\" target=\"_blank\" rel=\"noreferrer noopener\">24 place des Halles 01400 Ch\u00e2tillon-sur-Chalaronne<\/a><\/p>\n\n\n\n<div class=\"wp-block-buttons is-layout-flex wp-block-buttons-is-layout-flex\">\n<div class=\"wp-block-button\"><a class=\"wp-block-button__link wp-element-button\" href=\"http:\/\/facebook.com\/Librairie.D.en.bulle\" target=\"_blank\" rel=\"noreferrer noopener\">Site web<\/a><\/div>\n<\/div>\n<\/div><\/div>\n\n\n\n<div class=\"wp-block-group wp-container-content-cf841b22\" style=\"min-height:200px;padding-right:0;padding-left:0;line-height:1.5\"><div class=\"wp-block-group__inner-container is-layout-constrained wp-container-core-group-is-layout-a7c31ef8 wp-block-group-is-layout-constrained\">\n<p class=\"has-medium-font-size\"><strong>Librairie C\u00e9lestine<\/strong><\/p>\n\n\n\n<div class=\"wp-block-group wp-container-content-d64d2fc5\" style=\"line-height:0\"><div class=\"wp-block-group__inner-container is-layout-constrained wp-block-group-is-layout-constrained\">\n<p style=\"line-height:1.8\">Eva a pris la place d&rsquo;un constructeur immobilier\u2026 Les habitants sont gagnants ! Nous aussi.<\/p>\n<\/div><\/div>\n\n\n\n<p><a href=\"https:\/\/share.google\/0uWaDsYViiwtSYhnH\" target=\"_blank\" rel=\"noreferrer noopener\">9 rue Pierre Bernin 01800 Meximieux<\/a><\/p>\n\n\n\n<div class=\"wp-block-buttons is-layout-flex wp-block-buttons-is-layout-flex\">\n<div class=\"wp-block-button\"><a class=\"wp-block-button__link wp-element-button\" href=\"http:\/\/facebook.com\/librairiecelestine\" target=\"_blank\" rel=\"noreferrer noopener\">Site web<\/a><\/div>\n<\/div>\n<\/div><\/div>\n<\/div>\n\n\n<style>.wp-block-kadence-spacer.kt-block-spacer-196_5921f6-1a .kt-block-spacer{height:60px;}.wp-block-kadence-spacer.kt-block-spacer-196_5921f6-1a .kt-divider{border-top-width:3px;height:1px;border-top-color:#eee;width:80%;border-top-style:solid;}<\/style>\n<div class=\"wp-block-kadence-spacer aligncenter kt-block-spacer-196_5921f6-1a\"><div class=\"kt-block-spacer kt-block-spacer-halign-center\"><hr class=\"kt-divider\"\/><\/div><\/div>\n\n\n\n<h3 class=\"wp-block-heading\" style=\"padding-right:var(--wp--preset--spacing--80);padding-left:var(--wp--preset--spacing--80)\"><strong>AILLEURS EN FRANCE<\/strong><\/h3>\n\n\n\n<p><\/p>\n\n\n\n<div class=\"wp-block-group is-layout-grid wp-container-core-group-is-layout-2165c098 wp-block-group-is-layout-grid\" style=\"min-height:0px;padding-top:0;padding-right:var(--wp--preset--spacing--80);padding-bottom:0;padding-left:var(--wp--preset--spacing--80);line-height:0\">\n<div class=\"wp-block-group wp-container-content-cf841b22\" style=\"min-height:200px;padding-right:0;padding-left:0;line-height:1.5\"><div class=\"wp-block-group__inner-container is-layout-constrained wp-container-core-group-is-layout-a7c31ef8 wp-block-group-is-layout-constrained\">\n<p class=\"has-medium-font-size\"><strong>CRO\u00c2funding<\/strong><\/p>\n\n\n\n<div class=\"wp-block-group wp-container-content-d64d2fc5\" style=\"line-height:0\"><div class=\"wp-block-group__inner-container is-layout-constrained wp-block-group-is-layout-constrained\">\n<p style=\"line-height:1.8\">Un nom \u00e9tonnant pour une librairie qui l\u2019est tout autant. Ici, Xavier soutient \u00e0 fond l\u2019auto\u00e9dition (de qualit\u00e9).<\/p>\n<\/div><\/div>\n\n\n\n<p><a href=\"https:\/\/share.google\/RbBxowkAgyjrtANxu\" target=\"_blank\" rel=\"noreferrer noopener\">90 rue Pierre Mauroy, 59000 Lille<\/a><\/p>\n\n\n\n<div class=\"wp-block-buttons is-layout-flex wp-block-buttons-is-layout-flex\">\n<div class=\"wp-block-button\"><a class=\"wp-block-button__link wp-element-button\" href=\"https:\/\/croafunding.fr\/\" target=\"_blank\" rel=\"noreferrer noopener\">Site web<\/a><\/div>\n<\/div>\n<\/div><\/div>\n<\/div>\n","protected":false},"excerpt":{"rendered":"<p>O\u00d9 TROUVER NOS LIVRES \u00c0 Lyon et ailleurs&#8230; LYON ( PAR ARRONDISSEMENTS) \u00c0 Titre d&rsquo;Aile La librairie jeunesse des Pentes de la Croix-Rousse. C\u00e9line nous soutient depuis le d\u00e9but. 23 rue des Tables Claudiennes, 69001 Lyon Le livre en pente Une petite librairie, sympa et d\u00e9contract\u00e9e, en haut des pentes de la Croix-Rousse. Tutoiement de&#8230;<\/p>\n","protected":false},"author":1,"featured_media":0,"parent":0,"menu_order":0,"comment_status":"closed","ping_status":"closed","template":"","meta":{"_kadence_starter_templates_imported_post":false,"_kad_post_transparent":"","_kad_post_title":"","_kad_post_layout":"","_kad_post_sidebar_id":"","_kad_post_content_style":"","_kad_post_vertical_padding":"","_kad_post_feature":"","_kad_post_feature_position":"","_kad_post_header":false,"_kad_post_footer":false,"_kad_post_classname":"","footnotes":""},"class_list":["post-196","page","type-page","status-publish","hentry"],"_links":{"self":[{"href":"https:\/\/editionslescrocos.com\/index.php?rest_route=\/wp\/v2\/pages\/196","targetHints":{"allow":["GET"]}}],"collection":[{"href":"https:\/\/editionslescrocos.com\/index.php?rest_route=\/wp\/v2\/pages"}],"about":[{"href":"https:\/\/editionslescrocos.com\/index.php?rest_route=\/wp\/v2\/types\/page"}],"author":[{"embeddable":true,"href":"https:\/\/editionslescrocos.com\/index.php?rest_route=\/wp\/v2\/users\/1"}],"replies":[{"embeddable":true,"href":"https:\/\/editionslescrocos.com\/index.php?rest_route=%2Fwp%2Fv2%2Fcomments&post=196"}],"version-history":[{"count":109,"href":"https:\/\/editionslescrocos.com\/index.php?rest_route=\/wp\/v2\/pages\/196\/revisions"}],"predecessor-version":[{"id":1079,"href":"https:\/\/editionslescrocos.com\/index.php?rest_route=\/wp\/v2\/pages\/196\/revisions\/1079"}],"wp:attachment":[{"href":"https:\/\/editionslescrocos.com\/index.php?rest_route=%2Fwp%2Fv2%2Fmedia&parent=196"}],"curies":[{"name":"wp","href":"https:\/\/api.w.org\/{rel}","templated":true}]}}